{"id":5887,"date":"2022-09-07T07:38:40","date_gmt":"2022-09-07T07:38:40","guid":{"rendered":"https:\/\/bremen.deutscher-schifffahrtstag.de\/?page_id=5887"},"modified":"2022-09-24T10:04:50","modified_gmt":"2022-09-24T10:04:50","slug":"weser-cycle-tour","status":"publish","type":"page","link":"https:\/\/bremen.deutscher-schifffahrtstag.de\/index.php\/weser-cycle-tour\/","title":{"rendered":"Weser-Cycle-Tour: Bremen-Brake-Bremerhaven"},"content":{"rendered":"\t\t<div data-elementor-type=\"wp-page\" data-elementor-id=\"5887\" class=\"elementor elementor-5887\" data-elementor-post-type=\"page\">\n\t\t\t\t\t\t<section class=\"elementor-section elementor-top-section elementor-element elementor-element-9268d2d elementor-section-boxed elementor-section-height-default elementor-section-height-default\" data-id=\"9268d2d\" data-element_type=\"section\">\n\t\t\t\t\t\t<div class=\"elementor-container elementor-column-gap-default\">\n\t\t\t\t\t<div class=\"elementor-column elementor-col-100 elementor-top-column elementor-element elementor-element-6792a96\" data-id=\"6792a96\" data-element_type=\"column\">\n\t\t\t<div class=\"elementor-widget-wrap elementor-element-populated\">\n\t\t\t\t\t\t<div class=\"elementor-element elementor-element-01d4e44 elementor-widget elementor-widget-text-editor\" data-id=\"01d4e44\" data-element_type=\"widget\" data-widget_type=\"text-editor.default\">\n\t\t\t\t<div class=\"elementor-widget-container\">\n\t\t\t<style>\/*! elementor - v3.19.0 - 07-02-2024 *\/\n.elementor-widget-text-editor.elementor-drop-cap-view-stacked .elementor-drop-cap{background-color:#69727d;color:#fff}.elementor-widget-text-editor.elementor-drop-cap-view-framed .elementor-drop-cap{color:#69727d;border:3px solid;background-color:transparent}.elementor-widget-text-editor:not(.elementor-drop-cap-view-default) .elementor-drop-cap{margin-top:8px}.elementor-widget-text-editor:not(.elementor-drop-cap-view-default) .elementor-drop-cap-letter{width:1em;height:1em}.elementor-widget-text-editor .elementor-drop-cap{float:left;text-align:center;line-height:1;font-size:50px}.elementor-widget-text-editor .elementor-drop-cap-letter{display:inline-block}<\/style>\t\t\t\t<p><strong>Weser-Cycle-Tour\u00a0<\/strong><\/p><p><strong>Bremen \u2013 Brake \u2013 Bremerhaven &#8211;\u00a0\u00a0<\/strong><strong style=\"font-size: 1rem;\">Die Radtour im Rahmen der Schiffs- und Bootsparade a<\/strong><strong style=\"font-size: 1rem;\">m 30. September 2022<\/strong><\/p><p>Liebe Radfahrer*innen,<\/p><p>ein H\u00f6hepunkt des Deutschen Schifffahrtstages 2022 ist die <a href=\"https:\/\/bremen.deutscher-schifffahrtstag.de\/index.php\/30-september-schiffs-und-bootsparade-auf-der-weser\/\">gro\u00dfe Schiffs- und Bootsparade auf der Weser. Am 30. September starten Traditionsschiffe, Sportboote, Beh\u00f6rden- und Arbeitsfahrzeuge von Bremen nach Bremerhaven<\/a>. Verpassen Sie nicht die einmalige Gelegenheit, die gro\u00dfe Schiffs- und Bootsparade mit dem Rad immer nah am Fluss entlang zu begleiten. Seien Sie kostenlos dabei und radeln Sie mit uns ganz gem\u00fctlich von Bremen bis nach Bremerhaven.<\/p><p><strong>Highlights an der Strecke:<\/strong><\/p><ul><li>Begr\u00fc\u00dfung und Aufstellung der Radfahrer*innen an der Schlachte (ab 07.45 Uhr)\u00a0<\/li><li><a href=\"https:\/\/www.nordseejadeweser.de\/urlaubsorte\/lemwerder\/weser-side-gallery\">WeserSide Gallery<\/a> mit perfektem Blick auf die Bootsparade<\/li><li>\u00dcberquerung des Elsflether Sands und des <a href=\"https:\/\/www.nlwkn.niedersachsen.de\/startseite\/hochwasser_kustenschutz\/landeseigene_anlagen\/sperrwerke\/hunte_sperrwerk\/das-hunte-sperrwerk-42474.html\">Hunte-Sperrwerks<\/a><\/li><li>Zwischenstopp in<a href=\"https:\/\/brake.de\/\"> Brake <\/a>beim \u201eMaritimen Fr\u00fchshoppen\u201c<\/li><li><a href=\"https:\/\/www.weser-faehre.de\/\">Gemeinsame Querung der Weser<\/a><\/li><li>Festlicher Empfang im Ziel im \u201e<a href=\"https:\/\/www.bremerhaven.de\/de\/tourismus\/schiffe-haefen\/neuer-hafen.36244.html\">Neuen Hafen Bremerhaven<\/a>\u201c (ca. 15 Uhr)<\/li><\/ul><p><strong>\u00a0<\/strong><\/p><p><strong>Informationen zur Radtour:<\/strong><\/p><ul><li>Kostenlose Teilnahme (eventuell fallen die normalen Geb\u00fchren der Weserf\u00e4hre an)<\/li><li>Alle fahrtauglichen Fahrr\u00e4der (auch E-Bikes) sind zugelassen<\/li><li>Helmpflicht<\/li><li>Ausgearbeitete Radstrecke<\/li><li>Moderation<\/li><li>Zahlreiche eingewiesene Touren-Guides<\/li><li>F\u00fchrungs- und Schlussfahrzeug (Besenwagen)<\/li><li>Reparatur-\/Pannenservice<\/li><li>Distanz: ca. 80 km (in Brake, nach etwas mehr als der H\u00e4lfte der Strecke, besteht die M\u00f6glichkeit f\u00fcr Teilnehmer*innen dazu zu sto\u00dfen)<\/li><li>Getr\u00e4nke und Verpflegung sollten mitgenommen werden. Trotzdem besteht unterwegs die M\u00f6glichkeit Verpflegung zu erwerben.\u00a0<\/li><li>Die R\u00fcckfahrt von Bremerhaven muss bitte\u00a0 selbst organisiert werden, wobei die Z\u00fcge der Nordwestbahn und auch die Regionalbahn der DB zwei mal pro Stunde Bremerhaven mit Bremen verbinden und jeweils nat\u00fcrlich auch viele Fahrr\u00e4der mitnehmen k\u00f6nnen.\u00a0<\/li><\/ul><p>Wir freuen uns auf Ihre Teilnahme!<\/p><p>\u00a0<\/p><noscript class=\"ninja-forms-noscript-message\">\n\tNotice: JavaScript is required for this content.<\/noscript>\n<div id=\"nf-form-3-cont\" class=\"nf-form-cont\" aria-live=\"polite\" aria-labelledby=\"nf-form-title-3\" aria-describedby=\"nf-form-errors-3\" role=\"form\">\n\n    <div class=\"nf-loading-spinner\"><\/div>\n\n<\/div>\n        <!-- That data is being printed as a workaround to page builders reordering the order of the scripts loaded-->\n        <script>var formDisplay=1;var nfForms=nfForms||[];var form=[];form.id='3';form.settings={\"objectType\":\"Form Setting\",\"editActive\":true,\"title\":\"Anmeldung Weser-Cycle Tour\",\"created_at\":\"2016-08-28 16:16:05\",\"form_title\":\"Event Registration\",\"default_label_pos\":\"above\",\"show_title\":\"1\",\"clear_complete\":\"1\",\"hide_complete\":\"1\",\"logged_in\":\"0\",\"formContentData\":[\"weser-cycle-tour_1663139893603\",\"hr\",\"vorname_1663139993922\",\"nachname_1663139988677\",\"email\",\"gewuenschte_strecke_1663139979379\",\"anmerkungen_1663140898512\",\"checkbox_1663228184559\",\"registrieren_1663139966520\"],\"calculations\":[],\"sub_limit_msg\":\"\",\"sub_limit_number\":\"\",\"not_logged_in_msg\":\"\",\"add_submit\":\"0\",\"element_class\":\"\",\"wrapper_class\":\"\",\"key\":\"\",\"currency\":\"\",\"unique_field_error\":\"A form with this value has already been submitted.\",\"allow_public_link\":0,\"embed_form\":\"\",\"public_link\":\"https:\\\/\\\/bremen.deutscher-schifffahrtstag.de\\\/ninja-forms\\\/3r4io\",\"public_link_key\":\"3r4io\",\"changeEmailErrorMsg\":\"Please enter a valid email address!\",\"changeDateErrorMsg\":\"Please enter a valid date!\",\"confirmFieldErrorMsg\":\"These fields must match!\",\"fieldNumberNumMinError\":\"Number Min Error\",\"fieldNumberNumMaxError\":\"Number Max Error\",\"fieldNumberIncrementBy\":\"Please increment by \",\"formErrorsCorrectErrors\":\"Please correct errors before submitting this form.\",\"validateRequiredField\":\"This is a required field.\",\"honeypotHoneypotError\":\"Honeypot Error\",\"fieldsMarkedRequired\":\"Fields marked with an <span class=\\\"ninja-forms-req-symbol\\\">*<\\\/span> are required\",\"drawerDisabled\":false,\"ninjaForms\":\"Ninja Forms\",\"fieldTextareaRTEInsertLink\":\"Insert Link\",\"fieldTextareaRTEInsertMedia\":\"Insert Media\",\"fieldTextareaRTESelectAFile\":\"Select a file\",\"formHoneypot\":\"If you are a human seeing this field, please leave it empty.\",\"fileUploadOldCodeFileUploadInProgress\":\"File Upload in Progress.\",\"fileUploadOldCodeFileUpload\":\"FILE UPLOAD\",\"currencySymbol\":false,\"thousands_sep\":\".\",\"decimal_point\":\",\",\"siteLocale\":\"de_DE\",\"dateFormat\":\"m\\\/d\\\/Y\",\"startOfWeek\":\"1\",\"of\":\"of\",\"previousMonth\":\"Previous Month\",\"nextMonth\":\"Next Month\",\"months\":[\"January\",\"February\",\"March\",\"April\",\"May\",\"June\",\"July\",\"August\",\"September\",\"October\",\"November\",\"December\"],\"monthsShort\":[\"Jan\",\"Feb\",\"Mar\",\"Apr\",\"May\",\"Jun\",\"Jul\",\"Aug\",\"Sep\",\"Oct\",\"Nov\",\"Dec\"],\"weekdays\":[\"Sunday\",\"Monday\",\"Tuesday\",\"Wednesday\",\"Thursday\",\"Friday\",\"Saturday\"],\"weekdaysShort\":[\"Sun\",\"Mon\",\"Tue\",\"Wed\",\"Thu\",\"Fri\",\"Sat\"],\"weekdaysMin\":[\"Su\",\"Mo\",\"Tu\",\"We\",\"Th\",\"Fr\",\"Sa\"],\"recaptchaConsentMissing\":\"reCaptcha validation couldn&#039;t load.\",\"recaptchaMissingCookie\":\"reCaptcha v3 validation couldn&#039;t load the cookie needed to submit the form.\",\"recaptchaConsentEvent\":\"Accept reCaptcha cookies before sending the form.\",\"currency_symbol\":\"\",\"beforeForm\":\"\",\"beforeFields\":\"\",\"afterFields\":\"\",\"afterForm\":\"\"};form.fields=[{\"objectType\":\"Field\",\"objectDomain\":\"fields\",\"editActive\":false,\"order\":1,\"idAttribute\":\"id\",\"container_class\":\"\",\"element_class\":\"\",\"field_label\":\"Event Intro Description\",\"field_key\":\"event_intro_description\",\"default\":\"<div style=\\\"color: rgb(51, 51, 51); font-family: helvetica, arial, tahoma, verdana, sans-serif; font-size: 12px;\\\"><p class=\\\"MsoNormal\\\" style=\\\"margin: 0cm 0cm 0.0001pt; font-size: 11pt; font-family: Arial, sans-serif;\\\">Gr\\u00fcn, nachhaltig, ressourcenschonend \\u2013 so pr\\u00e4sentiert sich der Deutsche Schifffahrtstag 2022 in Bremen und Bremerhaven. Dieses Motto haben sich auch die Organisatoren der ersten Weser-Cycle-Tour, Oliver Gehrking und Bernd Rennies, zu eigen gemacht, einer Radtour, die die gro\\u00dfe Schiffs- und Bootsparade am Freitag, 30. September, auf der Weser begleiten wird.<\\\/p><\\\/div><div style=\\\"color: rgb(51, 51, 51); font-family: helvetica, arial, tahoma, verdana, sans-serif; font-size: 12px;\\\"><p class=\\\"MsoNormal\\\" style=\\\"margin: 0cm 0cm 0.0001pt; font-size: 11pt; font-family: Arial, sans-serif;\\\">&nbsp;<\\\/p><\\\/div><div style=\\\"color: rgb(51, 51, 51); font-family: helvetica, arial, tahoma, verdana, sans-serif; font-size: 12px;\\\"><p class=\\\"MsoNormal\\\" style=\\\"margin: 0cm 0cm 0.0001pt; font-size: 11pt; font-family: Arial, sans-serif;\\\">Ein H\\u00f6hepunkt des Deutschen Schifffahrtstages 2022 ist die Schiffs- und Bootsparade auf der Weser. Sie wird von der Weser-Cycle-Tour begleitet, die immer nah am Fluss von Bremen \\u00fcber Brake nach Bremerhaven f\\u00fchrt und f\\u00fcr jedermann problemlos zu bew\\u00e4ltigen ist.&nbsp;<\\\/p><\\\/div><div style=\\\"color: rgb(51, 51, 51); font-family: helvetica, arial, tahoma, verdana, sans-serif; font-size: 12px;\\\"><p class=\\\"MsoNormal\\\" style=\\\"margin: 0cm 0cm 0.0001pt; font-size: 11pt; font-family: Arial, sans-serif;\\\">&nbsp;<\\\/p><\\\/div><div style=\\\"color: rgb(51, 51, 51); font-family: helvetica, arial, tahoma, verdana, sans-serif; font-size: 12px;\\\"><p class=\\\"MsoNormal\\\" style=\\\"margin: 0cm 0cm 0.0001pt; font-size: 11pt; font-family: Arial, sans-serif;\\\">Ab 8:00 Uhr morgens startet die Radtour oberhalb der Schlachte in Bremen. Von der WeserSide Gallery in Lemwerder genie\\u00dfen die Radfahrerinnen und Radfahrer einen perfekten Blick auf die Bootsparade. Bis Brake bewegt sich die Radtour auf der linken Weserseite. Nach einem kurzen Zwischenstopp mit Blick auf die Parade, geht es ab dort mit der F\\u00e4hre in Sandstedt wieder auf die rechte Weserseite. Iven Kr\\u00e4mer, Organisator des Deutschen Schifffahrtstages, freut sich \\u00fcber die Bereicherung: \\u201eSo sind wir nicht nur auf dem Wasser, sondern auch an den Ufern der Weser pr\\u00e4sent und verbinden die Flussst\\u00e4dte Bremen und Brake mit Bremerhaven.\\u201c&nbsp;<\\\/p><\\\/div><div style=\\\"color: rgb(51, 51, 51); font-family: helvetica, arial, tahoma, verdana, sans-serif; font-size: 12px;\\\"><p class=\\\"MsoNormal\\\" style=\\\"margin: 0cm 0cm 0.0001pt; font-size: 11pt; font-family: Arial, sans-serif;\\\">&nbsp;<\\\/p><\\\/div><div style=\\\"color: rgb(51, 51, 51); font-family: helvetica, arial, tahoma, verdana, sans-serif; font-size: 12px;\\\"><p class=\\\"MsoNormal\\\" style=\\\"margin: 0cm 0cm 0.0001pt; font-size: 11pt; font-family: Arial, sans-serif;\\\">Teilnehmen k\\u00f6nnen alle Radfahrbegeisterte mit verkehrstauglichen Fahrr\\u00e4dern und E-Bikes. Es besteht eine Helmpflicht. Die Radstrecke ist von Profis ausgearbeitet und wird von Tourguides begleitet. Ein F\\u00fchrungsfahrzeug und ein Besenwagen sorgen daf\\u00fcr, dass die Gruppen zusammenbleiben. Die Distanz von 80 Kilometern ist innerhalb eines Tages (8:00 Uhr Abfahrt Bremen bis ca. 15:30 Uhr Ankunft Bremerhaven) problemlos m\\u00f6glich. In Brake besteht die M\\u00f6glichkeit, zur Gruppe dazu zu sto\\u00dfen.&nbsp;<\\\/p><\\\/div><div style=\\\"color: rgb(51, 51, 51); font-family: helvetica, arial, tahoma, verdana, sans-serif; font-size: 12px;\\\"><p class=\\\"MsoNormal\\\" style=\\\"margin: 0cm 0cm 0.0001pt; font-size: 11pt; font-family: Arial, sans-serif;\\\">&nbsp;<\\\/p><\\\/div><div style=\\\"\\\"><p class=\\\"MsoNormal\\\" style=\\\"color: rgb(51, 51, 51); font-family: Arial, sans-serif; font-size: 11pt; margin: 0cm 0cm 0.0001pt;\\\">Getr\\u00e4nke und Verpflegung sollten selbst mitgebracht werden; es besteht unterwegs aber die M\\u00f6glichkeit, Verpflegung zu kaufen. &nbsp;Die R\\u00fcckfahrt von Bremerhaven sollte selbst organisiert werden.<\\\/p><p class=\\\"MsoNormal\\\" style=\\\"color: rgb(51, 51, 51); font-family: Arial, sans-serif; font-size: 11pt; margin: 0cm 0cm 0.0001pt;\\\"><br><\\\/p><p class=\\\"MsoNormal\\\" style=\\\"color: rgb(51, 51, 51); font-family: Arial, sans-serif; font-size: 11pt; margin: 0cm 0cm 0.0001pt;\\\"><span style=\\\"color: rgb(32, 35, 34); font-family: &quot;Source Sans Pro&quot;, sans-serif; font-size: 16px;\\\">Sollten Sie Fragen haben, richten Sie diese bitter per Mail&nbsp;<\\\/span><span style=\\\"color: rgb(32, 35, 34); font-family: &quot;Source Sans Pro&quot;, sans-serif; font-size: 16px;\\\">an den Mitorganisator Oliver Gehrking:<\\\/span><\\\/p><p class=\\\"MsoNormal\\\" style=\\\"margin: 0cm 0cm 0.0001pt;\\\"><span style=\\\"color: rgb(32, 35, 34); font-family: &quot;Source Sans Pro&quot;, sans-serif;\\\">Telefon: 0421 83 94 58 11<\\\/span><br><\\\/p><p class=\\\"MsoNormal\\\" style=\\\"margin: 0cm 0cm 0.0001pt;\\\"><span style=\\\"color: rgb(32, 35, 34); font-family: &quot;Source Sans Pro&quot;, sans-serif;\\\">Mobil: 0172 42 43 124<\\\/span><br><\\\/p><p class=\\\"MsoNormal\\\" style=\\\"margin: 0cm 0cm 0.0001pt;\\\"><span style=\\\"color: rgb(32, 35, 34); font-family: &quot;Source Sans Pro&quot;, sans-serif;\\\">E-Mail: info@inverse-teams.de<\\\/span><br><\\\/p><p class=\\\"MsoNormal\\\" style=\\\"color: rgb(51, 51, 51); font-family: Arial, sans-serif; font-size: 11pt; margin: 0cm 0cm 0.0001pt;\\\"><span style=\\\"color: rgb(32, 35, 34); font-family: &quot;Source Sans Pro&quot;, sans-serif; font-size: 16px;\\\"><\\\/span><br><\\\/p><\\\/div>\",\"created_at\":\"2016-08-28 16:16:05\",\"type\":\"html\",\"key\":\"weser-cycle-tour_1663139893603\",\"label\":\"Weser-Cycle-Tour\",\"drawerDisabled\":false,\"id\":18,\"beforeField\":\"\",\"afterField\":\"\",\"value\":\"<div style=\\\"color: rgb(51, 51, 51); font-family: helvetica, arial, tahoma, verdana, sans-serif; font-size: 12px;\\\"><p class=\\\"MsoNormal\\\" style=\\\"margin: 0cm 0cm 0.0001pt; font-size: 11pt; font-family: Arial, sans-serif;\\\">Gr\\u00fcn, nachhaltig, ressourcenschonend \\u2013 so pr\\u00e4sentiert sich der Deutsche Schifffahrtstag 2022 in Bremen und Bremerhaven. Dieses Motto haben sich auch die Organisatoren der ersten Weser-Cycle-Tour, Oliver Gehrking und Bernd Rennies, zu eigen gemacht, einer Radtour, die die gro\\u00dfe Schiffs- und Bootsparade am Freitag, 30. September, auf der Weser begleiten wird.<\\\/p><\\\/div><div style=\\\"color: rgb(51, 51, 51); font-family: helvetica, arial, tahoma, verdana, sans-serif; font-size: 12px;\\\"><p class=\\\"MsoNormal\\\" style=\\\"margin: 0cm 0cm 0.0001pt; font-size: 11pt; font-family: Arial, sans-serif;\\\">&nbsp;<\\\/p><\\\/div><div style=\\\"color: rgb(51, 51, 51); font-family: helvetica, arial, tahoma, verdana, sans-serif; font-size: 12px;\\\"><p class=\\\"MsoNormal\\\" style=\\\"margin: 0cm 0cm 0.0001pt; font-size: 11pt; font-family: Arial, sans-serif;\\\">Ein H\\u00f6hepunkt des Deutschen Schifffahrtstages 2022 ist die Schiffs- und Bootsparade auf der Weser. Sie wird von der Weser-Cycle-Tour begleitet, die immer nah am Fluss von Bremen \\u00fcber Brake nach Bremerhaven f\\u00fchrt und f\\u00fcr jedermann problemlos zu bew\\u00e4ltigen ist.&nbsp;<\\\/p><\\\/div><div style=\\\"color: rgb(51, 51, 51); font-family: helvetica, arial, tahoma, verdana, sans-serif; font-size: 12px;\\\"><p class=\\\"MsoNormal\\\" style=\\\"margin: 0cm 0cm 0.0001pt; font-size: 11pt; font-family: Arial, sans-serif;\\\">&nbsp;<\\\/p><\\\/div><div style=\\\"color: rgb(51, 51, 51); font-family: helvetica, arial, tahoma, verdana, sans-serif; font-size: 12px;\\\"><p class=\\\"MsoNormal\\\" style=\\\"margin: 0cm 0cm 0.0001pt; font-size: 11pt; font-family: Arial, sans-serif;\\\">Ab 8:00 Uhr morgens startet die Radtour oberhalb der Schlachte in Bremen. Von der WeserSide Gallery in Lemwerder genie\\u00dfen die Radfahrerinnen und Radfahrer einen perfekten Blick auf die Bootsparade. Bis Brake bewegt sich die Radtour auf der linken Weserseite. Nach einem kurzen Zwischenstopp mit Blick auf die Parade, geht es ab dort mit der F\\u00e4hre in Sandstedt wieder auf die rechte Weserseite. Iven Kr\\u00e4mer, Organisator des Deutschen Schifffahrtstages, freut sich \\u00fcber die Bereicherung: \\u201eSo sind wir nicht nur auf dem Wasser, sondern auch an den Ufern der Weser pr\\u00e4sent und verbinden die Flussst\\u00e4dte Bremen und Brake mit Bremerhaven.\\u201c&nbsp;<\\\/p><\\\/div><div style=\\\"color: rgb(51, 51, 51); font-family: helvetica, arial, tahoma, verdana, sans-serif; font-size: 12px;\\\"><p class=\\\"MsoNormal\\\" style=\\\"margin: 0cm 0cm 0.0001pt; font-size: 11pt; font-family: Arial, sans-serif;\\\">&nbsp;<\\\/p><\\\/div><div style=\\\"color: rgb(51, 51, 51); font-family: helvetica, arial, tahoma, verdana, sans-serif; font-size: 12px;\\\"><p class=\\\"MsoNormal\\\" style=\\\"margin: 0cm 0cm 0.0001pt; font-size: 11pt; font-family: Arial, sans-serif;\\\">Teilnehmen k\\u00f6nnen alle Radfahrbegeisterte mit verkehrstauglichen Fahrr\\u00e4dern und E-Bikes. Es besteht eine Helmpflicht. Die Radstrecke ist von Profis ausgearbeitet und wird von Tourguides begleitet. Ein F\\u00fchrungsfahrzeug und ein Besenwagen sorgen daf\\u00fcr, dass die Gruppen zusammenbleiben. Die Distanz von 80 Kilometern ist innerhalb eines Tages (8:00 Uhr Abfahrt Bremen bis ca. 15:30 Uhr Ankunft Bremerhaven) problemlos m\\u00f6glich. In Brake besteht die M\\u00f6glichkeit, zur Gruppe dazu zu sto\\u00dfen.&nbsp;<\\\/p><\\\/div><div style=\\\"color: rgb(51, 51, 51); font-family: helvetica, arial, tahoma, verdana, sans-serif; font-size: 12px;\\\"><p class=\\\"MsoNormal\\\" style=\\\"margin: 0cm 0cm 0.0001pt; font-size: 11pt; font-family: Arial, sans-serif;\\\">&nbsp;<\\\/p><\\\/div><div style=\\\"\\\"><p class=\\\"MsoNormal\\\" style=\\\"color: rgb(51, 51, 51); font-family: Arial, sans-serif; font-size: 11pt; margin: 0cm 0cm 0.0001pt;\\\">Getr\\u00e4nke und Verpflegung sollten selbst mitgebracht werden; es besteht unterwegs aber die M\\u00f6glichkeit, Verpflegung zu kaufen. &nbsp;Die R\\u00fcckfahrt von Bremerhaven sollte selbst organisiert werden.<\\\/p><p class=\\\"MsoNormal\\\" style=\\\"color: rgb(51, 51, 51); font-family: Arial, sans-serif; font-size: 11pt; margin: 0cm 0cm 0.0001pt;\\\"><br><\\\/p><p class=\\\"MsoNormal\\\" style=\\\"color: rgb(51, 51, 51); font-family: Arial, sans-serif; font-size: 11pt; margin: 0cm 0cm 0.0001pt;\\\"><span style=\\\"color: rgb(32, 35, 34); font-family: &quot;Source Sans Pro&quot;, sans-serif; font-size: 16px;\\\">Sollten Sie Fragen haben, richten Sie diese bitter per Mail&nbsp;<\\\/span><span style=\\\"color: rgb(32, 35, 34); font-family: &quot;Source Sans Pro&quot;, sans-serif; font-size: 16px;\\\">an den Mitorganisator Oliver Gehrking:<\\\/span><\\\/p><p class=\\\"MsoNormal\\\" style=\\\"margin: 0cm 0cm 0.0001pt;\\\"><span style=\\\"color: rgb(32, 35, 34); font-family: &quot;Source Sans Pro&quot;, sans-serif;\\\">Telefon: 0421 83 94 58 11<\\\/span><br><\\\/p><p class=\\\"MsoNormal\\\" style=\\\"margin: 0cm 0cm 0.0001pt;\\\"><span style=\\\"color: rgb(32, 35, 34); font-family: &quot;Source Sans Pro&quot;, sans-serif;\\\">Mobil: 0172 42 43 124<\\\/span><br><\\\/p><p class=\\\"MsoNormal\\\" style=\\\"margin: 0cm 0cm 0.0001pt;\\\"><span style=\\\"color: rgb(32, 35, 34); font-family: &quot;Source Sans Pro&quot;, sans-serif;\\\">E-Mail: info@inverse-teams.de<\\\/span><br><\\\/p><p class=\\\"MsoNormal\\\" style=\\\"color: rgb(51, 51, 51); font-family: Arial, sans-serif; font-size: 11pt; margin: 0cm 0cm 0.0001pt;\\\"><span style=\\\"color: rgb(32, 35, 34); font-family: &quot;Source Sans Pro&quot;, sans-serif; font-size: 16px;\\\"><\\\/span><br><\\\/p><\\\/div>\",\"label_pos\":\"above\",\"parentType\":\"html\",\"element_templates\":[\"html\",\"input\"],\"old_classname\":\"\",\"wrap_template\":\"wrap\"},{\"objectType\":\"Field\",\"objectDomain\":\"fields\",\"editActive\":false,\"order\":2,\"idAttribute\":\"id\",\"field_key\":\"hr\",\"field_label\":\"Divider\",\"element_class\":\"\",\"container_class\":\"\",\"created_at\":\"2016-08-28 16:16:05\",\"label\":\"Divider\",\"key\":\"hr\",\"type\":\"hr\",\"drawerDisabled\":false,\"id\":19,\"beforeField\":\"\",\"afterField\":\"\",\"value\":\"\",\"label_pos\":\"above\",\"parentType\":\"hr\",\"element_templates\":[\"hr\",\"input\"],\"old_classname\":\"\",\"wrap_template\":\"wrap\"},{\"objectType\":\"Field\",\"objectDomain\":\"fields\",\"editActive\":false,\"order\":3,\"idAttribute\":\"id\",\"admin_label\":\"\",\"help_text\":\"\",\"desc_text\":\"\",\"field_label\":\"First Name\",\"field_key\":\"firstname\",\"custom_name_attribute\":\"fname\",\"personally_identifiable\":1,\"value\":\"\",\"element_class\":\"\",\"container_class\":\"one-half first\",\"default\":\"\",\"placeholder\":\"\",\"required\":1,\"label_pos\":\"above\",\"created_at\":\"2016-08-28 16:16:05\",\"type\":\"firstname\",\"key\":\"vorname_1663139993922\",\"label\":\"Vorname\",\"drawerDisabled\":false,\"id\":20,\"beforeField\":\"\",\"afterField\":\"\",\"parentType\":\"firstname\",\"element_templates\":[\"firstname\",\"input\"],\"old_classname\":\"\",\"wrap_template\":\"wrap\"},{\"objectType\":\"Field\",\"objectDomain\":\"fields\",\"editActive\":false,\"order\":4,\"idAttribute\":\"id\",\"label\":\"Nachname\",\"key\":\"nachname_1663139988677\",\"type\":\"lastname\",\"created_at\":\"2016-08-28 16:16:05\",\"label_pos\":\"above\",\"required\":1,\"default\":\"\",\"placeholder\":\"\",\"container_class\":\"one-half\",\"element_class\":\"\",\"admin_label\":\"\",\"help_text\":\"\",\"desc_text\":\"\",\"field_label\":\"Last Name\",\"field_key\":\"lastname\",\"custom_name_attribute\":\"lname\",\"personally_identifiable\":1,\"value\":\"\",\"id\":21,\"beforeField\":\"\",\"afterField\":\"\",\"parentType\":\"lastname\",\"element_templates\":[\"lastname\",\"input\"],\"old_classname\":\"\",\"wrap_template\":\"wrap\"},{\"objectType\":\"Field\",\"objectDomain\":\"fields\",\"editActive\":false,\"order\":5,\"idAttribute\":\"id\",\"label\":\"Email\",\"key\":\"email\",\"type\":\"email\",\"created_at\":\"2016-08-28 16:16:05\",\"label_pos\":\"above\",\"required\":1,\"default\":\"\",\"placeholder\":\"\",\"container_class\":\"one-half first\",\"element_class\":\"\",\"admin_label\":\"\",\"help_text\":\"\",\"desc_text\":\"\",\"field_label\":\"Email\",\"field_key\":\"email\",\"custom_name_attribute\":\"email\",\"personally_identifiable\":1,\"value\":\"\",\"id\":22,\"beforeField\":\"\",\"afterField\":\"\",\"parentType\":\"email\",\"element_templates\":[\"email\",\"input\"],\"old_classname\":\"\",\"wrap_template\":\"wrap\"},{\"objectType\":\"Field\",\"objectDomain\":\"fields\",\"editActive\":false,\"order\":6,\"idAttribute\":\"id\",\"label\":\"Gew\\u00fcnschte Strecke\",\"key\":\"gewuenschte_strecke_1663139979379\",\"type\":\"textbox\",\"created_at\":\"2016-08-28 16:16:05\",\"label_pos\":\"above\",\"required\":1,\"placeholder\":\"\",\"default\":\"\",\"container_class\":\"one-half\",\"element_class\":\"\",\"input_limit\":\"\",\"input_limit_type\":\"characters\",\"input_limit_msg\":\"Character(s) left\",\"manual_key\":\"\",\"disable_input\":\"\",\"admin_label\":\"\",\"help_text\":\"\",\"desc_text\":\"\",\"disable_browser_autocomplete\":\"\",\"mask\":\"\",\"custom_mask\":\"\",\"field_label\":\"Phone\",\"field_key\":\"textbox\",\"custom_name_attribute\":\"\",\"personally_identifiable\":\"\",\"value\":\"\",\"drawerDisabled\":false,\"id\":23,\"beforeField\":\"\",\"afterField\":\"\",\"parentType\":\"textbox\",\"element_templates\":[\"textbox\",\"input\"],\"old_classname\":\"\",\"wrap_template\":\"wrap\"},{\"objectType\":\"Field\",\"objectDomain\":\"fields\",\"editActive\":false,\"order\":7,\"idAttribute\":\"id\",\"type\":\"textarea\",\"label\":\"Anmerkungen\",\"key\":\"anmerkungen_1663140898512\",\"label_pos\":\"above\",\"required\":false,\"default\":\"\",\"placeholder\":\"\",\"container_class\":\"\",\"element_class\":\"\",\"input_limit\":\"\",\"input_limit_type\":\"characters\",\"input_limit_msg\":\"verbleibende(s) Zeichen\",\"manual_key\":false,\"admin_label\":\"\",\"help_text\":\"\",\"textarea_rte\":\"\",\"disable_rte_mobile\":\"\",\"textarea_media\":\"\",\"value\":\"\",\"drawerDisabled\":false,\"id\":31,\"beforeField\":\"\",\"afterField\":\"\",\"parentType\":\"textarea\",\"element_templates\":[\"textarea\",\"input\"],\"old_classname\":\"\",\"wrap_template\":\"wrap\"},{\"objectType\":\"Field\",\"objectDomain\":\"fields\",\"editActive\":false,\"order\":8,\"idAttribute\":\"id\",\"label\":\"Checkbox\",\"type\":\"checkbox\",\"key\":\"checkbox_1663228184559\",\"label_pos\":\"right\",\"required\":1,\"container_class\":\"\",\"element_class\":\"\",\"manual_key\":false,\"admin_label\":\"\",\"help_text\":\"\",\"desc_text\":\"<p><span style=\\\"color: rgb(51, 51, 51); font-family: helvetica, arial, tahoma, verdana, sans-serif; font-size: 12px;\\\">Mit der Anmeldung erkl\\u00e4re ich mich einverstanden, dass meine in das Kontaktformular eingegebenen Daten elektronisch gespeichert und zum Zweck der Kontaktaufnahme verarbeitet und genutzt werden. Mir ist bekannt, dass ich meine Einwilligung jederzeit widerrufen kann. Meine Teilnahme erfolgt auf eigene Gefahr und eigenes Risiko. Ich verzichte hiermit ausdr\\u00fccklich auf s\\u00e4mtliche Anspr\\u00fcche \\u2013 gleich welcher Art \\u2013 aus Schadensf\\u00e4llen, Verletzungen oder Folgesch\\u00e4digungen, die im Zusammenhang mit meiner Teilnahme stehen.<\\\/span><br><\\\/p>\",\"default_value\":\"unchecked\",\"checked_value\":\"Ausgew\\u00e4hlt\",\"unchecked_value\":\"Nicht ausgew\\u00e4hlt\",\"checked_calc_value\":\"\",\"unchecked_calc_value\":\"\",\"drawerDisabled\":false,\"id\":32,\"beforeField\":\"\",\"afterField\":\"\",\"value\":\"\",\"parentType\":\"checkbox\",\"element_templates\":[\"checkbox\",\"input\"],\"old_classname\":\"\",\"wrap_template\":\"wrap\"},{\"objectType\":\"Field\",\"objectDomain\":\"fields\",\"editActive\":false,\"order\":9,\"idAttribute\":\"id\",\"label\":\"Registrieren\",\"key\":\"registrieren_1663139966520\",\"type\":\"submit\",\"created_at\":\"2016-08-28 16:16:05\",\"processing_label\":\"Processing\",\"container_class\":\"\",\"element_class\":\"\",\"field_label\":\"Register\",\"field_key\":\"register\",\"drawerDisabled\":false,\"id\":30,\"beforeField\":\"\",\"afterField\":\"\",\"value\":\"\",\"label_pos\":\"above\",\"parentType\":\"textbox\",\"element_templates\":[\"submit\",\"button\",\"input\"],\"old_classname\":\"\",\"wrap_template\":\"wrap-no-label\"}];nfForms.push(form);<\/script>\n        \t\t\t\t\t\t<\/div>\n\t\t\t\t<\/div>\n\t\t\t\t\t<\/div>\n\t\t<\/div>\n\t\t\t\t\t<\/div>\n\t\t<\/section>\n\t\t\t\t<\/div>\n\t\t","protected":false},"excerpt":{"rendered":"<p>Weser-Cycle-Tour\u00a0 Bremen \u2013 Brake \u2013 Bremerhaven &#8211;\u00a0\u00a0Die Radtour im Rahmen der Schiffs- und Bootsparade am 30. September 2022 Liebe Radfahrer*innen, ein H\u00f6hepunkt des Deutschen Schifffahrtstages 2022 ist die gro\u00dfe Schiffs- und Bootsparade auf der Weser. Am 30. September starten Traditionsschiffe, Sportboote, Beh\u00f6rden- und Arbeitsfahrzeuge von Bremen nach Bremerhaven. Verpassen Sie nicht die einmalige Gelegenheit, die [&hellip;]<\/p>\n","protected":false},"author":3,"featured_media":6092,"parent":0,"menu_order":0,"comment_status":"closed","ping_status":"closed","template":"","meta":{"footnotes":""},"class_list":["post-5887","page","type-page","status-publish","has-post-thumbnail","hentry"],"_links":{"self":[{"href":"https:\/\/bremen.deutscher-schifffahrtstag.de\/index.php\/wp-json\/wp\/v2\/pages\/5887","targetHints":{"allow":["GET"]}}],"collection":[{"href":"https:\/\/bremen.deutscher-schifffahrtstag.de\/index.php\/wp-json\/wp\/v2\/pages"}],"about":[{"href":"https:\/\/bremen.deutscher-schifffahrtstag.de\/index.php\/wp-json\/wp\/v2\/types\/page"}],"author":[{"embeddable":true,"href":"https:\/\/bremen.deutscher-schifffahrtstag.de\/index.php\/wp-json\/wp\/v2\/users\/3"}],"replies":[{"embeddable":true,"href":"https:\/\/bremen.deutscher-schifffahrtstag.de\/index.php\/wp-json\/wp\/v2\/comments?post=5887"}],"version-history":[{"count":10,"href":"https:\/\/bremen.deutscher-schifffahrtstag.de\/index.php\/wp-json\/wp\/v2\/pages\/5887\/revisions"}],"predecessor-version":[{"id":6323,"href":"https:\/\/bremen.deutscher-schifffahrtstag.de\/index.php\/wp-json\/wp\/v2\/pages\/5887\/revisions\/6323"}],"wp:featuredmedia":[{"embeddable":true,"href":"https:\/\/bremen.deutscher-schifffahrtstag.de\/index.php\/wp-json\/wp\/v2\/media\/6092"}],"wp:attachment":[{"href":"https:\/\/bremen.deutscher-schifffahrtstag.de\/index.php\/wp-json\/wp\/v2\/media?parent=5887"}],"curies":[{"name":"wp","href":"https:\/\/api.w.org\/{rel}","templated":true}]}}