{"id":18,"date":"2021-09-17T08:34:31","date_gmt":"2021-09-17T08:34:31","guid":{"rendered":"https:\/\/dst2022.zweiunter.de\/?page_id=18"},"modified":"2022-09-14T14:54:24","modified_gmt":"2022-09-14T14:54:24","slug":"partner","status":"publish","type":"page","link":"https:\/\/bremen.deutscher-schifffahrtstag.de\/index.php\/partner\/","title":{"rendered":"Partner"},"content":{"rendered":"\t\t<div data-elementor-type=\"wp-page\" data-elementor-id=\"18\" class=\"elementor elementor-18\" data-elementor-post-type=\"page\">\n\t\t\t\t\t\t<section class=\"elementor-section elementor-top-section elementor-element elementor-element-9a02771 elementor-section-boxed elementor-section-height-default elementor-section-height-default\" data-id=\"9a02771\" data-element_type=\"section\">\n\t\t\t\t\t\t<div class=\"elementor-container elementor-column-gap-default\">\n\t\t\t\t\t<div class=\"elementor-column elementor-col-100 elementor-top-column elementor-element elementor-element-2ebcdd7\" data-id=\"2ebcdd7\" data-element_type=\"column\">\n\t\t\t<div class=\"elementor-widget-wrap elementor-element-populated\">\n\t\t\t\t\t\t<div class=\"elementor-element elementor-element-7b05801 elementor-widget elementor-widget-heading\" data-id=\"7b05801\" data-element_type=\"widget\" data-widget_type=\"heading.default\">\n\t\t\t\t<div class=\"elementor-widget-container\">\n\t\t\t<style>\/*! elementor - v3.19.0 - 07-02-2024 *\/\n.elementor-heading-title{padding:0;margin:0;line-height:1}.elementor-widget-heading .elementor-heading-title[class*=elementor-size-]>a{color:inherit;font-size:inherit;line-height:inherit}.elementor-widget-heading .elementor-heading-title.elementor-size-small{font-size:15px}.elementor-widget-heading .elementor-heading-title.elementor-size-medium{font-size:19px}.elementor-widget-heading .elementor-heading-title.elementor-size-large{font-size:29px}.elementor-widget-heading .elementor-heading-title.elementor-size-xl{font-size:39px}.elementor-widget-heading .elementor-heading-title.elementor-size-xxl{font-size:59px}<\/style><h1 class=\"elementor-heading-title elementor-size-default\">unsere partner<\/h1>\t\t<\/div>\n\t\t\t\t<\/div>\n\t\t\t\t\t<\/div>\n\t\t<\/div>\n\t\t\t\t\t<\/div>\n\t\t<\/section>\n\t\t\t\t<section class=\"elementor-section elementor-top-section elementor-element elementor-element-7a070ad elementor-section-boxed elementor-section-height-default elementor-section-height-default\" data-id=\"7a070ad\" data-element_type=\"section\">\n\t\t\t\t\t\t<div class=\"elementor-container elementor-column-gap-default\">\n\t\t\t\t\t<div class=\"elementor-column elementor-col-100 elementor-top-column elementor-element elementor-element-2f11181\" data-id=\"2f11181\" data-element_type=\"column\">\n\t\t\t<div class=\"elementor-widget-wrap elementor-element-populated\">\n\t\t\t\t\t\t<div class=\"elementor-element elementor-element-96f11c3 elementor-widget elementor-widget-text-editor\" data-id=\"96f11c3\" data-element_type=\"widget\" data-widget_type=\"text-editor.default\">\n\t\t\t\t<div class=\"elementor-widget-container\">\n\t\t\t<style>\/*! elementor - v3.19.0 - 07-02-2024 *\/\n.elementor-widget-text-editor.elementor-drop-cap-view-stacked .elementor-drop-cap{background-color:#69727d;color:#fff}.elementor-widget-text-editor.elementor-drop-cap-view-framed .elementor-drop-cap{color:#69727d;border:3px solid;background-color:transparent}.elementor-widget-text-editor:not(.elementor-drop-cap-view-default) .elementor-drop-cap{margin-top:8px}.elementor-widget-text-editor:not(.elementor-drop-cap-view-default) .elementor-drop-cap-letter{width:1em;height:1em}.elementor-widget-text-editor .elementor-drop-cap{float:left;text-align:center;line-height:1;font-size:50px}.elementor-widget-text-editor .elementor-drop-cap-letter{display:inline-block}<\/style>\t\t\t\t<p>Die Planung, Organisation und Ausrichtung des Deutschen Schifffahrtstages 2022 ist eine Gemeinschaftsleistung vieler, denn ohne die tatkr\u00e4ftige Unterst\u00fctzung von Beh\u00f6rden wie der Wasserstra\u00dfen- und Schifffahrtsverwaltung des Bundes, des Hansestadt Bremischen Hafenamtes, von Polizei, Feuerwehr und Co. k\u00f6nnte es keine Schiffs- und Bootsparade geben. Gleiches gilt f\u00fcr die vielen Aktivit\u00e4ten an Land, so dass nicht nur die beiden St\u00e4dte Bremerhaven und Bremen, die Bremer City-Initiative, die Erlebnis Bremerhaven Gesellschaft, sondern auch Hochschulen, Wirtschafts-, Hafen- und Logistikverb\u00e4nde, das Deutsche Schifffahrtsmuseum, das Maritime Cluster Norddeutschland und viele mehr zu den Partnern und Unterst\u00fctzern des Deutschen Schifffahrtstages 2022 z\u00e4hlen. Sie alle tragen zum Gelingen bei und bekr\u00e4ftigen auf diese Weise die altbew\u00e4hrte Erkenntnis guter Seemannschaft, dass ein Erfolg nur gemeinsam erzielt werden kann. Genau dies bringt auch das Motto des Deutschen Schifffahrtstages 2022 zum Ausdruck: <em><strong>\u201eNachhaltige Schifffahrt: Gemeinsam, klar, sauber!\u201c<\/strong><\/em><\/p>\t\t\t\t\t\t<\/div>\n\t\t\t\t<\/div>\n\t\t\t\t\t<\/div>\n\t\t<\/div>\n\t\t\t\t\t<\/div>\n\t\t<\/section>\n\t\t\t\t<section class=\"elementor-section elementor-top-section elementor-element elementor-element-c066b9f elementor-section-boxed elementor-section-height-default elementor-section-height-default\" data-id=\"c066b9f\" data-element_type=\"section\" data-settings=\"{&quot;background_background&quot;:&quot;classic&quot;}\">\n\t\t\t\t\t\t<div class=\"elementor-container elementor-column-gap-default\">\n\t\t\t\t\t<div class=\"elementor-column elementor-col-100 elementor-top-column elementor-element elementor-element-ad98c2b\" data-id=\"ad98c2b\" data-element_type=\"column\">\n\t\t\t<div class=\"elementor-widget-wrap elementor-element-populated\">\n\t\t\t\t\t\t<div class=\"elementor-element elementor-element-87f4410 elementor-skin-carousel elementor-arrows-yes elementor-pagination-type-bullets elementor-pagination-position-outside elementor-widget elementor-widget-media-carousel\" data-id=\"87f4410\" data-element_type=\"widget\" data-settings=\"{&quot;slides_to_scroll&quot;:&quot;1&quot;,&quot;speed&quot;:300,&quot;autoplay_speed&quot;:3000,&quot;skin&quot;:&quot;carousel&quot;,&quot;effect&quot;:&quot;slide&quot;,&quot;show_arrows&quot;:&quot;yes&quot;,&quot;pagination&quot;:&quot;bullets&quot;,&quot;autoplay&quot;:&quot;yes&quot;,&quot;loop&quot;:&quot;yes&quot;,&quot;pause_on_hover&quot;:&quot;yes&quot;,&quot;pause_on_interaction&quot;:&quot;yes&quot;,&quot;space_between&quot;:{&quot;unit&quot;:&quot;px&quot;,&quot;size&quot;:10,&quot;sizes&quot;:[]},&quot;space_between_tablet&quot;:{&quot;unit&quot;:&quot;px&quot;,&quot;size&quot;:10,&quot;sizes&quot;:[]},&quot;space_between_mobile&quot;:{&quot;unit&quot;:&quot;px&quot;,&quot;size&quot;:10,&quot;sizes&quot;:[]}}\" data-widget_type=\"media-carousel.default\">\n\t\t\t\t<div class=\"elementor-widget-container\">\n\t\t\t<link rel=\"stylesheet\" href=\"https:\/\/bremen.deutscher-schifffahrtstag.de\/wp-content\/plugins\/elementor-pro\/assets\/css\/widget-carousel.min.css\">\t\t<div class=\"elementor-swiper\">\n\t\t\t<div class=\"elementor-main-swiper swiper-container\">\n\t\t\t\t<div class=\"swiper-wrapper\">\n\t\t\t\t\t\t\t\t\t\t\t<div class=\"swiper-slide\">\n\t\t\t\t\t\t\t<a href=\"https:\/\/www.nautischer-verein-bremerhaven.de\/\">\t\t<div class=\"elementor-carousel-image\" role=\"img\" aria-label=\"NVBV\" style=\"background-image: url(&#039;https:\/\/bremen.deutscher-schifffahrtstag.de\/wp-content\/uploads\/2021\/09\/NVBV-3.png&#039;)\">\n\n\t\t\t\n\t\t\t\t\t<\/div>\n\t\t<\/a>\t\t\t\t\t\t<\/div>\n\t\t\t\t\t\t\t\t\t\t\t<div class=\"swiper-slide\">\n\t\t\t\t\t\t\t<a href=\"https:\/\/deutscher-marinebund.de\/\">\t\t<div class=\"elementor-carousel-image\" role=\"img\" aria-label=\"DMB\" style=\"background-image: url(&#039;https:\/\/bremen.deutscher-schifffahrtstag.de\/wp-content\/uploads\/2021\/09\/DMB-3.png&#039;)\">\n\n\t\t\t\n\t\t\t\t\t<\/div>\n\t\t<\/a>\t\t\t\t\t\t<\/div>\n\t\t\t\t\t\t\t\t\t\t\t<div class=\"swiper-slide\">\n\t\t\t\t\t\t\t<a href=\"https:\/\/www.binnenschiff.de\/\">\t\t<div class=\"elementor-carousel-image\" role=\"img\" aria-label=\"BDB-Logo_frei\" style=\"background-image: url(&#039;https:\/\/bremen.deutscher-schifffahrtstag.de\/wp-content\/uploads\/2021\/09\/BDB-Logo_frei-3.png&#039;)\">\n\n\t\t\t\n\t\t\t\t\t<\/div>\n\t\t<\/a>\t\t\t\t\t\t<\/div>\n\t\t\t\t\t\t\t\t\t\t\t<div class=\"swiper-slide\">\n\t\t\t\t\t\t\t<a href=\"http:\/\/dnvev.de\/\">\t\t<div class=\"elementor-carousel-image\" role=\"img\" aria-label=\"dnv\" style=\"background-image: url(&#039;https:\/\/bremen.deutscher-schifffahrtstag.de\/wp-content\/uploads\/2021\/09\/dnv-3.png&#039;)\">\n\n\t\t\t\n\t\t\t\t\t<\/div>\n\t\t<\/a>\t\t\t\t\t\t<\/div>\n\t\t\t\t\t\t\t\t\t\t\t<div class=\"swiper-slide\">\n\t\t\t\t\t\t\t<a href=\"https:\/\/www.nvzb.de\/\">\t\t<div class=\"elementor-carousel-image\" role=\"img\" aria-label=\"NV Bremen\" style=\"background-image: url(&#039;https:\/\/bremen.deutscher-schifffahrtstag.de\/wp-content\/uploads\/2021\/12\/NV-Bremen.png&#039;)\">\n\n\t\t\t\n\t\t\t\t\t<\/div>\n\t\t<\/a>\t\t\t\t\t\t<\/div>\n\t\t\t\t\t\t\t\t\t<\/div>\n\t\t\t\t\t\t\t\t\t\t\t\t\t\t\t<div class=\"swiper-pagination\"><\/div>\n\t\t\t\t\t\t\t\t\t\t\t\t\t\t\t\t<div class=\"elementor-swiper-button elementor-swiper-button-prev\" role=\"button\" tabindex=\"0\">\n\t\t\t\t\t\t\t<i aria-hidden=\"true\" class=\"eicon-chevron-left\"><\/i>\t\t\t\t\t\t\t<span class=\"elementor-screen-only\">Voriger<\/span>\n\t\t\t\t\t\t<\/div>\n\t\t\t\t\t\t<div class=\"elementor-swiper-button elementor-swiper-button-next\" role=\"button\" tabindex=\"0\">\n\t\t\t\t\t\t\t<i aria-hidden=\"true\" class=\"eicon-chevron-right\"><\/i>\t\t\t\t\t\t\t<span class=\"elementor-screen-only\">N\u00e4chster<\/span>\n\t\t\t\t\t\t<\/div>\n\t\t\t\t\t\t\t\t\t\t\t\t<\/div>\n\t\t<\/div>\n\t\t\t\t<\/div>\n\t\t\t\t<\/div>\n\t\t\t\t\t<\/div>\n\t\t<\/div>\n\t\t\t\t\t<\/div>\n\t\t<\/section>\n\t\t\t\t<section class=\"elementor-section elementor-top-section elementor-element elementor-element-873c84f elementor-section-boxed elementor-section-height-default elementor-section-height-default\" data-id=\"873c84f\" data-element_type=\"section\">\n\t\t\t\t\t\t<div class=\"elementor-container elementor-column-gap-default\">\n\t\t\t\t\t<div class=\"elementor-column elementor-col-100 elementor-top-column elementor-element elementor-element-be3b6f7\" data-id=\"be3b6f7\" data-element_type=\"column\">\n\t\t\t<div class=\"elementor-widget-wrap elementor-element-populated\">\n\t\t\t\t\t\t<div class=\"elementor-element elementor-element-23f4823 elementor-widget elementor-widget-heading\" data-id=\"23f4823\" data-element_type=\"widget\" data-widget_type=\"heading.default\">\n\t\t\t\t<div class=\"elementor-widget-container\">\n\t\t\t<h1 class=\"elementor-heading-title elementor-size-default\">unsere unterst\u00fctzer<\/h1>\t\t<\/div>\n\t\t\t\t<\/div>\n\t\t\t\t\t<\/div>\n\t\t<\/div>\n\t\t\t\t\t<\/div>\n\t\t<\/section>\n\t\t\t\t<section class=\"elementor-section elementor-top-section elementor-element elementor-element-57de51c elementor-section-boxed elementor-section-height-default elementor-section-height-default\" data-id=\"57de51c\" data-element_type=\"section\">\n\t\t\t\t\t\t<div class=\"elementor-container elementor-column-gap-default\">\n\t\t\t\t\t<div class=\"elementor-column elementor-col-100 elementor-top-column elementor-element elementor-element-d4c97f1\" data-id=\"d4c97f1\" data-element_type=\"column\">\n\t\t\t<div class=\"elementor-widget-wrap elementor-element-populated\">\n\t\t\t\t\t\t<div class=\"elementor-element elementor-element-7abcbdf elementor-widget elementor-widget-text-editor\" data-id=\"7abcbdf\" data-element_type=\"widget\" data-widget_type=\"text-editor.default\">\n\t\t\t\t<div class=\"elementor-widget-container\">\n\t\t\t\t\t\t\t<p>Der Deutsche Schifffahrtstag 2022 wird von vielen Organisationen, Institutionen und Unternehmen unterst\u00fctzt. Dabei ist jeder einzelne Beitrag wichtig und f\u00fcr das Gelingen unverzichtbar:<\/p><p>Die <strong>Hochschule Bremen HSB <\/strong>(<a href=\"https:\/\/www.hs-bremen.de\/\">HSB Hochschule Bremen (hs-bremen.de)<\/a>) unterst\u00fctzt den Deutschen Schifffahrtstag durch die Bereitstellung des Gro\u00dfen H\u00f6rsaals \u201e<em>Hansewasser<\/em>\u201c f\u00fcr eine der zentralen Veranstaltungen am 29. September 2022. Zudem wirken mehrere Professorinnen und Professoren aktiv bei der Programmgestaltung mit, denn nat\u00fcrlich z\u00e4hlen die Themen der Nachhaltigkeit der Schifffahrt f\u00fcr die HSB und deren Studierende zu den zentralen Zukunftsthemen.<\/p><p>Die <strong>Handelskammer Bremen<\/strong>, Industrie- und Handelskammer f\u00fcr Bremen und Bremerhaven (<a href=\"https:\/\/www.handelskammer-bremen.de\/\">Handelskammer Bremen &#8211; IHK f\u00fcr Bremen und Bremerhaven &#8211; Handelskammer Bremen &#8211; IHK f\u00fcr Bremen und Bremerhaven (handelskammer-bremen.de)<\/a>) unterst\u00fctzt den Deutschen Schifffahrtstag durch die Bereitstellung des Gro\u00dfen Konferenzsaales im Haus Sch\u00fctting f\u00fcr eine der zentralen Veranstaltungen am 29. September 2022.<\/p><p>Die <strong>Senatorin f\u00fcr Wissenschaft und H\u00e4fen<\/strong> (<a href=\"https:\/\/www.wissenschaft-haefen.bremen.de\/\">Die Senatorin f\u00fcr Wissenschaft und H\u00e4fen &#8211; Startseite (bremen.de)<\/a>) unterst\u00fctzt den Deutschen Schifffahrtstag durch die Bereitstellung des Hausers der Wissenschaft in zentraler Lage Bremens f\u00fcr eine der zentralen Veranstaltungen am 29. September 2022.<\/p><p>Die <strong>Wasserstra\u00dfen- und Schifffahrtsverwaltung des Bundes<\/strong> WSV (<a href=\"https:\/\/www.gdws.wsv.bund.de\/DE\/startseite\/startseite_node.html\">GDWS &#8211; Startseite (bund.de)<\/a>) unterst\u00fctzt den Deutschen Schifffahrtstag durch die aktive Planung und Mitgestaltung der gro\u00dfen Schiffs- und Bootsparade von Bremen nach Bremerhaven am 30. September 2022. Die Fahrzeuge <em>Mellum<\/em> und <em>Nordergr\u00fcnde<\/em> werden dabei die schifffahrtspolizeilichen Aufgaben \u00fcbernehmen.<\/p><p>Die <strong>Wasserschutzpolizei Bremen <\/strong>(<a href=\"https:\/\/www.polizei.bremen.de\/wasserschutz-2040\">Polizei Bremen Bremen. Aber sicher! &#8211; Wasserschutz<\/a>) in Verbindung mit deren Kollegen an der Weser unterst\u00fctzt den Deutschen Schifffahrtstag durch die aktive Planung und Mitgestaltung der gro\u00dfen Schiffs- und Bootsparade von Bremen nach Bremerhaven am 30. September 2022. Fahrzeuge der Wasserschutzpolizei werden die Parade entsprechend absichern und begleiten.<\/p><p>Die <strong>Interessengemeinschaft der mittelst\u00e4ndischen Unternehmen in den stadtbremischen H\u00e4fen<\/strong>, kurz <strong>ISH<\/strong> (<a href=\"https:\/\/www.ish-bremen.de\/index.php\">https:\/\/www.ish-bremen.de\/index.php<\/a>) vertritt in und um die H\u00e4fen der Stadt Bremen rund 50 mittelst\u00e4ndische Unternehmen der maritimen Wirtschaft, die lokal, national und weltweit agieren. Viele dieser Unternehmen werden anl\u00e4sslich der Maritimen Woche Ihre T\u00fcren und Tore f\u00fcr Interessierte \u00f6ffnen und zudem plant die ISH, mit der <em>MS Senator<\/em> an der gro\u00dfen Schiffs- und Bootsparade beteiligt zu sein.<\/p><p>Bremens Hafenmanagementgesellschaft <strong>bremenports<\/strong> (<a href=\"http:\/\/www.bremenports.de\">www.bremenports.de<\/a>) unterst\u00fctzt den Deutschen Schifffahrtstag auf vielf\u00e4ltige Weise, unter anderem durch die aktive Mitwirkung im Programmkomitee, durch eine geplante blaue Illumination des Simon-Loschen-Leuchtturms in Bremerhaven, durch das Einbringen mehrerer Fahrzeuge in die Schiffs- und Bootsparade und vieles mehr, denn die Bremischen H\u00e4fen sind der Heimathafen des 36. Deutschen Schifffahrtstages.<\/p><p>Die <strong>Bremer City Initiative<\/strong> (<a href=\"http:\/\/www.bremen-city.de\/\">www.bremen-city.de\/<\/a>) organisiert seit vielen Jahren die bereits seit 1983 auf Initiative des damaligen Hafensenators Oswald Brinkmann eingef\u00fchrte Maritime Woche Bremens und dies stets mit gro\u00dfem und stetig wachsendem Zuspruch und Erfolg. In enger Verbindung zum Deutschen Schifffahrtstag und praktisch als Einstimmung darauf wird es beginnend ab dem 23. September 2022 ein buntes Programm mit vielf\u00e4ltigen maritimen Themen und Aktionen an der Weser und in der Bremer City geben.<\/p><p>Der <strong>Landesverband Motorbootsport Bremen<\/strong> (<a href=\"https:\/\/www.l-m-b.de\/web\/landesverband\/\">https:\/\/www.l-m-b.de\/web\/landesverband\/<\/a>) unterst\u00fctzt die Planungen zum Deutschen Schifffahrtstag durch die gezielte Ansprache von Bootseignern, denn nur dank dieser Initiative und dieses andauernden Engagements wird das Ziel der seit Jahrzehnten gr\u00f6\u00dften Schiffs- und Bootsparade auf der Weser als festem Bestandteil des 36. Deutschen Schifffahrttages erreicht.<\/p><p>Das <strong>Deutsche Schifffahrtsmuseum<\/strong>, Leibniz-Institut f\u00fcr Maritime Geschichte (DSM) in Bremerhaven (<a href=\"https:\/\/www.museum.de\/museen\/dsm\">https:\/\/www.museum.de\/museen\/dsm<\/a>) hat es sich zur Aufgabe gemacht, die wechselvolle Beziehung zwischen Mensch und Meer zu erforschen und in Ausstellungen erlebbar zu machen. Das DSM, das sich derzeit im Wandel befindet, unterst\u00fctzt den Deutschen Schifffahrtstag unter anderem durch eine aktive Mitwirkung im Programmkomitee, durch die Planung einer europ\u00e4ischen Veranstaltung zum Erhalt des Maritimen Kulturerbes und durch die umfassende Vermittlung schifffahrtsbezogener Themen. In Abh\u00e4ngigkeit von den\u00a0 baulichen Fortschritten ist angedacht, den Empfang und Nautischen Dialog am 30. September in Deutschen Schifffahrtsmuseum zu begehen.<\/p><p>Die <strong>Sail Training Association Germany<\/strong>, kurz <strong>S.T.A.G<\/strong> (<a href=\"https:\/\/www.sta-g.de\/\">https:\/\/www.sta-g.de\/<\/a>) ist ein gemeinn\u00fctziger Verein mit Sitz in Bremerhaven, der sich f\u00fcr den Erhalt der Traditionsschifffahrt und deren Werte einsetzt. Die STAG betreut und vernetzt Betreibervereine und deren Crews, f\u00f6rdert die seem\u00e4nnische Aus- und Weiterbildung und unterst\u00fctzt traditionelle Segelschiffe. Die STAG ist ein fester Partner des Deutschen Schifffahrtstages und unterst\u00fctzt die Planung und Organisation u.a. durch die Weitergabe von Informationen, die Vermittlung von Kontakten, die Ansprache von Schiffen f\u00fcr die gro\u00dfe Schiffs- und Bootsparade auf der Weser am 30. September 2022.<\/p><p>Der<a href=\"http:\/\/www.ZVDS.de\"><strong> Zentralverband Deutscher Schiffsmakler e.V.<\/strong><\/a>\u00a0 ist die nationale Dachorganisation der in Deutschland ans\u00e4ssigen \u00f6rtlichen Schiffsmaklerverb\u00e4nde. Die Mitgliedschaft setzt sich zusammen aus Klarierungsagenten, Befrachtungsmaklern, Linienagenturen sowie An- und Verkaufsmaklern. Derzeit sind rd. 250 Unternehmen aus allen deutschen H\u00e4fen im ZVDS organisiert. Die Schiffsmakler und Schiffsagenten verstehen sich als Interessenvertretung ihrer \u00fcberwiegend ausl\u00e4ndischen Kunden (Prinzipale), die zugleich auch die wesentlichen Nutzer und Kunden der deutschen H\u00e4fen sind. Hauptanliegen des ZVDS sind neben der Durchsetzung gemeinsamer Berufs- und Standesinteressen der deutschen Schiffsmakler und Schiffsagenten auch die Vertretung der Interessen der Prinzipale, insbesondere um den Aufenthalt ihrer Schiffe in den deutschen H\u00e4fen m\u00f6glichst effizient und kosteng\u00fcnstig zu gestalten.<\/p><p>Das <a href=\"https:\/\/www.shortseashipping.de\"><strong>ShortSeaShipping Inland Waterway Promotion Center<\/strong>, kurz <strong>SPC<\/strong><\/a>  verfolgt als \u00f6ffentlich-privater Partnerschaft das Ziel einer st\u00e4rkeren Einbindung der alternativen Verkehrstr\u00e4ger in europ\u00e4ische Lieferketten und somit gleicherma\u00dfen die Erreichung von Umweltzielen. In enger Verbindung zu den Zielen und zu den Akteuren des Deutschen Schifffahrtstages plant das SPC am 28. September 2022 die Ausrichtung eines eigenen, h\u00f6chst spannenden und inspirierenden Themenabends. Zudem unterst\u00fctzt das SPC die Planungen zum Deutschen Schifffahrtstag mit vielf\u00e4ltigen kreativen Ideen.<\/p><p>Der <strong>Verein der Wirtschaftsingenieure f\u00fcr Transportwesen (VdWT)<\/strong> e. V. an der Hochschule Bremen kooperiert mit dem Deutschen Schifffahrtstag und wird seine Jahrestagung 2022 in einem engen zeitlichen Zusammenhang unter das Thema \u201e<em>Ist die Weltschifffahrt noch ein verl\u00e4sslicher Partner in der Supply Chain?\u201c<\/em> stellen. Zudem ist vorgesehen, dass die Teilnehmenden an der VdWT Jahrestagung die Ankunft der gro\u00dfen Schiffs- und Bootsparade am Nachmittag des 30. September in Bremerhaven aus n\u00e4chster N\u00e4he erleben und begleiten und am Abend am Nautischen Dialog mit teilhaben.<\/p><p>Der <strong>Schifffahrtsverlag HANSA<\/strong> mit der gleichnamigen, im Jahr 1864 als <em>\u00bbZeitschrift f\u00fcr deutsches Seewesen\u00ab<\/em> ins Leben gerufen Publikation ist heute eine der f\u00fchrenden internationalen maritimen Fachzeitschriften. Sie informiert monatlich die Entscheider der Branche und \u00fcber das online-Portal <a href=\"https:\/\/hansa-online.de\/\">https:\/\/hansa-online.de\/<\/a> stehen den Mitgliedern der Nautischen Vereine stets tagesaktuelle Informationen zu besonders g\u00fcnstigen Konditionen zur Verf\u00fcgung. Der Verlag ist der fachliche Medienpartner f\u00fcr den Deutschen Schifffahrtstag 2022.<\/p><p>Das <strong>Maritime Cluster Norddeutschland (MCN<\/strong>, <a href=\"https:\/\/www.maritimes-cluster.de\/\">https:\/\/www.maritimes-cluster.de\/<\/a>) ist ein l\u00e4nder\u00fcbergreifendes Netzwerk, das die Zusammenarbeit in der norddeutschen maritimen Branche f\u00f6rdert und st\u00e4rkt. Es erm\u00f6glicht Plattformen des Dialogs der Akteure untereinander und f\u00f6rdert Schnittstellen zu anderen Branchen. Das MCN m\u00f6chte den Deutschen Schifffahrtstag durch die Gestaltung und Ausrichtung einer maritimen Innovationsmeile aktiv begleiten und unterst\u00fctzen.<\/p><p>Die <strong>Bremische Hafen- und Logistikvertretung (BHV<\/strong>, <a href=\"https:\/\/bhv-bremen.de\/\">https:\/\/bhv-bremen.de\/<\/a>) ist ein Verein mit rund 250 Mitgliedsunternehmen aus der Logistik-, Hafen- und Transportwirtschaft \u00fcberwiegend aus Bremen und Bremerhaven. Da die Belange der Schifffahrt auf dass engste mit den Zielen und Interessen der BHV und deren Mitglieder verbunden sind, werden vielf\u00e4ltige Formen der Zusammenarbeit zum Deutschen Schifffahrtstag entstehen. Zudem wird die BHV an Bord der Alexander von Humboldt II bei der gro\u00dfen Schiffs- und Bootsparade dabei sein.<\/p><p>Die 1865 gegr\u00fcndete DGzRS (<strong>Deutsche Gesellschaft zur Rettung Schiffbr\u00fcchiger (<\/strong><em><a href=\"https:\/\/www.seenotretter.de\/\">DGzRS<\/a><\/em><strong>)<\/strong>, Bremen) ist zust\u00e4ndig f\u00fcr den Such- und Rettungsdienst auf Nord- und Ostsee. Die Seenotretter fahren mit 60 Rettungseinheiten Jahr f\u00fcr Jahr mehr als 2.000 Eins\u00e4tze \u2013 rund um die Uhr, bei jedem Wetter, finanziert ausschlie\u00dflich durch freiwillige Zuwendungen. Auch bei der gro\u00dfen Schiffs- und Bootsparade auf der Weser anl\u00e4sslich des Deutschen Schifffahrtstages werden die Seenotretter aktiv beteiligt sein.<\/p><p>Wo Au\u00dfenhandel getrieben wird, ist auch der <strong>Zoll <\/strong>(<a href=\"https:\/\/www.zoll.de\/DE\/Home\/home_node.html\">Zoll online &#8211; Startseite<\/a>)\u00a0zuhause. Der Zoll ist heute eine moderne B\u00fcrger- und Wirtschaftsverwaltung des Bundes, deren T\u00e4tigkeitsspektrum von der reinen Dienstleistung bis zum hoheitlichen Handeln reicht. In ganz Deutschland sind \u00fcber 44.000 Z\u00f6llnerinnen und Z\u00f6llner zust\u00e4ndig f\u00fcr die Sicherung der Staatsfinanzen, den Schutz der Sozialsysteme sowie den Umwelt- und Verbraucherschutz. Im Zuge des Deutschen Schifffahrtstages wird der Zoll \u00fcber vielf\u00e4ltige berufliche M\u00f6glichkeiten informieren und sich mit seinen Fahrzeugen an der Schiffs- und Bootsparade auf der Weser aktiv beteiligen.\u00a0<\/p><p>Die <strong>Wasserschutzpolizeiinspektion der Polizeidirektion Oldenburg<\/strong> wird die Kolleginnen und Kollegen der Wasserschutzpolizei Bremen bei der gro\u00dfen Schiffs- und Bootsparade von Bremen nach Bremerhaven mit mehreren Fahrzeugen bei der Absicherung unterst\u00fctzen; die Einsatzleitung obliegt hierbei der Wasserschutzpolizei Bremen. Weiterhin wird das gro\u00dfe K\u00fcstenboot W3 als Teilnehmer an der gro\u00dfen Parade teilnehmen.<\/p>\t\t\t\t\t\t<\/div>\n\t\t\t\t<\/div>\n\t\t\t\t\t<\/div>\n\t\t<\/div>\n\t\t\t\t\t<\/div>\n\t\t<\/section>\n\t\t\t\t<section class=\"elementor-section elementor-top-section elementor-element elementor-element-27f61f6 elementor-section-boxed elementor-section-height-default elementor-section-height-default\" data-id=\"27f61f6\" data-element_type=\"section\" data-settings=\"{&quot;background_background&quot;:&quot;classic&quot;}\">\n\t\t\t\t\t\t<div class=\"elementor-container elementor-column-gap-default\">\n\t\t\t\t\t<div class=\"elementor-column elementor-col-100 elementor-top-column elementor-element elementor-element-21c398b\" data-id=\"21c398b\" data-element_type=\"column\">\n\t\t\t<div class=\"elementor-widget-wrap elementor-element-populated\">\n\t\t\t\t\t\t<div class=\"elementor-element elementor-element-24fb47d elementor-skin-carousel elementor-arrows-yes elementor-pagination-type-bullets elementor-pagination-position-outside elementor-widget elementor-widget-media-carousel\" data-id=\"24fb47d\" data-element_type=\"widget\" data-settings=\"{&quot;speed&quot;:300,&quot;autoplay_speed&quot;:3000,&quot;skin&quot;:&quot;carousel&quot;,&quot;effect&quot;:&quot;slide&quot;,&quot;show_arrows&quot;:&quot;yes&quot;,&quot;pagination&quot;:&quot;bullets&quot;,&quot;autoplay&quot;:&quot;yes&quot;,&quot;loop&quot;:&quot;yes&quot;,&quot;pause_on_hover&quot;:&quot;yes&quot;,&quot;pause_on_interaction&quot;:&quot;yes&quot;,&quot;space_between&quot;:{&quot;unit&quot;:&quot;px&quot;,&quot;size&quot;:10,&quot;sizes&quot;:[]},&quot;space_between_tablet&quot;:{&quot;unit&quot;:&quot;px&quot;,&quot;size&quot;:10,&quot;sizes&quot;:[]},&quot;space_between_mobile&quot;:{&quot;unit&quot;:&quot;px&quot;,&quot;size&quot;:10,&quot;sizes&quot;:[]}}\" data-widget_type=\"media-carousel.default\">\n\t\t\t\t<div class=\"elementor-widget-container\">\n\t\t\t\t\t<div class=\"elementor-swiper\">\n\t\t\t<div class=\"elementor-main-swiper swiper-container\">\n\t\t\t\t<div class=\"swiper-wrapper\">\n\t\t\t\t\t\t\t\t\t\t\t<div class=\"swiper-slide\">\n\t\t\t\t\t\t\t<a href=\"https:\/\/www.shortseashipping.de\/\">\t\t<div class=\"elementor-carousel-image\" role=\"img\" aria-label=\"SPC Logo neu\" style=\"background-image: url(&#039;https:\/\/bremen.deutscher-schifffahrtstag.de\/wp-content\/uploads\/2022\/01\/SPC-Logo-neu-1024x499.jpg&#039;)\">\n\n\t\t\t\n\t\t\t\t\t<\/div>\n\t\t<\/a>\t\t\t\t\t\t<\/div>\n\t\t\t\t\t\t\t\t\t\t\t<div class=\"swiper-slide\">\n\t\t\t\t\t\t\t<a href=\"https:\/\/www.gdws.wsv.bund.de\/DE\/startseite\/startseite_node.html\">\t\t<div class=\"elementor-carousel-image\" role=\"img\" aria-label=\"wasserstraben-und-schifffahrtsverwaltung-des-bundes-wsvde-vector-logo\" style=\"background-image: url(&#039;https:\/\/bremen.deutscher-schifffahrtstag.de\/wp-content\/uploads\/2021\/11\/wasserstraben-und-schifffahrtsverwaltung-des-bundes-wsvde-vector-logo.png&#039;)\">\n\n\t\t\t\n\t\t\t\t\t<\/div>\n\t\t<\/a>\t\t\t\t\t\t<\/div>\n\t\t\t\t\t\t\t\t\t\t\t<div class=\"swiper-slide\">\n\t\t\t\t\t\t\t<a href=\"https:\/\/www.bremen.de\/tourismus\/erlebnisse\">\t\t<div class=\"elementor-carousel-image\" role=\"img\" aria-label=\"logo-bremen-erleben\" style=\"background-image: url(&#039;https:\/\/bremen.deutscher-schifffahrtstag.de\/wp-content\/uploads\/2021\/11\/logo-bremen-erleben.png&#039;)\">\n\n\t\t\t\n\t\t\t\t\t<\/div>\n\t\t<\/a>\t\t\t\t\t\t<\/div>\n\t\t\t\t\t\t\t\t\t\t\t<div class=\"swiper-slide\">\n\t\t\t\t\t\t\t<a href=\"https:\/\/www.hs-bremen.de\/\">\t\t<div class=\"elementor-carousel-image\" role=\"img\" aria-label=\"Logo_HSB_Hochschule_Bremen\" style=\"background-image: url(&#039;https:\/\/bremen.deutscher-schifffahrtstag.de\/wp-content\/uploads\/2021\/11\/Logo_HSB_Hochschule_Bremen-1024x476.png&#039;)\">\n\n\t\t\t\n\t\t\t\t\t<\/div>\n\t\t<\/a>\t\t\t\t\t\t<\/div>\n\t\t\t\t\t\t\t\t\t\t\t<div class=\"swiper-slide\">\n\t\t\t\t\t\t\t<a href=\"https:\/\/bremenports.de\/\">\t\t<div class=\"elementor-carousel-image\" role=\"img\" aria-label=\"bremenports-logo-verzeichnis1-700x700 (1)\" style=\"background-image: url(&#039;https:\/\/bremen.deutscher-schifffahrtstag.de\/wp-content\/uploads\/2022\/02\/bremenports-logo-verzeichnis1-700x700-1-1.png&#039;)\">\n\n\t\t\t\n\t\t\t\t\t<\/div>\n\t\t<\/a>\t\t\t\t\t\t<\/div>\n\t\t\t\t\t\t\t\t\t\t\t<div class=\"swiper-slide\">\n\t\t\t\t\t\t\t<a href=\"https:\/\/www.handelskammer-bremen.de\/\">\t\t<div class=\"elementor-carousel-image\" role=\"img\" aria-label=\"HK Bremen\" style=\"background-image: url(&#039;https:\/\/bremen.deutscher-schifffahrtstag.de\/wp-content\/uploads\/2021\/11\/HK-Bremen.png&#039;)\">\n\n\t\t\t\n\t\t\t\t\t<\/div>\n\t\t<\/a>\t\t\t\t\t\t<\/div>\n\t\t\t\t\t\t\t\t\t\t\t<div class=\"swiper-slide\">\n\t\t\t\t\t\t\t<a href=\"https:\/\/www.bremen-city.de\/\">\t\t<div class=\"elementor-carousel-image\" role=\"img\" aria-label=\"CI Bremen\" style=\"background-image: url(&#039;https:\/\/bremen.deutscher-schifffahrtstag.de\/wp-content\/uploads\/2021\/11\/CI-Bremen.png&#039;)\">\n\n\t\t\t\n\t\t\t\t\t<\/div>\n\t\t<\/a>\t\t\t\t\t\t<\/div>\n\t\t\t\t\t\t\t\t\t\t\t<div class=\"swiper-slide\">\n\t\t\t\t\t\t\t<a href=\"https:\/\/www.polizei.bremen.de\/wasserschutz-2040\">\t\t<div class=\"elementor-carousel-image\" role=\"img\" aria-label=\"bild-12475\" style=\"background-image: url(&#039;https:\/\/bremen.deutscher-schifffahrtstag.de\/wp-content\/uploads\/2021\/11\/bild-12475-1.jpg&#039;)\">\n\n\t\t\t\n\t\t\t\t\t<\/div>\n\t\t<\/a>\t\t\t\t\t\t<\/div>\n\t\t\t\t\t\t\t\t\t\t\t<div class=\"swiper-slide\">\n\t\t\t\t\t\t\t<a href=\"https:\/\/vdwt.de\/\">\t\t<div class=\"elementor-carousel-image\" role=\"img\" aria-label=\"1624304438891\" style=\"background-image: url(&#039;https:\/\/bremen.deutscher-schifffahrtstag.de\/wp-content\/uploads\/2021\/11\/1624304438891.jpg&#039;)\">\n\n\t\t\t\n\t\t\t\t\t<\/div>\n\t\t<\/a>\t\t\t\t\t\t<\/div>\n\t\t\t\t\t\t\t\t\t\t\t<div class=\"swiper-slide\">\n\t\t\t\t\t\t\t<a href=\"https:\/\/www.l-m-b.de\/web\/\">\t\t<div class=\"elementor-carousel-image\" role=\"img\" aria-label=\"logo-klein\" style=\"background-image: url(&#039;https:\/\/bremen.deutscher-schifffahrtstag.de\/wp-content\/uploads\/2021\/12\/logo-klein.png&#039;)\">\n\n\t\t\t\n\t\t\t\t\t<\/div>\n\t\t<\/a>\t\t\t\t\t\t<\/div>\n\t\t\t\t\t\t\t\t\t\t\t<div class=\"swiper-slide\">\n\t\t\t\t\t\t\t<a href=\"https:\/\/www.sta-g.de\/\">\t\t<div class=\"elementor-carousel-image\" role=\"img\" aria-label=\"logo_stag\" style=\"background-image: url(&#039;https:\/\/bremen.deutscher-schifffahrtstag.de\/wp-content\/uploads\/2021\/12\/logo_stag-981x1024.png&#039;)\">\n\n\t\t\t\n\t\t\t\t\t<\/div>\n\t\t<\/a>\t\t\t\t\t\t<\/div>\n\t\t\t\t\t\t\t\t\t\t\t<div class=\"swiper-slide\">\n\t\t\t\t\t\t\t<a href=\"https:\/\/hansa-online.de\/\">\t\t<div class=\"elementor-carousel-image\" role=\"img\" aria-label=\"hansa\" style=\"background-image: url(&#039;https:\/\/bremen.deutscher-schifffahrtstag.de\/wp-content\/uploads\/2021\/09\/hansa-2.png&#039;)\">\n\n\t\t\t\n\t\t\t\t\t<\/div>\n\t\t<\/a>\t\t\t\t\t\t<\/div>\n\t\t\t\t\t\t\t\t\t\t\t<div class=\"swiper-slide\">\n\t\t\t\t\t\t\t<a href=\"https:\/\/www.maritimes-cluster.de\/\">\t\t<div class=\"elementor-carousel-image\" role=\"img\" aria-label=\"logo-maritimes-cluster-norddeutschland\" style=\"background-image: url(&#039;https:\/\/bremen.deutscher-schifffahrtstag.de\/wp-content\/uploads\/2022\/01\/logo-maritimes-cluster-norddeutschland.jpg&#039;)\">\n\n\t\t\t\n\t\t\t\t\t<\/div>\n\t\t<\/a>\t\t\t\t\t\t<\/div>\n\t\t\t\t\t\t\t\t\t\t\t<div class=\"swiper-slide\">\n\t\t\t\t\t\t\t<a href=\"https:\/\/bhv-bremen.de\/\">\t\t<div class=\"elementor-carousel-image\" role=\"img\" aria-label=\"BHV Logo\" style=\"background-image: url(&#039;https:\/\/bremen.deutscher-schifffahrtstag.de\/wp-content\/uploads\/2022\/01\/306_logo_bremische_hafenvertretung_schwarz-1024x724.jpg&#039;)\">\n\n\t\t\t\n\t\t\t\t\t<\/div>\n\t\t<\/a>\t\t\t\t\t\t<\/div>\n\t\t\t\t\t\t\t\t\t\t\t<div class=\"swiper-slide\">\n\t\t\t\t\t\t\t<a href=\"https:\/\/www.seenotretter.de\/\">\t\t<div class=\"elementor-carousel-image\" role=\"img\" aria-label=\"Logo_DGzRS_neu.svg\" style=\"background-image: url(&#039;https:\/\/bremen.deutscher-schifffahrtstag.de\/wp-content\/uploads\/2022\/02\/Logo_DGzRS_neu.svg_-1024x1024.png&#039;)\">\n\n\t\t\t\n\t\t\t\t\t<\/div>\n\t\t<\/a>\t\t\t\t\t\t<\/div>\n\t\t\t\t\t\t\t\t\t\t\t<div class=\"swiper-slide\">\n\t\t\t\t\t\t\t\t\t<div class=\"elementor-carousel-image\" role=\"img\" aria-label=\"int_zoll_logo_rgb_xxl[6187]\" style=\"background-image: url(&#039;https:\/\/bremen.deutscher-schifffahrtstag.de\/wp-content\/uploads\/2022\/02\/int_zoll_logo_rgb_xxl6187-1024x751.jpg&#039;)\">\n\n\t\t\t\n\t\t\t\t\t<\/div>\n\t\t\t\t\t\t\t\t<\/div>\n\t\t\t\t\t\t\t\t\t\t\t<div class=\"swiper-slide\">\n\t\t\t\t\t\t\t<a href=\"https:\/\/www.pd-ol.polizei-nds.de\/dienststellen\/wasserschutzpolizeiinspektion\/wasserschutzpolizei-niedersachsen-111140.html\">\t\t<div class=\"elementor-carousel-image\" role=\"img\" aria-label=\"WSPI_wei\u00df\" style=\"background-image: url(&#039;https:\/\/bremen.deutscher-schifffahrtstag.de\/wp-content\/uploads\/2022\/06\/WSPI_weiss-1024x387.jpg&#039;)\">\n\n\t\t\t\n\t\t\t\t\t<\/div>\n\t\t<\/a>\t\t\t\t\t\t<\/div>\n\t\t\t\t\t\t\t\t\t<\/div>\n\t\t\t\t\t\t\t\t\t\t\t\t\t\t\t<div class=\"swiper-pagination\"><\/div>\n\t\t\t\t\t\t\t\t\t\t\t\t\t\t\t\t<div class=\"elementor-swiper-button elementor-swiper-button-prev\" role=\"button\" tabindex=\"0\">\n\t\t\t\t\t\t\t<i aria-hidden=\"true\" class=\"eicon-chevron-left\"><\/i>\t\t\t\t\t\t\t<span class=\"elementor-screen-only\">Voriger<\/span>\n\t\t\t\t\t\t<\/div>\n\t\t\t\t\t\t<div class=\"elementor-swiper-button elementor-swiper-button-next\" role=\"button\" tabindex=\"0\">\n\t\t\t\t\t\t\t<i aria-hidden=\"true\" class=\"eicon-chevron-right\"><\/i>\t\t\t\t\t\t\t<span class=\"elementor-screen-only\">N\u00e4chster<\/span>\n\t\t\t\t\t\t<\/div>\n\t\t\t\t\t\t\t\t\t\t\t\t<\/div>\n\t\t<\/div>\n\t\t\t\t<\/div>\n\t\t\t\t<\/div>\n\t\t\t\t\t<\/div>\n\t\t<\/div>\n\t\t\t\t\t<\/div>\n\t\t<\/section>\n\t\t\t\t<section class=\"elementor-section elementor-top-section elementor-element elementor-element-acd9b8d elementor-section-boxed elementor-section-height-default elementor-section-height-default\" data-id=\"acd9b8d\" data-element_type=\"section\">\n\t\t\t\t\t\t<div class=\"elementor-container elementor-column-gap-default\">\n\t\t\t\t\t<div class=\"elementor-column elementor-col-100 elementor-top-column elementor-element elementor-element-6697dfe\" data-id=\"6697dfe\" data-element_type=\"column\">\n\t\t\t<div class=\"elementor-widget-wrap elementor-element-populated\">\n\t\t\t\t\t\t<div class=\"elementor-element elementor-element-c70ba01 elementor-widget elementor-widget-heading\" data-id=\"c70ba01\" data-element_type=\"widget\" id=\"sponsoren\" data-widget_type=\"heading.default\">\n\t\t\t\t<div class=\"elementor-widget-container\">\n\t\t\t<h1 class=\"elementor-heading-title elementor-size-default\">Spenderinnen und Spender<\/h1>\t\t<\/div>\n\t\t\t\t<\/div>\n\t\t\t\t\t<\/div>\n\t\t<\/div>\n\t\t\t\t\t<\/div>\n\t\t<\/section>\n\t\t\t\t<section class=\"elementor-section elementor-top-section elementor-element elementor-element-dfaa6d4 elementor-section-boxed elementor-section-height-default elementor-section-height-default\" data-id=\"dfaa6d4\" data-element_type=\"section\" data-settings=\"{&quot;background_background&quot;:&quot;classic&quot;}\">\n\t\t\t\t\t\t<div class=\"elementor-container elementor-column-gap-default\">\n\t\t\t\t\t<div class=\"elementor-column elementor-col-100 elementor-top-column elementor-element elementor-element-3f6bffa\" data-id=\"3f6bffa\" data-element_type=\"column\">\n\t\t\t<div class=\"elementor-widget-wrap elementor-element-populated\">\n\t\t\t\t\t\t<div class=\"elementor-element elementor-element-16f107a elementor-widget elementor-widget-text-editor\" data-id=\"16f107a\" data-element_type=\"widget\" data-widget_type=\"text-editor.default\">\n\t\t\t\t<div class=\"elementor-widget-container\">\n\t\t\t\t\t\t\t<h2 style=\"text-align: center;\"><span style=\"color: #000000;\"><strong>Wir danken unseren Unterst\u00fctzern. Dank Ihrer Hilfe steht zu erwarten, dass der DEUTSCHE SCHIFFFAHRTSTAG 2022 ein gro\u00dfer gemeinsamer Erfolg wird.<\/strong><\/span><\/h2><h1 style=\"text-align: center;\"><span style=\"color: #000000;\"><strong>Unterst\u00fctzen auch Sie den Deutschen Schifffahrtstag 2022 mit einer Spende!<\/strong><\/span><\/h1>\t\t\t\t\t\t<\/div>\n\t\t\t\t<\/div>\n\t\t\t\t<div class=\"elementor-element elementor-element-becea72 elementor-widget elementor-widget-text-editor\" data-id=\"becea72\" data-element_type=\"widget\" data-widget_type=\"text-editor.default\">\n\t\t\t\t<div class=\"elementor-widget-container\">\n\t\t\t\t\t\t\t<p>Zur Planung, Organisation und Ausrichtung des Deutschen Schifffahrtstages 2022 ist auch Ihre Unterst\u00fctzung erw\u00fcnscht, weshalb wir uns \u00fcber eine entsprechende Spende an den Nautischen Verein zu Bremen, den Nautischen Verein zu Bremerhaven oder aber den Deutschen Nautischen Verein sehr freuen w\u00fcrden. Den vollst\u00e4ndigen Spendenaufruf dazu finden Sie<em><strong><a href=\"https:\/\/bremen.deutscher-schifffahrtstag.de\/wp-content\/uploads\/2022\/03\/Spendenaufruf-zum-DEUTSCHEN-SCHIFFFAHRTSTAG-1.pdf\"> hier<\/a><\/strong><\/em>.<\/p><p>Bitte \u00fcberweisen Sie Ihre Spende unter dem Stichwort \u201e<em>DST 2022<\/em>\u201c an :<\/p><p>NV zu Bremerhaven &#8211; IBAN: DE13 2925 0000 0002 0134 36, Weser Elbe Sparkasse<br \/>NV zu Bremen &#8211; IBAN: DE41 2905 0101 0001 0123 68, Sparkasse Bremen<br \/>DNV e.V. &#8211; IBAN: DE56 2005 0550 1382 1213 72, Hamburger Sparkasse.<\/p><p>Eine Spendenbescheinigung wird Ihnen umgehend zugesandt. Herzlichen Dank.<\/p>\t\t\t\t\t\t<\/div>\n\t\t\t\t<\/div>\n\t\t\t\t<div class=\"elementor-element elementor-element-322e286 elementor-skin-carousel elementor-arrows-yes elementor-pagination-type-bullets elementor-pagination-position-outside elementor-widget elementor-widget-media-carousel\" data-id=\"322e286\" data-element_type=\"widget\" data-settings=\"{&quot;slides_per_view&quot;:&quot;5&quot;,&quot;skin&quot;:&quot;carousel&quot;,&quot;effect&quot;:&quot;slide&quot;,&quot;show_arrows&quot;:&quot;yes&quot;,&quot;pagination&quot;:&quot;bullets&quot;,&quot;speed&quot;:500,&quot;autoplay&quot;:&quot;yes&quot;,&quot;autoplay_speed&quot;:5000,&quot;loop&quot;:&quot;yes&quot;,&quot;pause_on_hover&quot;:&quot;yes&quot;,&quot;pause_on_interaction&quot;:&quot;yes&quot;,&quot;space_between&quot;:{&quot;unit&quot;:&quot;px&quot;,&quot;size&quot;:10,&quot;sizes&quot;:[]},&quot;space_between_tablet&quot;:{&quot;unit&quot;:&quot;px&quot;,&quot;size&quot;:10,&quot;sizes&quot;:[]},&quot;space_between_mobile&quot;:{&quot;unit&quot;:&quot;px&quot;,&quot;size&quot;:10,&quot;sizes&quot;:[]}}\" data-widget_type=\"media-carousel.default\">\n\t\t\t\t<div class=\"elementor-widget-container\">\n\t\t\t\t\t<div class=\"elementor-swiper\">\n\t\t\t<div class=\"elementor-main-swiper swiper-container\">\n\t\t\t\t<div class=\"swiper-wrapper\">\n\t\t\t\t\t\t\t\t\t\t\t<div class=\"swiper-slide\">\n\t\t\t\t\t\t\t<a href=\"https:\/\/bremenports.de\/\">\t\t<div class=\"elementor-carousel-image\" role=\"img\" aria-label=\"bremenports-logo-verzeichnis1-700x700\" style=\"background-image: url(&#039;https:\/\/bremen.deutscher-schifffahrtstag.de\/wp-content\/uploads\/2022\/02\/bremenports-logo-verzeichnis1-700x700-1.png&#039;)\">\n\n\t\t\t\n\t\t\t\t\t<\/div>\n\t\t<\/a>\t\t\t\t\t\t<\/div>\n\t\t\t\t\t\t\t\t\t\t\t<div class=\"swiper-slide\">\n\t\t\t\t\t\t\t<a href=\"https:\/\/www.atlantik-brh.de\/#\/home\">\t\t<div class=\"elementor-carousel-image\" role=\"img\" aria-label=\"Atlantik_Logo_Only_White\" style=\"background-image: url(&#039;https:\/\/bremen.deutscher-schifffahrtstag.de\/wp-content\/uploads\/2022\/09\/Atlantik_Logo_Only_White.png&#039;)\">\n\n\t\t\t\n\t\t\t\t\t<\/div>\n\t\t<\/a>\t\t\t\t\t\t<\/div>\n\t\t\t\t\t\t\t\t\t\t\t<div class=\"swiper-slide\">\n\t\t\t\t\t\t\t<a href=\"https:\/\/shipdefence.de\/\">\t\t<div class=\"elementor-carousel-image\" role=\"img\" aria-label=\"schutzverein\" style=\"background-image: url(&#039;https:\/\/bremen.deutscher-schifffahrtstag.de\/wp-content\/uploads\/2022\/05\/schutzverein-3.png&#039;)\">\n\n\t\t\t\n\t\t\t\t\t<\/div>\n\t\t<\/a>\t\t\t\t\t\t<\/div>\n\t\t\t\t\t\t\t\t\t\t\t<div class=\"swiper-slide\">\n\t\t\t\t\t\t\t<a href=\"https:\/\/www.bremerhavenpilot.de\/\">\t\t<div class=\"elementor-carousel-image\" role=\"img\" aria-label=\"Hafenlotsen\" style=\"background-image: url(&#039;https:\/\/bremen.deutscher-schifffahrtstag.de\/wp-content\/uploads\/2022\/05\/Hafenlotsen-1.png&#039;)\">\n\n\t\t\t\n\t\t\t\t\t<\/div>\n\t\t<\/a>\t\t\t\t\t\t<\/div>\n\t\t\t\t\t\t\t\t\t\t\t<div class=\"swiper-slide\">\n\t\t\t\t\t\t\t<a href=\"https:\/\/www.dbh.de\/\">\t\t<div class=\"elementor-carousel-image\" role=\"img\" aria-label=\"dbh\" style=\"background-image: url(&#039;https:\/\/bremen.deutscher-schifffahrtstag.de\/wp-content\/uploads\/2022\/05\/dbh-1.png&#039;)\">\n\n\t\t\t\n\t\t\t\t\t<\/div>\n\t\t<\/a>\t\t\t\t\t\t<\/div>\n\t\t\t\t\t\t\t\t\t\t\t<div class=\"swiper-slide\">\n\t\t\t\t\t\t\t<a href=\"https:\/\/www.scandlines.de\/\">\t\t<div class=\"elementor-carousel-image\" role=\"img\" aria-label=\"Scandlines\" style=\"background-image: url(&#039;https:\/\/bremen.deutscher-schifffahrtstag.de\/wp-content\/uploads\/2022\/05\/Scandlines.png&#039;)\">\n\n\t\t\t\n\t\t\t\t\t<\/div>\n\t\t<\/a>\t\t\t\t\t\t<\/div>\n\t\t\t\t\t\t\t\t\t\t\t<div class=\"swiper-slide\">\n\t\t\t\t\t\t\t<a href=\"https:\/\/www.ubh-online.de\/\">\t\t<div class=\"elementor-carousel-image\" role=\"img\" aria-label=\"ubh\" style=\"background-image: url(&#039;https:\/\/bremen.deutscher-schifffahrtstag.de\/wp-content\/uploads\/2022\/06\/ubh.png&#039;)\">\n\n\t\t\t\n\t\t\t\t\t<\/div>\n\t\t<\/a>\t\t\t\t\t\t<\/div>\n\t\t\t\t\t\t\t\t\t\t\t<div class=\"swiper-slide\">\n\t\t\t\t\t\t\t<a href=\"https:\/\/www.tiemann.de\/virthos.php\">\t\t<div class=\"elementor-carousel-image\" role=\"img\" aria-label=\"tiemann\" style=\"background-image: url(&#039;https:\/\/bremen.deutscher-schifffahrtstag.de\/wp-content\/uploads\/2022\/07\/tiemann.png&#039;)\">\n\n\t\t\t\n\t\t\t\t\t<\/div>\n\t\t<\/a>\t\t\t\t\t\t<\/div>\n\t\t\t\t\t\t\t\t\t\t\t<div class=\"swiper-slide\">\n\t\t\t\t\t\t\t<a href=\"http:\/\/www1.eurogate.de\/\">\t\t<div class=\"elementor-carousel-image\" role=\"img\" aria-label=\"eurogate\" style=\"background-image: url(&#039;https:\/\/bremen.deutscher-schifffahrtstag.de\/wp-content\/uploads\/2022\/07\/eurogate.png&#039;)\">\n\n\t\t\t\n\t\t\t\t\t<\/div>\n\t\t<\/a>\t\t\t\t\t\t<\/div>\n\t\t\t\t\t\t\t\t\t\t\t<div class=\"swiper-slide\">\n\t\t\t\t\t\t\t<a href=\"https:\/\/www.dnv.de\/\">\t\t<div class=\"elementor-carousel-image\" role=\"img\" aria-label=\"DNV\" style=\"background-image: url(&#039;https:\/\/bremen.deutscher-schifffahrtstag.de\/wp-content\/uploads\/2022\/07\/DNV.png&#039;)\">\n\n\t\t\t\n\t\t\t\t\t<\/div>\n\t\t<\/a>\t\t\t\t\t\t<\/div>\n\t\t\t\t\t\t\t\t\t\t\t<div class=\"swiper-slide\">\n\t\t\t\t\t\t\t<a href=\"https:\/\/www.wfb-bremen.de\/de\/page\/startseite\">\t\t<div class=\"elementor-carousel-image\" role=\"img\" aria-label=\"WFB\" style=\"background-image: url(&#039;https:\/\/bremen.deutscher-schifffahrtstag.de\/wp-content\/uploads\/2022\/07\/WFB.png&#039;)\">\n\n\t\t\t\n\t\t\t\t\t<\/div>\n\t\t<\/a>\t\t\t\t\t\t<\/div>\n\t\t\t\t\t\t\t\t\t\t\t<div class=\"swiper-slide\">\n\t\t\t\t\t\t\t<a href=\"https:\/\/www.zvds.de\/normalnavigation\/startseite\/\">\t\t<div class=\"elementor-carousel-image\" role=\"img\" aria-label=\"ZVDS\" style=\"background-image: url(&#039;https:\/\/bremen.deutscher-schifffahrtstag.de\/wp-content\/uploads\/2022\/08\/ZVDS.jpg&#039;)\">\n\n\t\t\t\n\t\t\t\t\t<\/div>\n\t\t<\/a>\t\t\t\t\t\t<\/div>\n\t\t\t\t\t\t\t\t\t\t\t<div class=\"swiper-slide\">\n\t\t\t\t\t\t\t<a href=\"https:\/\/www.hapag-lloyd.com\/de\/home.html\">\t\t<div class=\"elementor-carousel-image\" role=\"img\" aria-label=\"Hapag\" style=\"background-image: url(&#039;https:\/\/bremen.deutscher-schifffahrtstag.de\/wp-content\/uploads\/2022\/08\/Hapag.jpg&#039;)\">\n\n\t\t\t\n\t\t\t\t\t<\/div>\n\t\t<\/a>\t\t\t\t\t\t<\/div>\n\t\t\t\t\t\t\t\t\t\t\t<div class=\"swiper-slide\">\n\t\t\t\t\t\t\t<a href=\"https:\/\/wwhttps:\/\/www.vhbs.de\/index.php?id=5w.vhbs.de\/index.php?id=5\">\t\t<div class=\"elementor-carousel-image\" role=\"img\" aria-label=\"Bild1\" style=\"background-image: url(&#039;https:\/\/bremen.deutscher-schifffahrtstag.de\/wp-content\/uploads\/2022\/09\/Bild1-1.png&#039;)\">\n\n\t\t\t\n\t\t\t\t\t<\/div>\n\t\t<\/a>\t\t\t\t\t\t<\/div>\n\t\t\t\t\t\t\t\t\t<\/div>\n\t\t\t\t\t\t\t\t\t\t\t\t\t\t\t<div class=\"swiper-pagination\"><\/div>\n\t\t\t\t\t\t\t\t\t\t\t\t\t\t\t\t<div class=\"elementor-swiper-button elementor-swiper-button-prev\" role=\"button\" tabindex=\"0\">\n\t\t\t\t\t\t\t<i aria-hidden=\"true\" class=\"eicon-chevron-left\"><\/i>\t\t\t\t\t\t\t<span class=\"elementor-screen-only\">Voriger<\/span>\n\t\t\t\t\t\t<\/div>\n\t\t\t\t\t\t<div class=\"elementor-swiper-button elementor-swiper-button-next\" role=\"button\" tabindex=\"0\">\n\t\t\t\t\t\t\t<i aria-hidden=\"true\" class=\"eicon-chevron-right\"><\/i>\t\t\t\t\t\t\t<span class=\"elementor-screen-only\">N\u00e4chster<\/span>\n\t\t\t\t\t\t<\/div>\n\t\t\t\t\t\t\t\t\t\t\t\t<\/div>\n\t\t<\/div>\n\t\t\t\t<\/div>\n\t\t\t\t<\/div>\n\t\t\t\t\t<\/div>\n\t\t<\/div>\n\t\t\t\t\t<\/div>\n\t\t<\/section>\n\t\t\t\t<section class=\"elementor-section elementor-top-section elementor-element elementor-element-4d4b1ca elementor-hidden-desktop elementor-hidden-tablet elementor-hidden-mobile elementor-section-boxed elementor-section-height-default elementor-section-height-default\" data-id=\"4d4b1ca\" data-element_type=\"section\" data-settings=\"{&quot;background_background&quot;:&quot;classic&quot;}\">\n\t\t\t\t\t\t<div class=\"elementor-container elementor-column-gap-default\">\n\t\t\t\t\t<div class=\"elementor-column elementor-col-100 elementor-top-column elementor-element elementor-element-3dbd71f\" data-id=\"3dbd71f\" data-element_type=\"column\">\n\t\t\t<div class=\"elementor-widget-wrap elementor-element-populated\">\n\t\t\t\t\t\t<div class=\"elementor-element elementor-element-878f9f2 elementor-arrows-position-outside elementor-pagination-position-outside elementor-widget elementor-widget-image-carousel\" data-id=\"878f9f2\" data-element_type=\"widget\" data-settings=\"{&quot;slides_to_show&quot;:&quot;3&quot;,&quot;slides_to_show_tablet&quot;:&quot;3&quot;,&quot;navigation&quot;:&quot;both&quot;,&quot;autoplay&quot;:&quot;yes&quot;,&quot;pause_on_hover&quot;:&quot;yes&quot;,&quot;pause_on_interaction&quot;:&quot;yes&quot;,&quot;autoplay_speed&quot;:5000,&quot;infinite&quot;:&quot;yes&quot;,&quot;speed&quot;:500}\" data-widget_type=\"image-carousel.default\">\n\t\t\t\t<div class=\"elementor-widget-container\">\n\t\t\t<style>\/*! elementor - v3.19.0 - 07-02-2024 *\/\n.elementor-widget-image-carousel .swiper,.elementor-widget-image-carousel .swiper-container{position:static}.elementor-widget-image-carousel .swiper-container .swiper-slide figure,.elementor-widget-image-carousel .swiper .swiper-slide figure{line-height:inherit}.elementor-widget-image-carousel .swiper-slide{text-align:center}.elementor-image-carousel-wrapper:not(.swiper-container-initialized):not(.swiper-initialized) .swiper-slide{max-width:calc(100% \/ var(--e-image-carousel-slides-to-show, 3))}<\/style>\t\t<div class=\"elementor-image-carousel-wrapper swiper-container\" dir=\"ltr\">\n\t\t\t<div class=\"elementor-image-carousel swiper-wrapper\" aria-live=\"off\">\n\t\t\t\t\t\t\t\t<div class=\"swiper-slide\" role=\"group\" aria-roledescription=\"slide\" aria-label=\"1 von 5\"><figure class=\"swiper-slide-inner\"><img decoding=\"async\" class=\"swiper-slide-image\" src=\"https:\/\/bremen.deutscher-schifffahrtstag.de\/wp-content\/uploads\/2021\/09\/hansa-1.png\" alt=\"hansa\" \/><\/figure><\/div><div class=\"swiper-slide\" role=\"group\" aria-roledescription=\"slide\" aria-label=\"2 von 5\"><figure class=\"swiper-slide-inner\"><img decoding=\"async\" class=\"swiper-slide-image\" src=\"https:\/\/bremen.deutscher-schifffahrtstag.de\/wp-content\/uploads\/2021\/09\/NVBV-5.png\" alt=\"NVBV\" \/><\/figure><\/div><div class=\"swiper-slide\" role=\"group\" aria-roledescription=\"slide\" aria-label=\"3 von 5\"><figure class=\"swiper-slide-inner\"><img decoding=\"async\" class=\"swiper-slide-image\" src=\"https:\/\/bremen.deutscher-schifffahrtstag.de\/wp-content\/uploads\/2021\/09\/DMB-5.png\" alt=\"DMB\" \/><\/figure><\/div><div class=\"swiper-slide\" role=\"group\" aria-roledescription=\"slide\" aria-label=\"4 von 5\"><figure class=\"swiper-slide-inner\"><img decoding=\"async\" class=\"swiper-slide-image\" src=\"https:\/\/bremen.deutscher-schifffahrtstag.de\/wp-content\/uploads\/2021\/09\/BDB-Logo_frei-5.png\" alt=\"BDB-Logo_frei\" \/><\/figure><\/div><div class=\"swiper-slide\" role=\"group\" aria-roledescription=\"slide\" aria-label=\"5 von 5\"><figure class=\"swiper-slide-inner\"><img decoding=\"async\" class=\"swiper-slide-image\" src=\"https:\/\/bremen.deutscher-schifffahrtstag.de\/wp-content\/uploads\/2021\/09\/dnv-5.png\" alt=\"dnv\" \/><\/figure><\/div>\t\t\t<\/div>\n\t\t\t\t\t\t\t\t\t\t\t\t<div class=\"elementor-swiper-button elementor-swiper-button-prev\" role=\"button\" tabindex=\"0\">\n\t\t\t\t\t\t<i aria-hidden=\"true\" class=\"eicon-chevron-left\"><\/i>\t\t\t\t\t<\/div>\n\t\t\t\t\t<div class=\"elementor-swiper-button elementor-swiper-button-next\" role=\"button\" tabindex=\"0\">\n\t\t\t\t\t\t<i aria-hidden=\"true\" class=\"eicon-chevron-right\"><\/i>\t\t\t\t\t<\/div>\n\t\t\t\t\n\t\t\t\t\t\t\t\t\t<div class=\"swiper-pagination\"><\/div>\n\t\t\t\t\t\t\t\t\t<\/div>\n\t\t\t\t<\/div>\n\t\t\t\t<\/div>\n\t\t\t\t\t<\/div>\n\t\t<\/div>\n\t\t\t\t\t<\/div>\n\t\t<\/section>\n\t\t\t\t<\/div>\n\t\t","protected":false},"excerpt":{"rendered":"<p>unsere partner Die Planung, Organisation und Ausrichtung des Deutschen Schifffahrtstages 2022 ist eine Gemeinschaftsleistung vieler, denn ohne die tatkr\u00e4ftige Unterst\u00fctzung von Beh\u00f6rden wie der Wasserstra\u00dfen- und Schifffahrtsverwaltung des Bundes, des Hansestadt Bremischen Hafenamtes, von Polizei, Feuerwehr und Co. k\u00f6nnte es keine Schiffs- und Bootsparade geben. Gleiches gilt f\u00fcr die vielen Aktivit\u00e4ten an Land, so dass [&hellip;]<\/p>\n","protected":false},"author":1,"featured_media":0,"parent":0,"menu_order":0,"comment_status":"closed","ping_status":"closed","template":"elementor_header_footer","meta":{"footnotes":""},"class_list":["post-18","page","type-page","status-publish","hentry"],"_links":{"self":[{"href":"https:\/\/bremen.deutscher-schifffahrtstag.de\/index.php\/wp-json\/wp\/v2\/pages\/18","targetHints":{"allow":["GET"]}}],"collection":[{"href":"https:\/\/bremen.deutscher-schifffahrtstag.de\/index.php\/wp-json\/wp\/v2\/pages"}],"about":[{"href":"https:\/\/bremen.deutscher-schifffahrtstag.de\/index.php\/wp-json\/wp\/v2\/types\/page"}],"author":[{"embeddable":true,"href":"https:\/\/bremen.deutscher-schifffahrtstag.de\/index.php\/wp-json\/wp\/v2\/users\/1"}],"replies":[{"embeddable":true,"href":"https:\/\/bremen.deutscher-schifffahrtstag.de\/index.php\/wp-json\/wp\/v2\/comments?post=18"}],"version-history":[{"count":10,"href":"https:\/\/bremen.deutscher-schifffahrtstag.de\/index.php\/wp-json\/wp\/v2\/pages\/18\/revisions"}],"predecessor-version":[{"id":6133,"href":"https:\/\/bremen.deutscher-schifffahrtstag.de\/index.php\/wp-json\/wp\/v2\/pages\/18\/revisions\/6133"}],"wp:attachment":[{"href":"https:\/\/bremen.deutscher-schifffahrtstag.de\/index.php\/wp-json\/wp\/v2\/media?parent=18"}],"curies":[{"name":"wp","href":"https:\/\/api.w.org\/{rel}","templated":true}]}}