{"id":1703,"date":"2021-10-26T16:37:36","date_gmt":"2021-10-26T16:37:36","guid":{"rendered":"https:\/\/bremen.deutscher-schifffahrtstag.de\/?page_id=1703"},"modified":"2022-09-29T06:09:49","modified_gmt":"2022-09-29T06:09:49","slug":"30-september-schiffs-und-bootsparade-auf-der-weser","status":"publish","type":"page","link":"https:\/\/bremen.deutscher-schifffahrtstag.de\/index.php\/30-september-schiffs-und-bootsparade-auf-der-weser\/","title":{"rendered":"Schiffs- und Bootsparade auf der Weser"},"content":{"rendered":"\t\t<div data-elementor-type=\"wp-page\" data-elementor-id=\"1703\" class=\"elementor elementor-1703\" data-elementor-post-type=\"page\">\n\t\t\t\t\t\t<section class=\"elementor-section elementor-top-section elementor-element elementor-element-1898947 elementor-section-boxed elementor-section-height-default elementor-section-height-default\" data-id=\"1898947\" data-element_type=\"section\">\n\t\t\t\t\t\t<div class=\"elementor-container elementor-column-gap-default\">\n\t\t\t\t\t<div class=\"elementor-column elementor-col-100 elementor-top-column elementor-element elementor-element-b0b1cdf\" data-id=\"b0b1cdf\" data-element_type=\"column\">\n\t\t\t<div class=\"elementor-widget-wrap elementor-element-populated\">\n\t\t\t\t\t\t<div class=\"elementor-element elementor-element-1171e37 elementor-widget elementor-widget-heading\" data-id=\"1171e37\" data-element_type=\"widget\" data-widget_type=\"heading.default\">\n\t\t\t\t<div class=\"elementor-widget-container\">\n\t\t\t<style>\/*! elementor - v3.19.0 - 07-02-2024 *\/\n.elementor-heading-title{padding:0;margin:0;line-height:1}.elementor-widget-heading .elementor-heading-title[class*=elementor-size-]>a{color:inherit;font-size:inherit;line-height:inherit}.elementor-widget-heading .elementor-heading-title.elementor-size-small{font-size:15px}.elementor-widget-heading .elementor-heading-title.elementor-size-medium{font-size:19px}.elementor-widget-heading .elementor-heading-title.elementor-size-large{font-size:29px}.elementor-widget-heading .elementor-heading-title.elementor-size-xl{font-size:39px}.elementor-widget-heading .elementor-heading-title.elementor-size-xxl{font-size:59px}<\/style><h2 class=\"elementor-heading-title elementor-size-default\"><b>Schiffs- und Bootsparade auf der Weser - 30. September 2022<\/b><\/h2>\t\t<\/div>\n\t\t\t\t<\/div>\n\t\t\t\t<div class=\"elementor-element elementor-element-81d10c4 elementor-widget elementor-widget-text-editor\" data-id=\"81d10c4\" data-element_type=\"widget\" data-widget_type=\"text-editor.default\">\n\t\t\t\t<div class=\"elementor-widget-container\">\n\t\t\t<style>\/*! elementor - v3.19.0 - 07-02-2024 *\/\n.elementor-widget-text-editor.elementor-drop-cap-view-stacked .elementor-drop-cap{background-color:#69727d;color:#fff}.elementor-widget-text-editor.elementor-drop-cap-view-framed .elementor-drop-cap{color:#69727d;border:3px solid;background-color:transparent}.elementor-widget-text-editor:not(.elementor-drop-cap-view-default) .elementor-drop-cap{margin-top:8px}.elementor-widget-text-editor:not(.elementor-drop-cap-view-default) .elementor-drop-cap-letter{width:1em;height:1em}.elementor-widget-text-editor .elementor-drop-cap{float:left;text-align:center;line-height:1;font-size:50px}.elementor-widget-text-editor .elementor-drop-cap-letter{display:inline-block}<\/style>\t\t\t\t<p>Der <b>Deutsche Schifffahrtstag 2022<\/b> findet nicht nur in einer Stadt, sondern mit Bremerhaven und Bremen gleich an zwei maritimen Standorten statt. Die gemeinsame Lebensader und zugleich das verbindende Element der beiden Schwesterst\u00e4dte war und ist die Weser und was k\u00f6nnte da n\u00e4her liegen, als diese enge Verbindung mit einer gro\u00dfen Schiffs- und Bootsparade auf der Weser zu unterstreichen? Unter der Schirmherrschaft der Senatorin f\u00fcr Wissenschaft und H\u00e4fen der Freien Hansestadt Bremen, Frau Dr. Claudia Schilling, wird sich dazu am 30. September um 0800 eine gro\u00dfe Flotte unterschiedlichster Schiffe auf die Reise begeben, um dann vorbei am\u00a0 <a href=\"https:\/\/bremen.deutscher-schifffahrtstag.de\/wp-content\/uploads\/2022\/09\/09_30-Vegesack-feiert-mit.pdf\">400 Jahre alten Vegesacker Hafen<\/a>, den maritimen Standorten Brake und Nordenham bis nach Bremerhaven zu gelangen. Ankunft dort wird gegen 1530 sein. Zusammen mit der Freizeitschifffahrt erwarten wir die gr\u00f6\u00dfte Schiffs- und Bootsparade auf der Weser, die es seit Jahrzehnten gegeben hat. Einen ersten Eindruck von den\u00a0 angek\u00fcndigten Fahrzeugen und der best\u00e4ndig anwachsenden Flotte finden Sie in der nachstehenden Galerie.<\/p><p>Sportbooteigner finden<u> <strong><em><a href=\"https:\/\/bremen.deutscher-schifffahrtstag.de\/wp-content\/uploads\/2021\/12\/Einladung-Bootsparade.pdf\">hier <\/a><\/em><\/strong>e<\/u>inen Aufruf des Landesverbandes Motorbootsport Bremen e.V. zur Teilnahme. Das Formular zur Anmeldung zur Bootsparade und\/oder zur Lampion-Fahrt finden Sie<a href=\"https:\/\/bremen.deutscher-schifffahrtstag.de\/wp-content\/uploads\/2022\/07\/AnmeldebogenA\u00b2.pdf\">\u00a0<em><strong>hier<\/strong><\/em><\/a><em><strong>.<\/strong><\/em> Aus organisatorischen Gr\u00fcnden bitten wir um Anmeldung unter sport@l-m-b.de.\u00a0<\/p><p>Zum Abschluss der Parade besteht f\u00fcr alle beteiligten Spotboote de Gelegenheit, im Neuen Hafen Bremerhavens bei der <a href=\"https:\/\/www.im-jaich.de\/hafen\/bremerhaven\/\">&#8222;<i>Im Jaich Lloyd Marina<\/i>&#8222;<\/a> zu verweilen und gerne auch\u00a0 \u00fcber Nacht zu bleiben. Und als kleines Dankesch\u00f6n \u00fcbernimmt der Deutsche Nautische Verein hier f\u00fcr die Nacht auf den 1. Oktober die ansonsten anfallenden Liegegeb\u00fchren.\u00a0<\/p><p>Die Schiffs- und Bootsparade wird auch aus der Luft begleitet und mit der <b><i><a href=\"https:\/\/bremen.deutscher-schifffahrtstag.de\/index.php\/weser-cycle-tour\/\">Weser Cycle Tour<\/a><\/i><\/b> wird es die tolle M\u00f6glichkeit geben, die Parade besonders nachhaltig, n\u00e4mlich mit dem Fahrrad zu begleiten.\u00a0 Sie sehen, es ist f\u00fcr alle genau das Richtige dabei und das sollten Sie auf keinen Fall verpassen!<\/p>\t\t\t\t\t\t<\/div>\n\t\t\t\t<\/div>\n\t\t\t\t\t<\/div>\n\t\t<\/div>\n\t\t\t\t\t<\/div>\n\t\t<\/section>\n\t\t\t\t<section class=\"elementor-section elementor-top-section elementor-element elementor-element-fb3ee65 elementor-section-boxed elementor-section-height-default elementor-section-height-default\" data-id=\"fb3ee65\" data-element_type=\"section\">\n\t\t\t\t\t\t<div class=\"elementor-container elementor-column-gap-default\">\n\t\t\t\t\t<div class=\"elementor-column elementor-col-33 elementor-top-column elementor-element elementor-element-10b5f02\" data-id=\"10b5f02\" data-element_type=\"column\">\n\t\t\t<div class=\"elementor-widget-wrap elementor-element-populated\">\n\t\t\t\t\t\t<div class=\"elementor-element elementor-element-a62d036 elementor-widget elementor-widget-image\" data-id=\"a62d036\" data-element_type=\"widget\" data-widget_type=\"image.default\">\n\t\t\t\t<div class=\"elementor-widget-container\">\n\t\t\t<style>\/*! elementor - v3.19.0 - 07-02-2024 *\/\n.elementor-widget-image{text-align:center}.elementor-widget-image a{display:inline-block}.elementor-widget-image a img[src$=\".svg\"]{width:48px}.elementor-widget-image img{vertical-align:middle;display:inline-block}<\/style>\t\t\t\t\t\t\t<figure class=\"wp-caption\">\n\t\t\t\t\t\t\t\t\t\t\t<a href=\"https:\/\/bremen.deutscher-schifffahrtstag.de\/wp-content\/uploads\/2021\/10\/Lissy.jpg\" data-elementor-open-lightbox=\"yes\" data-elementor-lightbox-title=\"Gro\u00dfherzogin Elisabeth\" data-elementor-lightbox-description=\"Eigner: Schulschiffverein Gro\u00dfherzogin Elisabeth e.V. \/ Schiffstyp: Gaffelschoner \/ Breite: 8,23 m \/ L\u00e4nge: 63,7 m \/ Baujahr: 1909\" data-e-action-hash=\"#elementor-action%3Aaction%3Dlightbox%26settings%3DeyJpZCI6MTc5OCwidXJsIjoiaHR0cHM6XC9cL2JyZW1lbi5kZXV0c2NoZXItc2NoaWZmZmFocnRzdGFnLmRlXC93cC1jb250ZW50XC91cGxvYWRzXC8yMDIxXC8xMFwvTGlzc3kuanBnIn0%3D\">\n\t\t\t\t\t\t\t<img fetchpriority=\"high\" decoding=\"async\" width=\"474\" height=\"324\" src=\"https:\/\/bremen.deutscher-schifffahrtstag.de\/wp-content\/uploads\/2021\/10\/Lissy-474x324.jpg\" class=\"attachment-meccarouselthumb size-meccarouselthumb wp-image-1798\" alt=\"\" \/>\t\t\t\t\t\t\t\t<\/a>\n\t\t\t\t\t\t\t\t\t\t\t<figcaption class=\"widget-image-caption wp-caption-text\">Gro\u00dfherzogin Elisabeth<\/figcaption>\n\t\t\t\t\t\t\t\t\t\t<\/figure>\n\t\t\t\t\t\t\t<\/div>\n\t\t\t\t<\/div>\n\t\t\t\t<div class=\"elementor-element elementor-element-07045d6 elementor-widget elementor-widget-image\" data-id=\"07045d6\" data-element_type=\"widget\" data-widget_type=\"image.default\">\n\t\t\t\t<div class=\"elementor-widget-container\">\n\t\t\t\t\t\t\t\t\t\t<figure class=\"wp-caption\">\n\t\t\t\t\t\t\t\t\t\t\t<a href=\"https:\/\/bremen.deutscher-schifffahrtstag.de\/wp-content\/uploads\/2021\/10\/Wal.jpg\" data-elementor-open-lightbox=\"yes\" data-elementor-lightbox-title=\"Dampfeisbrecher Wal\" data-elementor-lightbox-description=\"Eigner: Schifffahrts-Compagnie Bremerhaven e.V. \/ Schiffstyp: Eisbrecher \/ L\u00e4nge 49,96 m \/ Breite: 12,3 m \/ Stapellauf: 1938\" data-e-action-hash=\"#elementor-action%3Aaction%3Dlightbox%26settings%3DeyJpZCI6MTc4MywidXJsIjoiaHR0cHM6XC9cL2JyZW1lbi5kZXV0c2NoZXItc2NoaWZmZmFocnRzdGFnLmRlXC93cC1jb250ZW50XC91cGxvYWRzXC8yMDIxXC8xMFwvV2FsLmpwZyJ9\">\n\t\t\t\t\t\t\t<img decoding=\"async\" width=\"474\" height=\"324\" src=\"https:\/\/bremen.deutscher-schifffahrtstag.de\/wp-content\/uploads\/2021\/10\/Wal-474x324.jpg\" class=\"attachment-meccarouselthumb size-meccarouselthumb wp-image-1783\" alt=\"\" \/>\t\t\t\t\t\t\t\t<\/a>\n\t\t\t\t\t\t\t\t\t\t\t<figcaption class=\"widget-image-caption wp-caption-text\">Dampfeisbrecher Wal<\/figcaption>\n\t\t\t\t\t\t\t\t\t\t<\/figure>\n\t\t\t\t\t\t\t<\/div>\n\t\t\t\t<\/div>\n\t\t\t\t<div class=\"elementor-element elementor-element-5aed5f6 elementor-widget elementor-widget-image\" data-id=\"5aed5f6\" data-element_type=\"widget\" data-widget_type=\"image.default\">\n\t\t\t\t<div class=\"elementor-widget-container\">\n\t\t\t\t\t\t\t\t\t\t<figure class=\"wp-caption\">\n\t\t\t\t\t\t\t\t\t\t\t<a href=\"https:\/\/bremen.deutscher-schifffahrtstag.de\/wp-content\/uploads\/2022\/03\/79F5063A-045E-48C5-BEC9-6B03B8C8E1E7-scaled.jpeg\" data-elementor-open-lightbox=\"yes\" data-elementor-lightbox-title=\"Borkum\" data-elementor-lightbox-description=\"Eigner: \tBundesministerium der Finanzen \/ Schiffstyp: Zollkreuzer \/ L\u00e4nge: 49,42 m \/ Breite: 19 m \/ Stapellauf: 2010\" data-e-action-hash=\"#elementor-action%3Aaction%3Dlightbox%26settings%3DeyJpZCI6Mzg5MywidXJsIjoiaHR0cHM6XC9cL2JyZW1lbi5kZXV0c2NoZXItc2NoaWZmZmFocnRzdGFnLmRlXC93cC1jb250ZW50XC91cGxvYWRzXC8yMDIyXC8wM1wvNzlGNTA2M0EtMDQ1RS00OEM1LUJFQzktNkIwM0I4QzhFMUU3LXNjYWxlZC5qcGVnIn0%3D\">\n\t\t\t\t\t\t\t<img decoding=\"async\" width=\"474\" height=\"324\" src=\"https:\/\/bremen.deutscher-schifffahrtstag.de\/wp-content\/uploads\/2022\/03\/79F5063A-045E-48C5-BEC9-6B03B8C8E1E7-474x324.jpeg\" class=\"attachment-meccarouselthumb size-meccarouselthumb wp-image-3893\" alt=\"\" \/>\t\t\t\t\t\t\t\t<\/a>\n\t\t\t\t\t\t\t\t\t\t\t<figcaption class=\"widget-image-caption wp-caption-text\">Borkum<\/figcaption>\n\t\t\t\t\t\t\t\t\t\t<\/figure>\n\t\t\t\t\t\t\t<\/div>\n\t\t\t\t<\/div>\n\t\t\t\t<div class=\"elementor-element elementor-element-5d8a806 elementor-widget elementor-widget-image\" data-id=\"5d8a806\" data-element_type=\"widget\" data-widget_type=\"image.default\">\n\t\t\t\t<div class=\"elementor-widget-container\">\n\t\t\t\t\t\t\t\t\t\t<figure class=\"wp-caption\">\n\t\t\t\t\t\t\t\t\t\t\t<a href=\"https:\/\/bremen.deutscher-schifffahrtstag.de\/wp-content\/uploads\/2021\/10\/Nordergruende.jpg\" data-elementor-open-lightbox=\"yes\" data-elementor-lightbox-title=\"Nordergr\u00fcnde\" data-elementor-lightbox-description=\"Eigner: Wasser- und Schifffahrtsverwaltung des Bundes \/ Schiffstyp: Seezeichenschiff \/ L\u00e4nge 43,22 m \/ Breite: 10,65 m \/ Stapellauf: 2012\" data-e-action-hash=\"#elementor-action%3Aaction%3Dlightbox%26settings%3DeyJpZCI6MTgwMCwidXJsIjoiaHR0cHM6XC9cL2JyZW1lbi5kZXV0c2NoZXItc2NoaWZmZmFocnRzdGFnLmRlXC93cC1jb250ZW50XC91cGxvYWRzXC8yMDIxXC8xMFwvTm9yZGVyZ3J1ZW5kZS5qcGcifQ%3D%3D\">\n\t\t\t\t\t\t\t<img loading=\"lazy\" decoding=\"async\" width=\"474\" height=\"324\" src=\"https:\/\/bremen.deutscher-schifffahrtstag.de\/wp-content\/uploads\/2021\/10\/Nordergruende-474x324.jpg\" class=\"attachment-meccarouselthumb size-meccarouselthumb wp-image-1800\" alt=\"\" \/>\t\t\t\t\t\t\t\t<\/a>\n\t\t\t\t\t\t\t\t\t\t\t<figcaption class=\"widget-image-caption wp-caption-text\">Nordergr\u00fcnde<\/figcaption>\n\t\t\t\t\t\t\t\t\t\t<\/figure>\n\t\t\t\t\t\t\t<\/div>\n\t\t\t\t<\/div>\n\t\t\t\t<div class=\"elementor-element elementor-element-fbb6bda elementor-widget elementor-widget-image\" data-id=\"fbb6bda\" data-element_type=\"widget\" data-widget_type=\"image.default\">\n\t\t\t\t<div class=\"elementor-widget-container\">\n\t\t\t\t\t\t\t\t\t\t<figure class=\"wp-caption\">\n\t\t\t\t\t\t\t\t\t\t\t<a href=\"https:\/\/bremen.deutscher-schifffahrtstag.de\/wp-content\/uploads\/2021\/12\/die-ehemalige-senatsbarkasse-senator-stadt-12542.jpg\" data-elementor-open-lightbox=\"yes\" data-elementor-lightbox-title=\"MS Senator\" data-elementor-lightbox-description=\"Eigner: MS Senator e.V. \/ Schiffstyp: Barkasse \/ L\u00e4nge: 26,18 m \/ Breite: 6,44 m \/ Stapellauf: 1979\" data-e-action-hash=\"#elementor-action%3Aaction%3Dlightbox%26settings%3DeyJpZCI6MjMzOSwidXJsIjoiaHR0cHM6XC9cL2JyZW1lbi5kZXV0c2NoZXItc2NoaWZmZmFocnRzdGFnLmRlXC93cC1jb250ZW50XC91cGxvYWRzXC8yMDIxXC8xMlwvZGllLWVoZW1hbGlnZS1zZW5hdHNiYXJrYXNzZS1zZW5hdG9yLXN0YWR0LTEyNTQyLmpwZyJ9\">\n\t\t\t\t\t\t\t<img loading=\"lazy\" decoding=\"async\" width=\"474\" height=\"324\" src=\"https:\/\/bremen.deutscher-schifffahrtstag.de\/wp-content\/uploads\/2021\/12\/die-ehemalige-senatsbarkasse-senator-stadt-12542-474x324.jpg\" class=\"attachment-meccarouselthumb size-meccarouselthumb wp-image-2339\" alt=\"\" \/>\t\t\t\t\t\t\t\t<\/a>\n\t\t\t\t\t\t\t\t\t\t\t<figcaption class=\"widget-image-caption wp-caption-text\">MS Senator<\/figcaption>\n\t\t\t\t\t\t\t\t\t\t<\/figure>\n\t\t\t\t\t\t\t<\/div>\n\t\t\t\t<\/div>\n\t\t\t\t<div class=\"elementor-element elementor-element-4969a76 elementor-widget elementor-widget-image\" data-id=\"4969a76\" data-element_type=\"widget\" data-widget_type=\"image.default\">\n\t\t\t\t<div class=\"elementor-widget-container\">\n\t\t\t\t\t\t\t\t\t\t<figure class=\"wp-caption\">\n\t\t\t\t\t\t\t\t\t\t\t<a href=\"https:\/\/bremen.deutscher-schifffahrtstag.de\/wp-content\/uploads\/2022\/08\/90-Kuestenboot-W3-in-Fahrt-scaled.jpg\" data-elementor-open-lightbox=\"yes\" data-elementor-lightbox-title=\"K\u00fcstenboot W3\" data-e-action-hash=\"#elementor-action%3Aaction%3Dlightbox%26settings%3DeyJpZCI6NTQwMSwidXJsIjoiaHR0cHM6XC9cL2JyZW1lbi5kZXV0c2NoZXItc2NoaWZmZmFocnRzdGFnLmRlXC93cC1jb250ZW50XC91cGxvYWRzXC8yMDIyXC8wOFwvOTAtS3Vlc3RlbmJvb3QtVzMtaW4tRmFocnQtc2NhbGVkLmpwZyJ9\">\n\t\t\t\t\t\t\t<img loading=\"lazy\" decoding=\"async\" width=\"474\" height=\"324\" src=\"https:\/\/bremen.deutscher-schifffahrtstag.de\/wp-content\/uploads\/2022\/08\/90-Kuestenboot-W3-in-Fahrt-474x324.jpg\" class=\"attachment-meccarouselthumb size-meccarouselthumb wp-image-5401\" alt=\"\" \/>\t\t\t\t\t\t\t\t<\/a>\n\t\t\t\t\t\t\t\t\t\t\t<figcaption class=\"widget-image-caption wp-caption-text\">K\u00fcstenboot W3<\/figcaption>\n\t\t\t\t\t\t\t\t\t\t<\/figure>\n\t\t\t\t\t\t\t<\/div>\n\t\t\t\t<\/div>\n\t\t\t\t<div class=\"elementor-element elementor-element-d411440 elementor-widget elementor-widget-image\" data-id=\"d411440\" data-element_type=\"widget\" data-widget_type=\"image.default\">\n\t\t\t\t<div class=\"elementor-widget-container\">\n\t\t\t\t\t\t\t\t\t\t<figure class=\"wp-caption\">\n\t\t\t\t\t\t\t\t\t\t\t<a href=\"https:\/\/bremen.deutscher-schifffahrtstag.de\/wp-content\/uploads\/2022\/01\/Oceana_bremerhaven_hg.jpg\" data-elementor-open-lightbox=\"yes\" data-elementor-lightbox-title=\"Oceana\" data-elementor-lightbox-description=\"Eigner: Hal \u00d6ver \/ Schiffstyp: Fahrgastschiff \/ L\u00e4nge 55,2 m \/ Breite: 9,8 m \/ Stapellauf: 1937\" data-e-action-hash=\"#elementor-action%3Aaction%3Dlightbox%26settings%3DeyJpZCI6Mjc3MSwidXJsIjoiaHR0cHM6XC9cL2JyZW1lbi5kZXV0c2NoZXItc2NoaWZmZmFocnRzdGFnLmRlXC93cC1jb250ZW50XC91cGxvYWRzXC8yMDIyXC8wMVwvT2NlYW5hX2JyZW1lcmhhdmVuX2hnLmpwZyJ9\">\n\t\t\t\t\t\t\t<img loading=\"lazy\" decoding=\"async\" width=\"474\" height=\"324\" src=\"https:\/\/bremen.deutscher-schifffahrtstag.de\/wp-content\/uploads\/2022\/01\/Oceana_bremerhaven_hg-474x324.jpg\" class=\"attachment-meccarouselthumb size-meccarouselthumb wp-image-2771\" alt=\"\" \/>\t\t\t\t\t\t\t\t<\/a>\n\t\t\t\t\t\t\t\t\t\t\t<figcaption class=\"widget-image-caption wp-caption-text\">MS Oceana<\/figcaption>\n\t\t\t\t\t\t\t\t\t\t<\/figure>\n\t\t\t\t\t\t\t<\/div>\n\t\t\t\t<\/div>\n\t\t\t\t<div class=\"elementor-element elementor-element-3dbd119 elementor-widget elementor-widget-image\" data-id=\"3dbd119\" data-element_type=\"widget\" data-widget_type=\"image.default\">\n\t\t\t\t<div class=\"elementor-widget-container\">\n\t\t\t\t\t\t\t\t\t\t<figure class=\"wp-caption\">\n\t\t\t\t\t\t\t\t\t\t\t<a href=\"https:\/\/bremen.deutscher-schifffahrtstag.de\/wp-content\/uploads\/2022\/09\/SG-Harriersand.jpg\" data-elementor-open-lightbox=\"yes\" data-elementor-lightbox-title=\"SG Harriersand\" data-e-action-hash=\"#elementor-action%3Aaction%3Dlightbox%26settings%3DeyJpZCI6NjE2NCwidXJsIjoiaHR0cHM6XC9cL2JyZW1lbi5kZXV0c2NoZXItc2NoaWZmZmFocnRzdGFnLmRlXC93cC1jb250ZW50XC91cGxvYWRzXC8yMDIyXC8wOVwvU0ctSGFycmllcnNhbmQuanBnIn0%3D\">\n\t\t\t\t\t\t\t<img loading=\"lazy\" decoding=\"async\" width=\"474\" height=\"324\" src=\"https:\/\/bremen.deutscher-schifffahrtstag.de\/wp-content\/uploads\/2022\/09\/SG-Harriersand-474x324.jpg\" class=\"attachment-meccarouselthumb size-meccarouselthumb wp-image-6164\" alt=\"\" \/>\t\t\t\t\t\t\t\t<\/a>\n\t\t\t\t\t\t\t\t\t\t\t<figcaption class=\"widget-image-caption wp-caption-text\">SG Harriersand<\/figcaption>\n\t\t\t\t\t\t\t\t\t\t<\/figure>\n\t\t\t\t\t\t\t<\/div>\n\t\t\t\t<\/div>\n\t\t\t\t<div class=\"elementor-element elementor-element-2f0be35 elementor-widget elementor-widget-image\" data-id=\"2f0be35\" data-element_type=\"widget\" data-widget_type=\"image.default\">\n\t\t\t\t<div class=\"elementor-widget-container\">\n\t\t\t\t\t\t\t\t\t\t<figure class=\"wp-caption\">\n\t\t\t\t\t\t\t\t\t\t\t<a href=\"https:\/\/bremen.deutscher-schifffahrtstag.de\/wp-content\/uploads\/2022\/04\/Walvis.png\" data-elementor-open-lightbox=\"yes\" data-elementor-lightbox-title=\"Walvis\" data-elementor-lightbox-description=\"Eigner: Bremerhavener Hafenlotse Bauer\/ Schiffstyp: Plattenbodenschiff\" data-e-action-hash=\"#elementor-action%3Aaction%3Dlightbox%26settings%3DeyJpZCI6NDM3MywidXJsIjoiaHR0cHM6XC9cL2JyZW1lbi5kZXV0c2NoZXItc2NoaWZmZmFocnRzdGFnLmRlXC93cC1jb250ZW50XC91cGxvYWRzXC8yMDIyXC8wNFwvV2FsdmlzLnBuZyJ9\">\n\t\t\t\t\t\t\t<img loading=\"lazy\" decoding=\"async\" width=\"474\" height=\"324\" src=\"https:\/\/bremen.deutscher-schifffahrtstag.de\/wp-content\/uploads\/2022\/04\/Walvis-474x324.png\" class=\"attachment-meccarouselthumb size-meccarouselthumb wp-image-4373\" alt=\"\" \/>\t\t\t\t\t\t\t\t<\/a>\n\t\t\t\t\t\t\t\t\t\t\t<figcaption class=\"widget-image-caption wp-caption-text\">Walvis<\/figcaption>\n\t\t\t\t\t\t\t\t\t\t<\/figure>\n\t\t\t\t\t\t\t<\/div>\n\t\t\t\t<\/div>\n\t\t\t\t<div class=\"elementor-element elementor-element-8da0cc6 elementor-widget elementor-widget-image\" data-id=\"8da0cc6\" data-element_type=\"widget\" data-widget_type=\"image.default\">\n\t\t\t\t<div class=\"elementor-widget-container\">\n\t\t\t\t\t\t\t\t\t\t<figure class=\"wp-caption\">\n\t\t\t\t\t\t\t\t\t\t\t<a href=\"https:\/\/bremen.deutscher-schifffahrtstag.de\/wp-content\/uploads\/2022\/05\/52-Deutsche-Marine-Barkasse-V-11-scaled.jpg\" data-elementor-open-lightbox=\"yes\" data-elementor-lightbox-title=\"Deutsche Marine Barkasse V-11\" data-e-action-hash=\"#elementor-action%3Aaction%3Dlightbox%26settings%3DeyJpZCI6NDcyMCwidXJsIjoiaHR0cHM6XC9cL2JyZW1lbi5kZXV0c2NoZXItc2NoaWZmZmFocnRzdGFnLmRlXC93cC1jb250ZW50XC91cGxvYWRzXC8yMDIyXC8wNVwvNTItRGV1dHNjaGUtTWFyaW5lLUJhcmthc3NlLVYtMTEtc2NhbGVkLmpwZyJ9\">\n\t\t\t\t\t\t\t<img loading=\"lazy\" decoding=\"async\" width=\"474\" height=\"324\" src=\"https:\/\/bremen.deutscher-schifffahrtstag.de\/wp-content\/uploads\/2022\/05\/52-Deutsche-Marine-Barkasse-V-11-474x324.jpg\" class=\"attachment-meccarouselthumb size-meccarouselthumb wp-image-4720\" alt=\"\" \/>\t\t\t\t\t\t\t\t<\/a>\n\t\t\t\t\t\t\t\t\t\t\t<figcaption class=\"widget-image-caption wp-caption-text\">Deutsche Marine Barkasse V-11 <\/figcaption>\n\t\t\t\t\t\t\t\t\t\t<\/figure>\n\t\t\t\t\t\t\t<\/div>\n\t\t\t\t<\/div>\n\t\t\t\t<div class=\"elementor-element elementor-element-1a16456 elementor-widget elementor-widget-image\" data-id=\"1a16456\" data-element_type=\"widget\" data-widget_type=\"image.default\">\n\t\t\t\t<div class=\"elementor-widget-container\">\n\t\t\t\t\t\t\t\t\t\t<figure class=\"wp-caption\">\n\t\t\t\t\t\t\t\t\t\t<img loading=\"lazy\" decoding=\"async\" width=\"474\" height=\"324\" src=\"https:\/\/bremen.deutscher-schifffahrtstag.de\/wp-content\/uploads\/2022\/08\/92-MS-Friedrich-474x324.jpg\" class=\"attachment-meccarouselthumb size-meccarouselthumb wp-image-5525\" alt=\"\" \/>\t\t\t\t\t\t\t\t\t\t\t<figcaption class=\"widget-image-caption wp-caption-text\">MS Friedrich<\/figcaption>\n\t\t\t\t\t\t\t\t\t\t<\/figure>\n\t\t\t\t\t\t\t<\/div>\n\t\t\t\t<\/div>\n\t\t\t\t<div class=\"elementor-element elementor-element-2fdc87f elementor-widget elementor-widget-image\" data-id=\"2fdc87f\" data-element_type=\"widget\" data-widget_type=\"image.default\">\n\t\t\t\t<div class=\"elementor-widget-container\">\n\t\t\t\t\t\t\t\t\t\t<figure class=\"wp-caption\">\n\t\t\t\t\t\t\t\t\t\t\t<a href=\"https:\/\/bremen.deutscher-schifffahrtstag.de\/wp-content\/uploads\/2022\/06\/kuttrt.png\" data-elementor-open-lightbox=\"yes\" data-elementor-lightbox-title=\"Lischen\" data-elementor-lightbox-description=\"Eigner: Frank Lowak \/ Schiffstyp: Kutter\/ L\u00e4nge: 7,2 m \/ Breite: 2,25 m \" data-e-action-hash=\"#elementor-action%3Aaction%3Dlightbox%26settings%3DeyJpZCI6NTAxNiwidXJsIjoiaHR0cHM6XC9cL2JyZW1lbi5kZXV0c2NoZXItc2NoaWZmZmFocnRzdGFnLmRlXC93cC1jb250ZW50XC91cGxvYWRzXC8yMDIyXC8wNlwva3V0dHJ0LnBuZyJ9\">\n\t\t\t\t\t\t\t<img loading=\"lazy\" decoding=\"async\" width=\"474\" height=\"324\" src=\"https:\/\/bremen.deutscher-schifffahrtstag.de\/wp-content\/uploads\/2022\/06\/kuttrt-474x324.png\" class=\"attachment-meccarouselthumb size-meccarouselthumb wp-image-5016\" alt=\"\" \/>\t\t\t\t\t\t\t\t<\/a>\n\t\t\t\t\t\t\t\t\t\t\t<figcaption class=\"widget-image-caption wp-caption-text\">Lischen<\/figcaption>\n\t\t\t\t\t\t\t\t\t\t<\/figure>\n\t\t\t\t\t\t\t<\/div>\n\t\t\t\t<\/div>\n\t\t\t\t<div class=\"elementor-element elementor-element-a769479 elementor-widget elementor-widget-image\" data-id=\"a769479\" data-element_type=\"widget\" data-widget_type=\"image.default\">\n\t\t\t\t<div class=\"elementor-widget-container\">\n\t\t\t\t\t\t\t\t\t\t<figure class=\"wp-caption\">\n\t\t\t\t\t\t\t\t\t\t\t<a href=\"https:\/\/bremen.deutscher-schifffahrtstag.de\/wp-content\/uploads\/2022\/01\/4-Jolene-Cordes.jpg\" data-elementor-open-lightbox=\"yes\" data-elementor-lightbox-title=\"Jolene\" data-elementor-lightbox-description=\"Eigner: Familie Cordes \/ Schiffstyp: Motorkaj\u00fctboot \/ L\u00e4nge: 15 m \/ Breite: 4,2 m\" data-e-action-hash=\"#elementor-action%3Aaction%3Dlightbox%26settings%3DeyJpZCI6MjcxNSwidXJsIjoiaHR0cHM6XC9cL2JyZW1lbi5kZXV0c2NoZXItc2NoaWZmZmFocnRzdGFnLmRlXC93cC1jb250ZW50XC91cGxvYWRzXC8yMDIyXC8wMVwvNC1Kb2xlbmUtQ29yZGVzLmpwZyJ9\">\n\t\t\t\t\t\t\t<img loading=\"lazy\" decoding=\"async\" width=\"474\" height=\"324\" src=\"https:\/\/bremen.deutscher-schifffahrtstag.de\/wp-content\/uploads\/2022\/01\/4-Jolene-Cordes-474x324.jpg\" class=\"attachment-meccarouselthumb size-meccarouselthumb wp-image-2715\" alt=\"\" \/>\t\t\t\t\t\t\t\t<\/a>\n\t\t\t\t\t\t\t\t\t\t\t<figcaption class=\"widget-image-caption wp-caption-text\">Jolene<\/figcaption>\n\t\t\t\t\t\t\t\t\t\t<\/figure>\n\t\t\t\t\t\t\t<\/div>\n\t\t\t\t<\/div>\n\t\t\t\t<div class=\"elementor-element elementor-element-bd0def8 elementor-widget elementor-widget-image\" data-id=\"bd0def8\" data-element_type=\"widget\" data-widget_type=\"image.default\">\n\t\t\t\t<div class=\"elementor-widget-container\">\n\t\t\t\t\t\t\t\t\t\t<figure class=\"wp-caption\">\n\t\t\t\t\t\t\t\t\t\t\t<a href=\"https:\/\/bremen.deutscher-schifffahrtstag.de\/wp-content\/uploads\/2022\/01\/Cap-Hoorn.jpg\" data-elementor-open-lightbox=\"yes\" data-elementor-lightbox-title=\"Cap Hoorn\" data-elementor-lightbox-description=\"Eigent\u00fcmer: Marc Bohn \/ Schiffstyp: Motoryacht \/ L\u00e4nge 14,85 Meter \/ Breite 4,55 Meter \/  &quot;Ich bin dabei, weil die Gemeinschaft aller Bootsfahrenden z\u00e4hlt.&quot;\n\" data-e-action-hash=\"#elementor-action%3Aaction%3Dlightbox%26settings%3DeyJpZCI6MjgxMSwidXJsIjoiaHR0cHM6XC9cL2JyZW1lbi5kZXV0c2NoZXItc2NoaWZmZmFocnRzdGFnLmRlXC93cC1jb250ZW50XC91cGxvYWRzXC8yMDIyXC8wMVwvQ2FwLUhvb3JuLmpwZyJ9\">\n\t\t\t\t\t\t\t<img loading=\"lazy\" decoding=\"async\" width=\"474\" height=\"324\" src=\"https:\/\/bremen.deutscher-schifffahrtstag.de\/wp-content\/uploads\/2022\/01\/Cap-Hoorn-474x324.jpg\" class=\"attachment-meccarouselthumb size-meccarouselthumb wp-image-2811\" alt=\"\" \/>\t\t\t\t\t\t\t\t<\/a>\n\t\t\t\t\t\t\t\t\t\t\t<figcaption class=\"widget-image-caption wp-caption-text\">Cap Hoorn<\/figcaption>\n\t\t\t\t\t\t\t\t\t\t<\/figure>\n\t\t\t\t\t\t\t<\/div>\n\t\t\t\t<\/div>\n\t\t\t\t<div class=\"elementor-element elementor-element-27f3a7e elementor-widget elementor-widget-image\" data-id=\"27f3a7e\" data-element_type=\"widget\" data-widget_type=\"image.default\">\n\t\t\t\t<div class=\"elementor-widget-container\">\n\t\t\t\t\t\t\t\t\t\t<figure class=\"wp-caption\">\n\t\t\t\t\t\t\t\t\t\t\t<a href=\"https:\/\/bremen.deutscher-schifffahrtstag.de\/wp-content\/uploads\/2022\/01\/9-Cara.jpg\" data-elementor-open-lightbox=\"yes\" data-elementor-lightbox-title=\"Cara\" data-elementor-lightbox-description=\"Eigner: Werner Kinkartz \/ Schiffstyp: Verdr\u00e4nger \/ L\u00e4nge: 10,5 m \/ Breite: 3,4 m\" data-e-action-hash=\"#elementor-action%3Aaction%3Dlightbox%26settings%3DeyJpZCI6MjgzOCwidXJsIjoiaHR0cHM6XC9cL2JyZW1lbi5kZXV0c2NoZXItc2NoaWZmZmFocnRzdGFnLmRlXC93cC1jb250ZW50XC91cGxvYWRzXC8yMDIyXC8wMVwvOS1DYXJhLmpwZyJ9\">\n\t\t\t\t\t\t\t<img loading=\"lazy\" decoding=\"async\" width=\"474\" height=\"324\" src=\"https:\/\/bremen.deutscher-schifffahrtstag.de\/wp-content\/uploads\/2022\/01\/9-Cara-474x324.jpg\" class=\"attachment-meccarouselthumb size-meccarouselthumb wp-image-2838\" alt=\"\" \/>\t\t\t\t\t\t\t\t<\/a>\n\t\t\t\t\t\t\t\t\t\t\t<figcaption class=\"widget-image-caption wp-caption-text\">Cara<\/figcaption>\n\t\t\t\t\t\t\t\t\t\t<\/figure>\n\t\t\t\t\t\t\t<\/div>\n\t\t\t\t<\/div>\n\t\t\t\t<div class=\"elementor-element elementor-element-e7f55de elementor-widget elementor-widget-image\" data-id=\"e7f55de\" data-element_type=\"widget\" data-widget_type=\"image.default\">\n\t\t\t\t<div class=\"elementor-widget-container\">\n\t\t\t\t\t\t\t\t\t\t<figure class=\"wp-caption\">\n\t\t\t\t\t\t\t\t\t\t\t<a href=\"https:\/\/bremen.deutscher-schifffahrtstag.de\/wp-content\/uploads\/2022\/01\/12-Merlin-scaled.jpg\" data-elementor-open-lightbox=\"yes\" data-elementor-lightbox-title=\"Merlin\" data-elementor-lightbox-description=\"Eigner: Manfred N\u00f6sel \/ Schiffstyp: Verdr\u00e4nger \/ L\u00e4nge: 10 m \/ Breite: 3,35 m\" data-e-action-hash=\"#elementor-action%3Aaction%3Dlightbox%26settings%3DeyJpZCI6MjkwNCwidXJsIjoiaHR0cHM6XC9cL2JyZW1lbi5kZXV0c2NoZXItc2NoaWZmZmFocnRzdGFnLmRlXC93cC1jb250ZW50XC91cGxvYWRzXC8yMDIyXC8wMVwvMTItTWVybGluLXNjYWxlZC5qcGcifQ%3D%3D\">\n\t\t\t\t\t\t\t<img loading=\"lazy\" decoding=\"async\" width=\"474\" height=\"324\" src=\"https:\/\/bremen.deutscher-schifffahrtstag.de\/wp-content\/uploads\/2022\/01\/12-Merlin-474x324.jpg\" class=\"attachment-meccarouselthumb size-meccarouselthumb wp-image-2904\" alt=\"\" \/>\t\t\t\t\t\t\t\t<\/a>\n\t\t\t\t\t\t\t\t\t\t\t<figcaption class=\"widget-image-caption wp-caption-text\">Merlin<\/figcaption>\n\t\t\t\t\t\t\t\t\t\t<\/figure>\n\t\t\t\t\t\t\t<\/div>\n\t\t\t\t<\/div>\n\t\t\t\t<div class=\"elementor-element elementor-element-688d54b elementor-widget elementor-widget-image\" data-id=\"688d54b\" data-element_type=\"widget\" data-widget_type=\"image.default\">\n\t\t\t\t<div class=\"elementor-widget-container\">\n\t\t\t\t\t\t\t\t\t\t<figure class=\"wp-caption\">\n\t\t\t\t\t\t\t\t\t\t\t<a href=\"https:\/\/bremen.deutscher-schifffahrtstag.de\/wp-content\/uploads\/2022\/02\/Screenshot-2022-02-15-112508.png\" data-elementor-open-lightbox=\"yes\" data-elementor-lightbox-title=\"Mio\" data-elementor-lightbox-description=\"Eigner: Andreas Langhoff \/ Schiffstyp: Kaj\u00fctboot \/ L\u00e4nge: 6,5 m \/ Breite: 2,4 m\" data-e-action-hash=\"#elementor-action%3Aaction%3Dlightbox%26settings%3DeyJpZCI6MzQ1NiwidXJsIjoiaHR0cHM6XC9cL2JyZW1lbi5kZXV0c2NoZXItc2NoaWZmZmFocnRzdGFnLmRlXC93cC1jb250ZW50XC91cGxvYWRzXC8yMDIyXC8wMlwvU2NyZWVuc2hvdC0yMDIyLTAyLTE1LTExMjUwOC5wbmcifQ%3D%3D\">\n\t\t\t\t\t\t\t<img loading=\"lazy\" decoding=\"async\" width=\"474\" height=\"324\" src=\"https:\/\/bremen.deutscher-schifffahrtstag.de\/wp-content\/uploads\/2022\/02\/Screenshot-2022-02-15-112508-474x324.png\" class=\"attachment-meccarouselthumb size-meccarouselthumb wp-image-3456\" alt=\"\" \/>\t\t\t\t\t\t\t\t<\/a>\n\t\t\t\t\t\t\t\t\t\t\t<figcaption class=\"widget-image-caption wp-caption-text\">Mio<\/figcaption>\n\t\t\t\t\t\t\t\t\t\t<\/figure>\n\t\t\t\t\t\t\t<\/div>\n\t\t\t\t<\/div>\n\t\t\t\t<div class=\"elementor-element elementor-element-3e68850 elementor-widget elementor-widget-image\" data-id=\"3e68850\" data-element_type=\"widget\" data-widget_type=\"image.default\">\n\t\t\t\t<div class=\"elementor-widget-container\">\n\t\t\t\t\t\t\t\t\t\t<figure class=\"wp-caption\">\n\t\t\t\t\t\t\t\t\t\t\t<a href=\"https:\/\/bremen.deutscher-schifffahrtstag.de\/wp-content\/uploads\/2022\/02\/19-Schoder-scaled.jpeg\" data-elementor-open-lightbox=\"yes\" data-elementor-lightbox-title=\"Jeanneau\" data-elementor-lightbox-description=\"Eigner: Christian Schoder \/ Schiffstyp: Sportboot \/ L\u00e4nge: 8,5 m \/ Breite: 3 m\" data-e-action-hash=\"#elementor-action%3Aaction%3Dlightbox%26settings%3DeyJpZCI6MzQ1NSwidXJsIjoiaHR0cHM6XC9cL2JyZW1lbi5kZXV0c2NoZXItc2NoaWZmZmFocnRzdGFnLmRlXC93cC1jb250ZW50XC91cGxvYWRzXC8yMDIyXC8wMlwvMTktU2Nob2Rlci1zY2FsZWQuanBlZyJ9\">\n\t\t\t\t\t\t\t<img loading=\"lazy\" decoding=\"async\" width=\"474\" height=\"324\" src=\"https:\/\/bremen.deutscher-schifffahrtstag.de\/wp-content\/uploads\/2022\/02\/19-Schoder-474x324.jpeg\" class=\"attachment-meccarouselthumb size-meccarouselthumb wp-image-3455\" alt=\"\" \/>\t\t\t\t\t\t\t\t<\/a>\n\t\t\t\t\t\t\t\t\t\t\t<figcaption class=\"widget-image-caption wp-caption-text\">Jeanneau<\/figcaption>\n\t\t\t\t\t\t\t\t\t\t<\/figure>\n\t\t\t\t\t\t\t<\/div>\n\t\t\t\t<\/div>\n\t\t\t\t<div class=\"elementor-element elementor-element-6d9d900 elementor-widget elementor-widget-image\" data-id=\"6d9d900\" data-element_type=\"widget\" data-widget_type=\"image.default\">\n\t\t\t\t<div class=\"elementor-widget-container\">\n\t\t\t\t\t\t\t\t\t\t<figure class=\"wp-caption\">\n\t\t\t\t\t\t\t\t\t\t\t<a href=\"https:\/\/bremen.deutscher-schifffahrtstag.de\/wp-content\/uploads\/2022\/02\/23-Skorpion-scaled.jpg\" data-elementor-open-lightbox=\"yes\" data-elementor-lightbox-title=\"Skorpion\" data-elementor-lightbox-description=\"Eigner: Werner Judel \/ Schiffstyp: Motorboot Gleiter \/ L\u00e4nge: 8,5 m \/ Breite: 2,6 m\" data-e-action-hash=\"#elementor-action%3Aaction%3Dlightbox%26settings%3DeyJpZCI6MzY4NywidXJsIjoiaHR0cHM6XC9cL2JyZW1lbi5kZXV0c2NoZXItc2NoaWZmZmFocnRzdGFnLmRlXC93cC1jb250ZW50XC91cGxvYWRzXC8yMDIyXC8wMlwvMjMtU2tvcnBpb24tc2NhbGVkLmpwZyJ9\">\n\t\t\t\t\t\t\t<img loading=\"lazy\" decoding=\"async\" width=\"474\" height=\"324\" src=\"https:\/\/bremen.deutscher-schifffahrtstag.de\/wp-content\/uploads\/2022\/02\/23-Skorpion-474x324.jpg\" class=\"attachment-meccarouselthumb size-meccarouselthumb wp-image-3687\" alt=\"\" \/>\t\t\t\t\t\t\t\t<\/a>\n\t\t\t\t\t\t\t\t\t\t\t<figcaption class=\"widget-image-caption wp-caption-text\">Skorpion<\/figcaption>\n\t\t\t\t\t\t\t\t\t\t<\/figure>\n\t\t\t\t\t\t\t<\/div>\n\t\t\t\t<\/div>\n\t\t\t\t<div class=\"elementor-element elementor-element-72e6358 elementor-widget elementor-widget-image\" data-id=\"72e6358\" data-element_type=\"widget\" data-widget_type=\"image.default\">\n\t\t\t\t<div class=\"elementor-widget-container\">\n\t\t\t\t\t\t\t\t\t\t<figure class=\"wp-caption\">\n\t\t\t\t\t\t\t\t\t\t\t<a href=\"https:\/\/bremen.deutscher-schifffahrtstag.de\/wp-content\/uploads\/2022\/04\/27-Hucky.jpeg\" data-elementor-open-lightbox=\"yes\" data-elementor-lightbox-title=\"Hucky\" data-elementor-lightbox-description=\"Eigner: Reiner Flathmann \/ Schiffstyp: Motorboot \/ L\u00e4nge: 11 m \/ Breite: 3,25 m\" data-e-action-hash=\"#elementor-action%3Aaction%3Dlightbox%26settings%3DeyJpZCI6NDI0MywidXJsIjoiaHR0cHM6XC9cL2JyZW1lbi5kZXV0c2NoZXItc2NoaWZmZmFocnRzdGFnLmRlXC93cC1jb250ZW50XC91cGxvYWRzXC8yMDIyXC8wNFwvMjctSHVja3kuanBlZyJ9\">\n\t\t\t\t\t\t\t<img loading=\"lazy\" decoding=\"async\" width=\"474\" height=\"324\" src=\"https:\/\/bremen.deutscher-schifffahrtstag.de\/wp-content\/uploads\/2022\/04\/27-Hucky-474x324.jpeg\" class=\"attachment-meccarouselthumb size-meccarouselthumb wp-image-4243\" alt=\"\" \/>\t\t\t\t\t\t\t\t<\/a>\n\t\t\t\t\t\t\t\t\t\t\t<figcaption class=\"widget-image-caption wp-caption-text\">Hucky<\/figcaption>\n\t\t\t\t\t\t\t\t\t\t<\/figure>\n\t\t\t\t\t\t\t<\/div>\n\t\t\t\t<\/div>\n\t\t\t\t<div class=\"elementor-element elementor-element-494d82c elementor-widget elementor-widget-image\" data-id=\"494d82c\" data-element_type=\"widget\" data-widget_type=\"image.default\">\n\t\t\t\t<div class=\"elementor-widget-container\">\n\t\t\t\t\t\t\t\t\t\t<figure class=\"wp-caption\">\n\t\t\t\t\t\t\t\t\t\t\t<a href=\"https:\/\/bremen.deutscher-schifffahrtstag.de\/wp-content\/uploads\/2022\/04\/35-Eclipse.jpg\" data-elementor-open-lightbox=\"yes\" data-elementor-lightbox-title=\"Eclipse\" data-elementor-lightbox-description=\"Eigner: Patrick Rabe \/ Schiffstyp: Gleiter \/ L\u00e4nge: 7,9 m \/ Breite: 2,5 m\" data-e-action-hash=\"#elementor-action%3Aaction%3Dlightbox%26settings%3DeyJpZCI6NDI0OCwidXJsIjoiaHR0cHM6XC9cL2JyZW1lbi5kZXV0c2NoZXItc2NoaWZmZmFocnRzdGFnLmRlXC93cC1jb250ZW50XC91cGxvYWRzXC8yMDIyXC8wNFwvMzUtRWNsaXBzZS5qcGcifQ%3D%3D\">\n\t\t\t\t\t\t\t<img loading=\"lazy\" decoding=\"async\" width=\"474\" height=\"324\" src=\"https:\/\/bremen.deutscher-schifffahrtstag.de\/wp-content\/uploads\/2022\/04\/35-Eclipse-474x324.jpg\" class=\"attachment-meccarouselthumb size-meccarouselthumb wp-image-4248\" alt=\"\" \/>\t\t\t\t\t\t\t\t<\/a>\n\t\t\t\t\t\t\t\t\t\t\t<figcaption class=\"widget-image-caption wp-caption-text\">Eclipse<\/figcaption>\n\t\t\t\t\t\t\t\t\t\t<\/figure>\n\t\t\t\t\t\t\t<\/div>\n\t\t\t\t<\/div>\n\t\t\t\t<div class=\"elementor-element elementor-element-260383b elementor-widget elementor-widget-image\" data-id=\"260383b\" data-element_type=\"widget\" data-widget_type=\"image.default\">\n\t\t\t\t<div class=\"elementor-widget-container\">\n\t\t\t\t\t\t\t\t\t\t<figure class=\"wp-caption\">\n\t\t\t\t\t\t\t\t\t\t\t<a href=\"https:\/\/bremen.deutscher-schifffahrtstag.de\/wp-content\/uploads\/2022\/06\/58-Knaak.jpg\" data-elementor-open-lightbox=\"yes\" data-elementor-lightbox-title=\"Siddartha\" data-elementor-lightbox-description=\"Eigner: Bernd Knaak \/ Schiffstyp: Gleiter\/ L\u00e4nge: 5,2 m \/ Breite: 2,5 m\" data-e-action-hash=\"#elementor-action%3Aaction%3Dlightbox%26settings%3DeyJpZCI6NDkzNywidXJsIjoiaHR0cHM6XC9cL2JyZW1lbi5kZXV0c2NoZXItc2NoaWZmZmFocnRzdGFnLmRlXC93cC1jb250ZW50XC91cGxvYWRzXC8yMDIyXC8wNlwvNTgtS25hYWsuanBnIn0%3D\">\n\t\t\t\t\t\t\t<img loading=\"lazy\" decoding=\"async\" width=\"474\" height=\"324\" src=\"https:\/\/bremen.deutscher-schifffahrtstag.de\/wp-content\/uploads\/2022\/06\/58-Knaak-474x324.jpg\" class=\"attachment-meccarouselthumb size-meccarouselthumb wp-image-4937\" alt=\"\" \/>\t\t\t\t\t\t\t\t<\/a>\n\t\t\t\t\t\t\t\t\t\t\t<figcaption class=\"widget-image-caption wp-caption-text\">Siddartha<\/figcaption>\n\t\t\t\t\t\t\t\t\t\t<\/figure>\n\t\t\t\t\t\t\t<\/div>\n\t\t\t\t<\/div>\n\t\t\t\t<div class=\"elementor-element elementor-element-5b32c15 elementor-widget elementor-widget-image\" data-id=\"5b32c15\" data-element_type=\"widget\" data-widget_type=\"image.default\">\n\t\t\t\t<div class=\"elementor-widget-container\">\n\t\t\t\t\t\t\t\t\t\t<figure class=\"wp-caption\">\n\t\t\t\t\t\t\t\t\t\t\t<a href=\"https:\/\/bremen.deutscher-schifffahrtstag.de\/wp-content\/uploads\/2022\/04\/36-Werner.jpg\" data-elementor-open-lightbox=\"yes\" data-elementor-lightbox-description=\"Eigner: Peter Werner \/ Schiffstyp: Biam 690 DC\n \/ L\u00e4nge: 6,9 m \/ Breite: 2,49 m\" data-e-action-hash=\"#elementor-action%3Aaction%3Dlightbox%26settings%3DeyJpZCI6NDM1MywidXJsIjoiaHR0cHM6XC9cL2JyZW1lbi5kZXV0c2NoZXItc2NoaWZmZmFocnRzdGFnLmRlXC93cC1jb250ZW50XC91cGxvYWRzXC8yMDIyXC8wNFwvMzYtV2VybmVyLmpwZyJ9\">\n\t\t\t\t\t\t\t<img loading=\"lazy\" decoding=\"async\" width=\"474\" height=\"324\" src=\"https:\/\/bremen.deutscher-schifffahrtstag.de\/wp-content\/uploads\/2022\/04\/36-Werner-474x324.jpg\" class=\"attachment-meccarouselthumb size-meccarouselthumb wp-image-4353\" alt=\"\" \/>\t\t\t\t\t\t\t\t<\/a>\n\t\t\t\t\t\t\t\t\t\t\t<figcaption class=\"widget-image-caption wp-caption-text\">Man Sutje VII<\/figcaption>\n\t\t\t\t\t\t\t\t\t\t<\/figure>\n\t\t\t\t\t\t\t<\/div>\n\t\t\t\t<\/div>\n\t\t\t\t<div class=\"elementor-element elementor-element-76e41df elementor-widget elementor-widget-image\" data-id=\"76e41df\" data-element_type=\"widget\" data-widget_type=\"image.default\">\n\t\t\t\t<div class=\"elementor-widget-container\">\n\t\t\t\t\t\t\t\t\t\t<figure class=\"wp-caption\">\n\t\t\t\t\t\t\t\t\t\t\t<a href=\"https:\/\/bremen.deutscher-schifffahrtstag.de\/wp-content\/uploads\/2022\/08\/108-Mayra-scaled.jpg\" data-elementor-open-lightbox=\"yes\" data-elementor-lightbox-title=\"Mayra\" data-elementor-lightbox-description=\"Schiffstyp: Halbgleiter \/ Eigner: Michael Jepp\/ L\u00e4nge: 8,6 m \/ Breite: 2,9 m\" data-e-action-hash=\"#elementor-action%3Aaction%3Dlightbox%26settings%3DeyJpZCI6NTczMSwidXJsIjoiaHR0cHM6XC9cL2JyZW1lbi5kZXV0c2NoZXItc2NoaWZmZmFocnRzdGFnLmRlXC93cC1jb250ZW50XC91cGxvYWRzXC8yMDIyXC8wOFwvMTA4LU1heXJhLXNjYWxlZC5qcGcifQ%3D%3D\">\n\t\t\t\t\t\t\t<img loading=\"lazy\" decoding=\"async\" width=\"474\" height=\"324\" src=\"https:\/\/bremen.deutscher-schifffahrtstag.de\/wp-content\/uploads\/2022\/08\/108-Mayra-474x324.jpg\" class=\"attachment-meccarouselthumb size-meccarouselthumb wp-image-5731\" alt=\"\" \/>\t\t\t\t\t\t\t\t<\/a>\n\t\t\t\t\t\t\t\t\t\t\t<figcaption class=\"widget-image-caption wp-caption-text\">Mayra<\/figcaption>\n\t\t\t\t\t\t\t\t\t\t<\/figure>\n\t\t\t\t\t\t\t<\/div>\n\t\t\t\t<\/div>\n\t\t\t\t<div class=\"elementor-element elementor-element-6374a75 elementor-widget elementor-widget-image\" data-id=\"6374a75\" data-element_type=\"widget\" data-widget_type=\"image.default\">\n\t\t\t\t<div class=\"elementor-widget-container\">\n\t\t\t\t\t\t\t\t\t\t<figure class=\"wp-caption\">\n\t\t\t\t\t\t\t\t\t\t\t<a href=\"https:\/\/bremen.deutscher-schifffahrtstag.de\/wp-content\/uploads\/2022\/08\/105-OldLady.jpg\" data-elementor-open-lightbox=\"yes\" data-elementor-lightbox-title=\"OldLady\" data-elementor-lightbox-description=\"Schiffstyp: Verdr\u00e4nger Sportboot \/ Eignerin: Helge Hampel \/ L\u00e4nge: 9 m \/ Breite: 3 m\" data-e-action-hash=\"#elementor-action%3Aaction%3Dlightbox%26settings%3DeyJpZCI6NTY5OCwidXJsIjoiaHR0cHM6XC9cL2JyZW1lbi5kZXV0c2NoZXItc2NoaWZmZmFocnRzdGFnLmRlXC93cC1jb250ZW50XC91cGxvYWRzXC8yMDIyXC8wOFwvMTA1LU9sZExhZHkuanBnIn0%3D\">\n\t\t\t\t\t\t\t<img loading=\"lazy\" decoding=\"async\" width=\"474\" height=\"324\" src=\"https:\/\/bremen.deutscher-schifffahrtstag.de\/wp-content\/uploads\/2022\/08\/105-OldLady-474x324.jpg\" class=\"attachment-meccarouselthumb size-meccarouselthumb wp-image-5698\" alt=\"\" \/>\t\t\t\t\t\t\t\t<\/a>\n\t\t\t\t\t\t\t\t\t\t\t<figcaption class=\"widget-image-caption wp-caption-text\">Old Lady<\/figcaption>\n\t\t\t\t\t\t\t\t\t\t<\/figure>\n\t\t\t\t\t\t\t<\/div>\n\t\t\t\t<\/div>\n\t\t\t\t<div class=\"elementor-element elementor-element-87c73af elementor-widget elementor-widget-image\" data-id=\"87c73af\" data-element_type=\"widget\" data-widget_type=\"image.default\">\n\t\t\t\t<div class=\"elementor-widget-container\">\n\t\t\t\t\t\t\t\t\t\t<figure class=\"wp-caption\">\n\t\t\t\t\t\t\t\t\t\t\t<a href=\"https:\/\/bremen.deutscher-schifffahrtstag.de\/wp-content\/uploads\/2022\/09\/Nehalennia.jpg\" data-elementor-open-lightbox=\"yes\" data-elementor-lightbox-title=\"Nehalennia\" data-e-action-hash=\"#elementor-action%3Aaction%3Dlightbox%26settings%3DeyJpZCI6NjI2MiwidXJsIjoiaHR0cHM6XC9cL2JyZW1lbi5kZXV0c2NoZXItc2NoaWZmZmFocnRzdGFnLmRlXC93cC1jb250ZW50XC91cGxvYWRzXC8yMDIyXC8wOVwvTmVoYWxlbm5pYS5qcGcifQ%3D%3D\">\n\t\t\t\t\t\t\t<img loading=\"lazy\" decoding=\"async\" width=\"474\" height=\"324\" src=\"https:\/\/bremen.deutscher-schifffahrtstag.de\/wp-content\/uploads\/2022\/09\/Nehalennia-474x324.jpg\" class=\"attachment-meccarouselthumb size-meccarouselthumb wp-image-6262\" alt=\"\" \/>\t\t\t\t\t\t\t\t<\/a>\n\t\t\t\t\t\t\t\t\t\t\t<figcaption class=\"widget-image-caption wp-caption-text\">Nehalennia<\/figcaption>\n\t\t\t\t\t\t\t\t\t\t<\/figure>\n\t\t\t\t\t\t\t<\/div>\n\t\t\t\t<\/div>\n\t\t\t\t\t<\/div>\n\t\t<\/div>\n\t\t\t\t<div class=\"elementor-column elementor-col-33 elementor-top-column elementor-element elementor-element-f7e0cd4\" data-id=\"f7e0cd4\" data-element_type=\"column\">\n\t\t\t<div class=\"elementor-widget-wrap elementor-element-populated\">\n\t\t\t\t\t\t<div class=\"elementor-element elementor-element-9eb3b30 elementor-widget elementor-widget-image\" data-id=\"9eb3b30\" data-element_type=\"widget\" data-widget_type=\"image.default\">\n\t\t\t\t<div class=\"elementor-widget-container\">\n\t\t\t\t\t\t\t\t\t\t<figure class=\"wp-caption\">\n\t\t\t\t\t\t\t\t\t\t\t<a href=\"https:\/\/bremen.deutscher-schifffahrtstag.de\/wp-content\/uploads\/2021\/10\/Elbe-1.jpg\" data-elementor-open-lightbox=\"yes\" data-elementor-lightbox-title=\"Feuerschiff Elbe 1 B\u00fcrgermeister O&#039;Swald II\" data-elementor-lightbox-description=\"Eigner: Cuxhaven \/ Schiffstyp: Feuerschiff \/ L\u00e4nge 57,3 m \/ Breite: 9,55 m \/ Stapellauf: 1943\" data-e-action-hash=\"#elementor-action%3Aaction%3Dlightbox%26settings%3DeyJpZCI6MTc5NiwidXJsIjoiaHR0cHM6XC9cL2JyZW1lbi5kZXV0c2NoZXItc2NoaWZmZmFocnRzdGFnLmRlXC93cC1jb250ZW50XC91cGxvYWRzXC8yMDIxXC8xMFwvRWxiZS0xLmpwZyJ9\">\n\t\t\t\t\t\t\t<img loading=\"lazy\" decoding=\"async\" width=\"474\" height=\"324\" src=\"https:\/\/bremen.deutscher-schifffahrtstag.de\/wp-content\/uploads\/2021\/10\/Elbe-1-474x324.jpg\" class=\"attachment-meccarouselthumb size-meccarouselthumb wp-image-1796\" alt=\"\" \/>\t\t\t\t\t\t\t\t<\/a>\n\t\t\t\t\t\t\t\t\t\t\t<figcaption class=\"widget-image-caption wp-caption-text\">Feuerschiff Elbe 1<\/figcaption>\n\t\t\t\t\t\t\t\t\t\t<\/figure>\n\t\t\t\t\t\t\t<\/div>\n\t\t\t\t<\/div>\n\t\t\t\t<div class=\"elementor-element elementor-element-c17ee8a elementor-widget elementor-widget-image\" data-id=\"c17ee8a\" data-element_type=\"widget\" data-widget_type=\"image.default\">\n\t\t\t\t<div class=\"elementor-widget-container\">\n\t\t\t\t\t\t\t\t\t\t<figure class=\"wp-caption\">\n\t\t\t\t\t\t\t\t\t\t\t<a href=\"https:\/\/bremen.deutscher-schifffahrtstag.de\/wp-content\/uploads\/2021\/10\/Quarantaene.jpg\" data-elementor-open-lightbox=\"yes\" data-elementor-lightbox-title=\"Quarant\u00e4ne\" data-elementor-lightbox-description=\"Eigner: Schifffahrts-Compagnie Bremerhaven e.V. \/ Schiffstyp: Barkasse \/ L\u00e4nge 19,45 m \/ Breite: 4,1 m \/ Stapellauf: 1960\" data-e-action-hash=\"#elementor-action%3Aaction%3Dlightbox%26settings%3DeyJpZCI6MTgwMSwidXJsIjoiaHR0cHM6XC9cL2JyZW1lbi5kZXV0c2NoZXItc2NoaWZmZmFocnRzdGFnLmRlXC93cC1jb250ZW50XC91cGxvYWRzXC8yMDIxXC8xMFwvUXVhcmFudGFlbmUuanBnIn0%3D\">\n\t\t\t\t\t\t\t<img loading=\"lazy\" decoding=\"async\" width=\"474\" height=\"324\" src=\"https:\/\/bremen.deutscher-schifffahrtstag.de\/wp-content\/uploads\/2021\/10\/Quarantaene-474x324.jpg\" class=\"attachment-meccarouselthumb size-meccarouselthumb wp-image-1801\" alt=\"\" \/>\t\t\t\t\t\t\t\t<\/a>\n\t\t\t\t\t\t\t\t\t\t\t<figcaption class=\"widget-image-caption wp-caption-text\">MS Quarant\u00e4ne<\/figcaption>\n\t\t\t\t\t\t\t\t\t\t<\/figure>\n\t\t\t\t\t\t\t<\/div>\n\t\t\t\t<\/div>\n\t\t\t\t<div class=\"elementor-element elementor-element-a0f8eca elementor-widget elementor-widget-image\" data-id=\"a0f8eca\" data-element_type=\"widget\" data-widget_type=\"image.default\">\n\t\t\t\t<div class=\"elementor-widget-container\">\n\t\t\t\t\t\t\t\t\t\t<figure class=\"wp-caption\">\n\t\t\t\t\t\t\t\t\t\t\t<a href=\"https:\/\/bremen.deutscher-schifffahrtstag.de\/wp-content\/uploads\/2022\/09\/Alexander-Gogel-Neuer-Hafen-scaled.jpg\" data-elementor-open-lightbox=\"yes\" data-elementor-lightbox-title=\"Alexander Gogel\" data-e-action-hash=\"#elementor-action%3Aaction%3Dlightbox%26settings%3DeyJpZCI6NjE1OCwidXJsIjoiaHR0cHM6XC9cL2JyZW1lbi5kZXV0c2NoZXItc2NoaWZmZmFocnRzdGFnLmRlXC93cC1jb250ZW50XC91cGxvYWRzXC8yMDIyXC8wOVwvQWxleGFuZGVyLUdvZ2VsLU5ldWVyLUhhZmVuLXNjYWxlZC5qcGcifQ%3D%3D\">\n\t\t\t\t\t\t\t<img loading=\"lazy\" decoding=\"async\" width=\"474\" height=\"324\" src=\"https:\/\/bremen.deutscher-schifffahrtstag.de\/wp-content\/uploads\/2022\/09\/Alexander-Gogel-Neuer-Hafen-474x324.jpg\" class=\"attachment-meccarouselthumb size-meccarouselthumb wp-image-6158\" alt=\"\" \/>\t\t\t\t\t\t\t\t<\/a>\n\t\t\t\t\t\t\t\t\t\t\t<figcaption class=\"widget-image-caption wp-caption-text\">Alexander Gogel<\/figcaption>\n\t\t\t\t\t\t\t\t\t\t<\/figure>\n\t\t\t\t\t\t\t<\/div>\n\t\t\t\t<\/div>\n\t\t\t\t<div class=\"elementor-element elementor-element-81c81ad elementor-widget elementor-widget-image\" data-id=\"81c81ad\" data-element_type=\"widget\" data-widget_type=\"image.default\">\n\t\t\t\t<div class=\"elementor-widget-container\">\n\t\t\t\t\t\t\t\t\t\t<figure class=\"wp-caption\">\n\t\t\t\t\t\t\t\t\t\t\t<a href=\"https:\/\/bremen.deutscher-schifffahrtstag.de\/wp-content\/uploads\/2022\/01\/HERMANN_RUDOLF_MEYER_0928-scaled.jpg\" data-elementor-open-lightbox=\"yes\" data-elementor-lightbox-title=\"Hermann Rudolf Meyer\" data-elementor-lightbox-description=\"Eigner: DGzRS \/ Schiffstyp: Seenotrettungskreuzer \/ L\u00e4nge: 23,1 m \/ Breite: 6 m \/ Stapellauf: 1996\" data-e-action-hash=\"#elementor-action%3Aaction%3Dlightbox%26settings%3DeyJpZCI6Mjc0OCwidXJsIjoiaHR0cHM6XC9cL2JyZW1lbi5kZXV0c2NoZXItc2NoaWZmZmFocnRzdGFnLmRlXC93cC1jb250ZW50XC91cGxvYWRzXC8yMDIyXC8wMVwvSEVSTUFOTl9SVURPTEZfTUVZRVJfMDkyOC1zY2FsZWQuanBnIn0%3D\">\n\t\t\t\t\t\t\t<img loading=\"lazy\" decoding=\"async\" width=\"474\" height=\"324\" src=\"https:\/\/bremen.deutscher-schifffahrtstag.de\/wp-content\/uploads\/2022\/01\/HERMANN_RUDOLF_MEYER_0928-474x324.jpg\" class=\"attachment-meccarouselthumb size-meccarouselthumb wp-image-2748\" alt=\"\" \/>\t\t\t\t\t\t\t\t<\/a>\n\t\t\t\t\t\t\t\t\t\t\t<figcaption class=\"widget-image-caption wp-caption-text\">Hermann Rudolf Meyer<\/figcaption>\n\t\t\t\t\t\t\t\t\t\t<\/figure>\n\t\t\t\t\t\t\t<\/div>\n\t\t\t\t<\/div>\n\t\t\t\t<div class=\"elementor-element elementor-element-7aab0c1 elementor-widget elementor-widget-image\" data-id=\"7aab0c1\" data-element_type=\"widget\" data-widget_type=\"image.default\">\n\t\t\t\t<div class=\"elementor-widget-container\">\n\t\t\t\t\t\t\t\t\t\t<figure class=\"wp-caption\">\n\t\t\t\t\t\t\t\t\t\t\t<a href=\"https:\/\/bremen.deutscher-schifffahrtstag.de\/wp-content\/uploads\/2022\/01\/Aldebaran-scaled.jpg\" data-elementor-open-lightbox=\"yes\" data-elementor-lightbox-title=\"Aldebaran\" data-elementor-lightbox-description=\"Eigner: Frank Schweikert \/ Schiffstyp: Segelyacht, Forschungsschiff \/ L\u00e4nge 12,9 m \/ Breite: 4,3 m \/ Stapellauf: 1986\" data-e-action-hash=\"#elementor-action%3Aaction%3Dlightbox%26settings%3DeyJpZCI6MjcyNCwidXJsIjoiaHR0cHM6XC9cL2JyZW1lbi5kZXV0c2NoZXItc2NoaWZmZmFocnRzdGFnLmRlXC93cC1jb250ZW50XC91cGxvYWRzXC8yMDIyXC8wMVwvQWxkZWJhcmFuLXNjYWxlZC5qcGcifQ%3D%3D\">\n\t\t\t\t\t\t\t<img loading=\"lazy\" decoding=\"async\" width=\"474\" height=\"324\" src=\"https:\/\/bremen.deutscher-schifffahrtstag.de\/wp-content\/uploads\/2022\/01\/Aldebaran-474x324.jpg\" class=\"attachment-meccarouselthumb size-meccarouselthumb wp-image-2724\" alt=\"\" \/>\t\t\t\t\t\t\t\t<\/a>\n\t\t\t\t\t\t\t\t\t\t\t<figcaption class=\"widget-image-caption wp-caption-text\">Aldebaran<\/figcaption>\n\t\t\t\t\t\t\t\t\t\t<\/figure>\n\t\t\t\t\t\t\t<\/div>\n\t\t\t\t<\/div>\n\t\t\t\t<div class=\"elementor-element elementor-element-36dd3f6 elementor-widget elementor-widget-image\" data-id=\"36dd3f6\" data-element_type=\"widget\" data-widget_type=\"image.default\">\n\t\t\t\t<div class=\"elementor-widget-container\">\n\t\t\t\t\t\t\t\t\t\t<figure class=\"wp-caption\">\n\t\t\t\t\t\t\t\t\t\t\t<a href=\"https:\/\/bremen.deutscher-schifffahrtstag.de\/wp-content\/uploads\/2022\/05\/csm_Hanseat-in-Fahrt-Strand_f8b24fb460.jpg\" data-elementor-open-lightbox=\"yes\" data-elementor-lightbox-title=\"Hanseat\" data-elementor-lightbox-description=\"Eigner: Hal \u00d6ver \/ Schiffstyp: Fahrgastschiff \/ L\u00e4nge: 41,4 m \/ Breite: 9 m\" data-e-action-hash=\"#elementor-action%3Aaction%3Dlightbox%26settings%3DeyJpZCI6NDcxNCwidXJsIjoiaHR0cHM6XC9cL2JyZW1lbi5kZXV0c2NoZXItc2NoaWZmZmFocnRzdGFnLmRlXC93cC1jb250ZW50XC91cGxvYWRzXC8yMDIyXC8wNVwvY3NtX0hhbnNlYXQtaW4tRmFocnQtU3RyYW5kX2Y4YjI0ZmI0NjAuanBnIn0%3D\">\n\t\t\t\t\t\t\t<img loading=\"lazy\" decoding=\"async\" width=\"474\" height=\"324\" src=\"https:\/\/bremen.deutscher-schifffahrtstag.de\/wp-content\/uploads\/2022\/05\/csm_Hanseat-in-Fahrt-Strand_f8b24fb460-474x324.jpg\" class=\"attachment-meccarouselthumb size-meccarouselthumb wp-image-4714\" alt=\"\" \/>\t\t\t\t\t\t\t\t<\/a>\n\t\t\t\t\t\t\t\t\t\t\t<figcaption class=\"widget-image-caption wp-caption-text\">MS Hanseat<\/figcaption>\n\t\t\t\t\t\t\t\t\t\t<\/figure>\n\t\t\t\t\t\t\t<\/div>\n\t\t\t\t<\/div>\n\t\t\t\t<div class=\"elementor-element elementor-element-09c93c5 elementor-widget elementor-widget-image\" data-id=\"09c93c5\" data-element_type=\"widget\" data-widget_type=\"image.default\">\n\t\t\t\t<div class=\"elementor-widget-container\">\n\t\t\t\t\t\t\t\t\t\t<figure class=\"wp-caption\">\n\t\t\t\t\t\t\t\t\t\t\t<a href=\"https:\/\/bremen.deutscher-schifffahrtstag.de\/wp-content\/uploads\/2022\/02\/20210922_133917-scaled.jpg\" data-elementor-open-lightbox=\"yes\" data-elementor-lightbox-title=\"Kapit\u00e4n Kruse\" data-elementor-lightbox-description=\"Schiffstyp: Passagierschiff \/ L\u00e4nge: 30 m \/ Breite: 5 m\" data-e-action-hash=\"#elementor-action%3Aaction%3Dlightbox%26settings%3DeyJpZCI6Mjk4NywidXJsIjoiaHR0cHM6XC9cL2JyZW1lbi5kZXV0c2NoZXItc2NoaWZmZmFocnRzdGFnLmRlXC93cC1jb250ZW50XC91cGxvYWRzXC8yMDIyXC8wMlwvMjAyMTA5MjJfMTMzOTE3LXNjYWxlZC5qcGcifQ%3D%3D\">\n\t\t\t\t\t\t\t<img loading=\"lazy\" decoding=\"async\" width=\"474\" height=\"324\" src=\"https:\/\/bremen.deutscher-schifffahrtstag.de\/wp-content\/uploads\/2022\/02\/20210922_133917-474x324.jpg\" class=\"attachment-meccarouselthumb size-meccarouselthumb wp-image-2987\" alt=\"\" \/>\t\t\t\t\t\t\t\t<\/a>\n\t\t\t\t\t\t\t\t\t\t\t<figcaption class=\"widget-image-caption wp-caption-text\">Kapit\u00e4n Kruse<\/figcaption>\n\t\t\t\t\t\t\t\t\t\t<\/figure>\n\t\t\t\t\t\t\t<\/div>\n\t\t\t\t<\/div>\n\t\t\t\t<div class=\"elementor-element elementor-element-d0f8494 elementor-widget elementor-widget-image\" data-id=\"d0f8494\" data-element_type=\"widget\" data-widget_type=\"image.default\">\n\t\t\t\t<div class=\"elementor-widget-container\">\n\t\t\t\t\t\t\t\t\t\t<figure class=\"wp-caption\">\n\t\t\t\t\t\t\t\t\t\t\t<a href=\"https:\/\/bremen.deutscher-schifffahrtstag.de\/wp-content\/uploads\/2022\/07\/67-ASTARTE-Vollzeug.jpg\" data-elementor-open-lightbox=\"yes\" data-elementor-lightbox-title=\"Astarte\" data-elementor-lightbox-description=\"Schiffstyp: Schiffergilde Bremerhaven e.V.  \/ L\u00e4nge: 25 m \/ Breite: 6,1 m\" data-e-action-hash=\"#elementor-action%3Aaction%3Dlightbox%26settings%3DeyJpZCI6NTE3NiwidXJsIjoiaHR0cHM6XC9cL2JyZW1lbi5kZXV0c2NoZXItc2NoaWZmZmFocnRzdGFnLmRlXC93cC1jb250ZW50XC91cGxvYWRzXC8yMDIyXC8wN1wvNjctQVNUQVJURS1Wb2xsemV1Zy5qcGcifQ%3D%3D\">\n\t\t\t\t\t\t\t<img loading=\"lazy\" decoding=\"async\" width=\"474\" height=\"324\" src=\"https:\/\/bremen.deutscher-schifffahrtstag.de\/wp-content\/uploads\/2022\/07\/67-ASTARTE-Vollzeug-474x324.jpg\" class=\"attachment-meccarouselthumb size-meccarouselthumb wp-image-5176\" alt=\"\" \/>\t\t\t\t\t\t\t\t<\/a>\n\t\t\t\t\t\t\t\t\t\t\t<figcaption class=\"widget-image-caption wp-caption-text\">Astarte<\/figcaption>\n\t\t\t\t\t\t\t\t\t\t<\/figure>\n\t\t\t\t\t\t\t<\/div>\n\t\t\t\t<\/div>\n\t\t\t\t<div class=\"elementor-element elementor-element-68355cf elementor-widget elementor-widget-image\" data-id=\"68355cf\" data-element_type=\"widget\" data-widget_type=\"image.default\">\n\t\t\t\t<div class=\"elementor-widget-container\">\n\t\t\t\t\t\t\t\t\t\t<figure class=\"wp-caption\">\n\t\t\t\t\t\t\t\t\t\t\t<a href=\"https:\/\/bremen.deutscher-schifffahrtstag.de\/wp-content\/uploads\/2022\/09\/MS-Dreye.jpg\" data-elementor-open-lightbox=\"yes\" data-elementor-lightbox-title=\"MS Dreye\" data-e-action-hash=\"#elementor-action%3Aaction%3Dlightbox%26settings%3DeyJpZCI6NjE2MiwidXJsIjoiaHR0cHM6XC9cL2JyZW1lbi5kZXV0c2NoZXItc2NoaWZmZmFocnRzdGFnLmRlXC93cC1jb250ZW50XC91cGxvYWRzXC8yMDIyXC8wOVwvTVMtRHJleWUuanBnIn0%3D\">\n\t\t\t\t\t\t\t<img loading=\"lazy\" decoding=\"async\" width=\"317\" height=\"211\" src=\"https:\/\/bremen.deutscher-schifffahrtstag.de\/wp-content\/uploads\/2022\/09\/MS-Dreye.jpg\" class=\"attachment-meccarouselthumb size-meccarouselthumb wp-image-6162\" alt=\"\" srcset=\"https:\/\/bremen.deutscher-schifffahrtstag.de\/wp-content\/uploads\/2022\/09\/MS-Dreye.jpg 317w, https:\/\/bremen.deutscher-schifffahrtstag.de\/wp-content\/uploads\/2022\/09\/MS-Dreye-300x200.jpg 300w\" sizes=\"(max-width: 317px) 100vw, 317px\" \/>\t\t\t\t\t\t\t\t<\/a>\n\t\t\t\t\t\t\t\t\t\t\t<figcaption class=\"widget-image-caption wp-caption-text\">MS Dreye<\/figcaption>\n\t\t\t\t\t\t\t\t\t\t<\/figure>\n\t\t\t\t\t\t\t<\/div>\n\t\t\t\t<\/div>\n\t\t\t\t<div class=\"elementor-element elementor-element-f18c425 elementor-widget elementor-widget-image\" data-id=\"f18c425\" data-element_type=\"widget\" data-widget_type=\"image.default\">\n\t\t\t\t<div class=\"elementor-widget-container\">\n\t\t\t\t\t\t\t\t\t\t<figure class=\"wp-caption\">\n\t\t\t\t\t\t\t\t\t\t\t<a href=\"https:\/\/bremen.deutscher-schifffahrtstag.de\/wp-content\/uploads\/2022\/01\/5-John-Maynard-Cordes.jpg\" data-elementor-open-lightbox=\"yes\" data-elementor-lightbox-title=\"John Maynard\" data-elementor-lightbox-description=\"Eigner: Martina Cordes \/ L\u00e4nge: 14 m \/ Breite: 4,3 m\" data-e-action-hash=\"#elementor-action%3Aaction%3Dlightbox%26settings%3DeyJpZCI6MjcxNywidXJsIjoiaHR0cHM6XC9cL2JyZW1lbi5kZXV0c2NoZXItc2NoaWZmZmFocnRzdGFnLmRlXC93cC1jb250ZW50XC91cGxvYWRzXC8yMDIyXC8wMVwvNS1Kb2huLU1heW5hcmQtQ29yZGVzLmpwZyJ9\">\n\t\t\t\t\t\t\t<img loading=\"lazy\" decoding=\"async\" width=\"474\" height=\"324\" src=\"https:\/\/bremen.deutscher-schifffahrtstag.de\/wp-content\/uploads\/2022\/01\/5-John-Maynard-Cordes-474x324.jpg\" class=\"attachment-meccarouselthumb size-meccarouselthumb wp-image-2717\" alt=\"\" \/>\t\t\t\t\t\t\t\t<\/a>\n\t\t\t\t\t\t\t\t\t\t\t<figcaption class=\"widget-image-caption wp-caption-text\">John Maynard<\/figcaption>\n\t\t\t\t\t\t\t\t\t\t<\/figure>\n\t\t\t\t\t\t\t<\/div>\n\t\t\t\t<\/div>\n\t\t\t\t<div class=\"elementor-element elementor-element-2f282de elementor-widget elementor-widget-image\" data-id=\"2f282de\" data-element_type=\"widget\" data-widget_type=\"image.default\">\n\t\t\t\t<div class=\"elementor-widget-container\">\n\t\t\t\t\t\t\t\t\t\t<figure class=\"wp-caption\">\n\t\t\t\t\t\t\t\t\t\t\t<a href=\"https:\/\/bremen.deutscher-schifffahrtstag.de\/wp-content\/uploads\/2022\/01\/11-Happy-Day-II.jpg\" data-elementor-open-lightbox=\"yes\" data-elementor-lightbox-title=\"Happy Day II\" data-elementor-lightbox-description=\"Eigner: Uwe Leymann \/ Schiffstyp: Motorboot \/ L\u00e4nge: 5,6 m \/ Breite: 2,47 m\" data-e-action-hash=\"#elementor-action%3Aaction%3Dlightbox%26settings%3DeyJpZCI6MjkwMywidXJsIjoiaHR0cHM6XC9cL2JyZW1lbi5kZXV0c2NoZXItc2NoaWZmZmFocnRzdGFnLmRlXC93cC1jb250ZW50XC91cGxvYWRzXC8yMDIyXC8wMVwvMTEtSGFwcHktRGF5LUlJLmpwZyJ9\">\n\t\t\t\t\t\t\t<img loading=\"lazy\" decoding=\"async\" width=\"474\" height=\"324\" src=\"https:\/\/bremen.deutscher-schifffahrtstag.de\/wp-content\/uploads\/2022\/01\/11-Happy-Day-II-474x324.jpg\" class=\"attachment-meccarouselthumb size-meccarouselthumb wp-image-2903\" alt=\"\" \/>\t\t\t\t\t\t\t\t<\/a>\n\t\t\t\t\t\t\t\t\t\t\t<figcaption class=\"widget-image-caption wp-caption-text\">Happy Day II<\/figcaption>\n\t\t\t\t\t\t\t\t\t\t<\/figure>\n\t\t\t\t\t\t\t<\/div>\n\t\t\t\t<\/div>\n\t\t\t\t<div class=\"elementor-element elementor-element-ac44e9f elementor-widget elementor-widget-image\" data-id=\"ac44e9f\" data-element_type=\"widget\" data-widget_type=\"image.default\">\n\t\t\t\t<div class=\"elementor-widget-container\">\n\t\t\t\t\t\t\t\t\t\t<figure class=\"wp-caption\">\n\t\t\t\t\t\t\t\t\t\t\t<a href=\"https:\/\/bremen.deutscher-schifffahrtstag.de\/wp-content\/uploads\/2022\/01\/7-Johannesbaer.jpeg\" data-elementor-open-lightbox=\"yes\" data-elementor-lightbox-title=\"Johannesb\u00e4r\" data-elementor-lightbox-description=\"Eigner: Olli Koehlenbeck \/ Schiffstyp: Motorboot\" data-e-action-hash=\"#elementor-action%3Aaction%3Dlightbox%26settings%3DeyJpZCI6Mjc4NCwidXJsIjoiaHR0cHM6XC9cL2JyZW1lbi5kZXV0c2NoZXItc2NoaWZmZmFocnRzdGFnLmRlXC93cC1jb250ZW50XC91cGxvYWRzXC8yMDIyXC8wMVwvNy1Kb2hhbm5lc2JhZXIuanBlZyJ9\">\n\t\t\t\t\t\t\t<img loading=\"lazy\" decoding=\"async\" width=\"474\" height=\"324\" src=\"https:\/\/bremen.deutscher-schifffahrtstag.de\/wp-content\/uploads\/2022\/01\/7-Johannesbaer-474x324.jpeg\" class=\"attachment-meccarouselthumb size-meccarouselthumb wp-image-2784\" alt=\"\" \/>\t\t\t\t\t\t\t\t<\/a>\n\t\t\t\t\t\t\t\t\t\t\t<figcaption class=\"widget-image-caption wp-caption-text\">Johannesb\u00e4r<\/figcaption>\n\t\t\t\t\t\t\t\t\t\t<\/figure>\n\t\t\t\t\t\t\t<\/div>\n\t\t\t\t<\/div>\n\t\t\t\t<div class=\"elementor-element elementor-element-78f9724 elementor-widget elementor-widget-image\" data-id=\"78f9724\" data-element_type=\"widget\" data-widget_type=\"image.default\">\n\t\t\t\t<div class=\"elementor-widget-container\">\n\t\t\t\t\t\t\t\t\t\t<figure class=\"wp-caption\">\n\t\t\t\t\t\t\t\t\t\t\t<a href=\"https:\/\/bremen.deutscher-schifffahrtstag.de\/wp-content\/uploads\/2022\/01\/10-Cornelis-scaled.jpg\" data-elementor-open-lightbox=\"yes\" data-elementor-lightbox-title=\"Cornelis\" data-elementor-lightbox-description=\"Eigner: Marion &amp; Uwe Haubold \/ Schiffstyp: Verdr\u00e4nger \/ L\u00e4nge: 11 m \/ Breite: 3,35 m \/ &quot;Wir sind beim Deutschen Schifffahrtstag 2022 dabei, weil \u2026wir uns DAS auf gar keinen Fall entgehen lassen wollen.&quot;\" data-e-action-hash=\"#elementor-action%3Aaction%3Dlightbox%26settings%3DeyJpZCI6MjgzOSwidXJsIjoiaHR0cHM6XC9cL2JyZW1lbi5kZXV0c2NoZXItc2NoaWZmZmFocnRzdGFnLmRlXC93cC1jb250ZW50XC91cGxvYWRzXC8yMDIyXC8wMVwvMTAtQ29ybmVsaXMtc2NhbGVkLmpwZyJ9\">\n\t\t\t\t\t\t\t<img loading=\"lazy\" decoding=\"async\" width=\"474\" height=\"324\" src=\"https:\/\/bremen.deutscher-schifffahrtstag.de\/wp-content\/uploads\/2022\/01\/10-Cornelis-474x324.jpg\" class=\"attachment-meccarouselthumb size-meccarouselthumb wp-image-2839\" alt=\"\" \/>\t\t\t\t\t\t\t\t<\/a>\n\t\t\t\t\t\t\t\t\t\t\t<figcaption class=\"widget-image-caption wp-caption-text\">Cornelis<\/figcaption>\n\t\t\t\t\t\t\t\t\t\t<\/figure>\n\t\t\t\t\t\t\t<\/div>\n\t\t\t\t<\/div>\n\t\t\t\t<div class=\"elementor-element elementor-element-9694254 elementor-widget elementor-widget-image\" data-id=\"9694254\" data-element_type=\"widget\" data-widget_type=\"image.default\">\n\t\t\t\t<div class=\"elementor-widget-container\">\n\t\t\t\t\t\t\t\t\t\t<figure class=\"wp-caption\">\n\t\t\t\t\t\t\t\t\t\t\t<a href=\"https:\/\/bremen.deutscher-schifffahrtstag.de\/wp-content\/uploads\/2022\/02\/16-Orca6197.jpg\" data-elementor-open-lightbox=\"yes\" data-elementor-lightbox-title=\"Orca\" data-elementor-lightbox-description=\"Schiffstyp: Motorboot Gleiter \/ L\u00e4nge: 6,6 m \/ Breite: 2,54 m\" data-e-action-hash=\"#elementor-action%3Aaction%3Dlightbox%26settings%3DeyJpZCI6MzQ1MiwidXJsIjoiaHR0cHM6XC9cL2JyZW1lbi5kZXV0c2NoZXItc2NoaWZmZmFocnRzdGFnLmRlXC93cC1jb250ZW50XC91cGxvYWRzXC8yMDIyXC8wMlwvMTYtT3JjYTYxOTcuanBnIn0%3D\">\n\t\t\t\t\t\t\t<img loading=\"lazy\" decoding=\"async\" width=\"474\" height=\"324\" src=\"https:\/\/bremen.deutscher-schifffahrtstag.de\/wp-content\/uploads\/2022\/02\/16-Orca6197-474x324.jpg\" class=\"attachment-meccarouselthumb size-meccarouselthumb wp-image-3452\" alt=\"\" \/>\t\t\t\t\t\t\t\t<\/a>\n\t\t\t\t\t\t\t\t\t\t\t<figcaption class=\"widget-image-caption wp-caption-text\">Orca<\/figcaption>\n\t\t\t\t\t\t\t\t\t\t<\/figure>\n\t\t\t\t\t\t\t<\/div>\n\t\t\t\t<\/div>\n\t\t\t\t<div class=\"elementor-element elementor-element-655c9f1 elementor-widget elementor-widget-image\" data-id=\"655c9f1\" data-element_type=\"widget\" data-widget_type=\"image.default\">\n\t\t\t\t<div class=\"elementor-widget-container\">\n\t\t\t\t\t\t\t\t\t\t<figure class=\"wp-caption\">\n\t\t\t\t\t\t\t\t\t\t\t<a href=\"https:\/\/bremen.deutscher-schifffahrtstag.de\/wp-content\/uploads\/2022\/02\/20-Funfactory.jpg\" data-elementor-open-lightbox=\"yes\" data-elementor-lightbox-title=\"Funfactory\" data-elementor-lightbox-description=\"Eigner: R\u00fcdiger Hinrichsen \/ Schiffstyp: Motorboot \/ L\u00e4nge: 5,25 m \/ Breite: 2,2 m\" data-e-action-hash=\"#elementor-action%3Aaction%3Dlightbox%26settings%3DeyJpZCI6MzY4NSwidXJsIjoiaHR0cHM6XC9cL2JyZW1lbi5kZXV0c2NoZXItc2NoaWZmZmFocnRzdGFnLmRlXC93cC1jb250ZW50XC91cGxvYWRzXC8yMDIyXC8wMlwvMjAtRnVuZmFjdG9yeS5qcGcifQ%3D%3D\">\n\t\t\t\t\t\t\t<img loading=\"lazy\" decoding=\"async\" width=\"474\" height=\"324\" src=\"https:\/\/bremen.deutscher-schifffahrtstag.de\/wp-content\/uploads\/2022\/02\/20-Funfactory-474x324.jpg\" class=\"attachment-meccarouselthumb size-meccarouselthumb wp-image-3685\" alt=\"\" \/>\t\t\t\t\t\t\t\t<\/a>\n\t\t\t\t\t\t\t\t\t\t\t<figcaption class=\"widget-image-caption wp-caption-text\">Funfactory<\/figcaption>\n\t\t\t\t\t\t\t\t\t\t<\/figure>\n\t\t\t\t\t\t\t<\/div>\n\t\t\t\t<\/div>\n\t\t\t\t<div class=\"elementor-element elementor-element-f5eaed6 elementor-widget elementor-widget-image\" data-id=\"f5eaed6\" data-element_type=\"widget\" data-widget_type=\"image.default\">\n\t\t\t\t<div class=\"elementor-widget-container\">\n\t\t\t\t\t\t\t\t\t\t<figure class=\"wp-caption\">\n\t\t\t\t\t\t\t\t\t\t\t<a href=\"https:\/\/bremen.deutscher-schifffahrtstag.de\/wp-content\/uploads\/2022\/02\/24-Daddeldu.jpg\" data-elementor-open-lightbox=\"yes\" data-elementor-lightbox-title=\"Daddeldu\" data-elementor-lightbox-description=\"Eigner: Klaus Wanicek \/ Schiffstyp: Motorboot \/ L\u00e4nge: 11 m \/ Breite: 3,65 m\" data-e-action-hash=\"#elementor-action%3Aaction%3Dlightbox%26settings%3DeyJpZCI6MzY4OCwidXJsIjoiaHR0cHM6XC9cL2JyZW1lbi5kZXV0c2NoZXItc2NoaWZmZmFocnRzdGFnLmRlXC93cC1jb250ZW50XC91cGxvYWRzXC8yMDIyXC8wMlwvMjQtRGFkZGVsZHUuanBnIn0%3D\">\n\t\t\t\t\t\t\t<img loading=\"lazy\" decoding=\"async\" width=\"474\" height=\"324\" src=\"https:\/\/bremen.deutscher-schifffahrtstag.de\/wp-content\/uploads\/2022\/02\/24-Daddeldu-474x324.jpg\" class=\"attachment-meccarouselthumb size-meccarouselthumb wp-image-3688\" alt=\"\" \/>\t\t\t\t\t\t\t\t<\/a>\n\t\t\t\t\t\t\t\t\t\t\t<figcaption class=\"widget-image-caption wp-caption-text\">Daddeldu<\/figcaption>\n\t\t\t\t\t\t\t\t\t\t<\/figure>\n\t\t\t\t\t\t\t<\/div>\n\t\t\t\t<\/div>\n\t\t\t\t<div class=\"elementor-element elementor-element-702f7dc elementor-widget elementor-widget-image\" data-id=\"702f7dc\" data-element_type=\"widget\" data-widget_type=\"image.default\">\n\t\t\t\t<div class=\"elementor-widget-container\">\n\t\t\t\t\t\t\t\t\t\t<figure class=\"wp-caption\">\n\t\t\t\t\t\t\t\t\t\t\t<a href=\"https:\/\/bremen.deutscher-schifffahrtstag.de\/wp-content\/uploads\/2022\/04\/29-Ghost.jpg\" data-elementor-open-lightbox=\"yes\" data-elementor-lightbox-title=\"Ghost\" data-elementor-lightbox-description=\"Eigner: Helge Endler \/ Schiffstyp: Motorboot \/ L\u00e4nge: 6 m \/ Breite: 2,2 m\" data-e-action-hash=\"#elementor-action%3Aaction%3Dlightbox%26settings%3DeyJpZCI6NDI0NCwidXJsIjoiaHR0cHM6XC9cL2JyZW1lbi5kZXV0c2NoZXItc2NoaWZmZmFocnRzdGFnLmRlXC93cC1jb250ZW50XC91cGxvYWRzXC8yMDIyXC8wNFwvMjktR2hvc3QuanBnIn0%3D\">\n\t\t\t\t\t\t\t<img loading=\"lazy\" decoding=\"async\" width=\"474\" height=\"324\" src=\"https:\/\/bremen.deutscher-schifffahrtstag.de\/wp-content\/uploads\/2022\/04\/29-Ghost-474x324.jpg\" class=\"attachment-meccarouselthumb size-meccarouselthumb wp-image-4244\" alt=\"\" \/>\t\t\t\t\t\t\t\t<\/a>\n\t\t\t\t\t\t\t\t\t\t\t<figcaption class=\"widget-image-caption wp-caption-text\">Ghost<\/figcaption>\n\t\t\t\t\t\t\t\t\t\t<\/figure>\n\t\t\t\t\t\t\t<\/div>\n\t\t\t\t<\/div>\n\t\t\t\t<div class=\"elementor-element elementor-element-ac9a75a elementor-widget elementor-widget-image\" data-id=\"ac9a75a\" data-element_type=\"widget\" data-widget_type=\"image.default\">\n\t\t\t\t<div class=\"elementor-widget-container\">\n\t\t\t\t\t\t\t\t\t\t<figure class=\"wp-caption\">\n\t\t\t\t\t\t\t\t\t\t\t<a href=\"https:\/\/bremen.deutscher-schifffahrtstag.de\/wp-content\/uploads\/2022\/04\/38-St_Nikolaus_001.jpg\" data-elementor-open-lightbox=\"yes\" data-elementor-lightbox-title=\"St. Nikolaus\" data-elementor-lightbox-description=\"Eigner: Clemens Rittel \/ Schiffstyp: Kirchenschiff \/ L\u00e4nge: 14,99 m \/ Breite: 4 m\" data-e-action-hash=\"#elementor-action%3Aaction%3Dlightbox%26settings%3DeyJpZCI6NDI0NSwidXJsIjoiaHR0cHM6XC9cL2JyZW1lbi5kZXV0c2NoZXItc2NoaWZmZmFocnRzdGFnLmRlXC93cC1jb250ZW50XC91cGxvYWRzXC8yMDIyXC8wNFwvMzgtU3RfTmlrb2xhdXNfMDAxLmpwZyJ9\">\n\t\t\t\t\t\t\t<img loading=\"lazy\" decoding=\"async\" width=\"474\" height=\"324\" src=\"https:\/\/bremen.deutscher-schifffahrtstag.de\/wp-content\/uploads\/2022\/04\/38-St_Nikolaus_001-474x324.jpg\" class=\"attachment-meccarouselthumb size-meccarouselthumb wp-image-4245\" alt=\"\" \/>\t\t\t\t\t\t\t\t<\/a>\n\t\t\t\t\t\t\t\t\t\t\t<figcaption class=\"widget-image-caption wp-caption-text\">St. Nikolaus<\/figcaption>\n\t\t\t\t\t\t\t\t\t\t<\/figure>\n\t\t\t\t\t\t\t<\/div>\n\t\t\t\t<\/div>\n\t\t\t\t<div class=\"elementor-element elementor-element-d6df772 elementor-widget elementor-widget-image\" data-id=\"d6df772\" data-element_type=\"widget\" data-widget_type=\"image.default\">\n\t\t\t\t<div class=\"elementor-widget-container\">\n\t\t\t\t\t\t\t\t\t\t<figure class=\"wp-caption\">\n\t\t\t\t\t\t\t\t\t\t\t<a href=\"https:\/\/bremen.deutscher-schifffahrtstag.de\/wp-content\/uploads\/2022\/04\/43-Dragonfly-scaled.jpg\" data-elementor-open-lightbox=\"yes\" data-elementor-lightbox-title=\"Dragonfly\" data-elementor-lightbox-description=\"Eigner: J\u00fcrgen Mahnken \/ Schiffstyp: Halbgleiter \/ L\u00e4nge: 12,9 m \/ Breite: 4,3 m\" data-e-action-hash=\"#elementor-action%3Aaction%3Dlightbox%26settings%3DeyJpZCI6NDM1MiwidXJsIjoiaHR0cHM6XC9cL2JyZW1lbi5kZXV0c2NoZXItc2NoaWZmZmFocnRzdGFnLmRlXC93cC1jb250ZW50XC91cGxvYWRzXC8yMDIyXC8wNFwvNDMtRHJhZ29uZmx5LXNjYWxlZC5qcGcifQ%3D%3D\">\n\t\t\t\t\t\t\t<img loading=\"lazy\" decoding=\"async\" width=\"474\" height=\"324\" src=\"https:\/\/bremen.deutscher-schifffahrtstag.de\/wp-content\/uploads\/2022\/04\/43-Dragonfly-474x324.jpg\" class=\"attachment-meccarouselthumb size-meccarouselthumb wp-image-4352\" alt=\"\" \/>\t\t\t\t\t\t\t\t<\/a>\n\t\t\t\t\t\t\t\t\t\t\t<figcaption class=\"widget-image-caption wp-caption-text\">Dragonfly<\/figcaption>\n\t\t\t\t\t\t\t\t\t\t<\/figure>\n\t\t\t\t\t\t\t<\/div>\n\t\t\t\t<\/div>\n\t\t\t\t<div class=\"elementor-element elementor-element-d1cf5ea elementor-widget elementor-widget-image\" data-id=\"d1cf5ea\" data-element_type=\"widget\" data-widget_type=\"image.default\">\n\t\t\t\t<div class=\"elementor-widget-container\">\n\t\t\t\t\t\t\t\t\t\t<figure class=\"wp-caption\">\n\t\t\t\t\t\t\t\t\t\t\t<a href=\"https:\/\/bremen.deutscher-schifffahrtstag.de\/wp-content\/uploads\/2022\/06\/56-Zimnik.jpg\" data-elementor-open-lightbox=\"yes\" data-elementor-lightbox-title=\"Fiddlers Green\" data-elementor-lightbox-description=\"Eigner: R\u00fcdiger Zimnik \/ Schiffstyp: Segelyacht Midget 26 \/ L\u00e4nge: 8 m \/ Breite: 3 m\" data-e-action-hash=\"#elementor-action%3Aaction%3Dlightbox%26settings%3DeyJpZCI6NDkzNiwidXJsIjoiaHR0cHM6XC9cL2JyZW1lbi5kZXV0c2NoZXItc2NoaWZmZmFocnRzdGFnLmRlXC93cC1jb250ZW50XC91cGxvYWRzXC8yMDIyXC8wNlwvNTYtWmltbmlrLmpwZyJ9\">\n\t\t\t\t\t\t\t<img loading=\"lazy\" decoding=\"async\" width=\"474\" height=\"324\" src=\"https:\/\/bremen.deutscher-schifffahrtstag.de\/wp-content\/uploads\/2022\/06\/56-Zimnik-474x324.jpg\" class=\"attachment-meccarouselthumb size-meccarouselthumb wp-image-4936\" alt=\"\" \/>\t\t\t\t\t\t\t\t<\/a>\n\t\t\t\t\t\t\t\t\t\t\t<figcaption class=\"widget-image-caption wp-caption-text\">Fiddlers Green<\/figcaption>\n\t\t\t\t\t\t\t\t\t\t<\/figure>\n\t\t\t\t\t\t\t<\/div>\n\t\t\t\t<\/div>\n\t\t\t\t<div class=\"elementor-element elementor-element-7fa9d8e elementor-widget elementor-widget-image\" data-id=\"7fa9d8e\" data-element_type=\"widget\" data-widget_type=\"image.default\">\n\t\t\t\t<div class=\"elementor-widget-container\">\n\t\t\t\t\t\t\t\t\t\t<figure class=\"wp-caption\">\n\t\t\t\t\t\t\t\t\t\t\t<a href=\"https:\/\/bremen.deutscher-schifffahrtstag.de\/wp-content\/uploads\/2022\/05\/48-Aventura.jpeg\" data-elementor-open-lightbox=\"yes\" data-elementor-lightbox-title=\"Aventura\" data-elementor-lightbox-description=\"Eigner: Joachim Helen \/ Schiffstyp: K\u00fcsten-Motorschiff \/ L\u00e4nge: 38,6 m \/ Breite: 6,2 m\" data-e-action-hash=\"#elementor-action%3Aaction%3Dlightbox%26settings%3DeyJpZCI6NDY2NCwidXJsIjoiaHR0cHM6XC9cL2JyZW1lbi5kZXV0c2NoZXItc2NoaWZmZmFocnRzdGFnLmRlXC93cC1jb250ZW50XC91cGxvYWRzXC8yMDIyXC8wNVwvNDgtQXZlbnR1cmEuanBlZyJ9\">\n\t\t\t\t\t\t\t<img loading=\"lazy\" decoding=\"async\" width=\"474\" height=\"324\" src=\"https:\/\/bremen.deutscher-schifffahrtstag.de\/wp-content\/uploads\/2022\/05\/48-Aventura-474x324.jpeg\" class=\"attachment-meccarouselthumb size-meccarouselthumb wp-image-4664\" alt=\"\" \/>\t\t\t\t\t\t\t\t<\/a>\n\t\t\t\t\t\t\t\t\t\t\t<figcaption class=\"widget-image-caption wp-caption-text\">Aventura<\/figcaption>\n\t\t\t\t\t\t\t\t\t\t<\/figure>\n\t\t\t\t\t\t\t<\/div>\n\t\t\t\t<\/div>\n\t\t\t\t<div class=\"elementor-element elementor-element-f8b7e4b elementor-widget elementor-widget-image\" data-id=\"f8b7e4b\" data-element_type=\"widget\" data-widget_type=\"image.default\">\n\t\t\t\t<div class=\"elementor-widget-container\">\n\t\t\t\t\t\t\t\t\t\t<figure class=\"wp-caption\">\n\t\t\t\t\t\t\t\t\t\t\t<a href=\"https:\/\/bremen.deutscher-schifffahrtstag.de\/wp-content\/uploads\/2022\/08\/85-Melly-2.jpg\" data-elementor-open-lightbox=\"yes\" data-elementor-lightbox-title=\"Melly 2\" data-elementor-lightbox-description=\"Schiffstyp: Gleiter Inhaber: Andreas Kunst \/ L\u00e4nge: 8.2 m \/ Breite: 2.6 m \" data-e-action-hash=\"#elementor-action%3Aaction%3Dlightbox%26settings%3DeyJpZCI6NTQwMiwidXJsIjoiaHR0cHM6XC9cL2JyZW1lbi5kZXV0c2NoZXItc2NoaWZmZmFocnRzdGFnLmRlXC93cC1jb250ZW50XC91cGxvYWRzXC8yMDIyXC8wOFwvODUtTWVsbHktMi5qcGcifQ%3D%3D\">\n\t\t\t\t\t\t\t<img loading=\"lazy\" decoding=\"async\" width=\"474\" height=\"324\" src=\"https:\/\/bremen.deutscher-schifffahrtstag.de\/wp-content\/uploads\/2022\/08\/85-Melly-2-474x324.jpg\" class=\"attachment-meccarouselthumb size-meccarouselthumb wp-image-5402\" alt=\"\" \/>\t\t\t\t\t\t\t\t<\/a>\n\t\t\t\t\t\t\t\t\t\t\t<figcaption class=\"widget-image-caption wp-caption-text\">Melly 2<\/figcaption>\n\t\t\t\t\t\t\t\t\t\t<\/figure>\n\t\t\t\t\t\t\t<\/div>\n\t\t\t\t<\/div>\n\t\t\t\t<div class=\"elementor-element elementor-element-ce562eb elementor-widget elementor-widget-image\" data-id=\"ce562eb\" data-element_type=\"widget\" data-widget_type=\"image.default\">\n\t\t\t\t<div class=\"elementor-widget-container\">\n\t\t\t\t\t\t\t\t\t\t<figure class=\"wp-caption\">\n\t\t\t\t\t\t\t\t\t\t\t<a href=\"https:\/\/bremen.deutscher-schifffahrtstag.de\/wp-content\/uploads\/2022\/08\/98-Little-Crazy.jpeg\" data-elementor-open-lightbox=\"yes\" data-elementor-lightbox-title=\"Little Crazy\" data-e-action-hash=\"#elementor-action%3Aaction%3Dlightbox%26settings%3DeyJpZCI6NTUyNiwidXJsIjoiaHR0cHM6XC9cL2JyZW1lbi5kZXV0c2NoZXItc2NoaWZmZmFocnRzdGFnLmRlXC93cC1jb250ZW50XC91cGxvYWRzXC8yMDIyXC8wOFwvOTgtTGl0dGxlLUNyYXp5LmpwZWcifQ%3D%3D\">\n\t\t\t\t\t\t\t<img loading=\"lazy\" decoding=\"async\" width=\"474\" height=\"324\" src=\"https:\/\/bremen.deutscher-schifffahrtstag.de\/wp-content\/uploads\/2022\/08\/98-Little-Crazy-474x324.jpeg\" class=\"attachment-meccarouselthumb size-meccarouselthumb wp-image-5526\" alt=\"\" \/>\t\t\t\t\t\t\t\t<\/a>\n\t\t\t\t\t\t\t\t\t\t\t<figcaption class=\"widget-image-caption wp-caption-text\">Little Crazy<\/figcaption>\n\t\t\t\t\t\t\t\t\t\t<\/figure>\n\t\t\t\t\t\t\t<\/div>\n\t\t\t\t<\/div>\n\t\t\t\t<div class=\"elementor-element elementor-element-0b50cd3 elementor-widget elementor-widget-image\" data-id=\"0b50cd3\" data-element_type=\"widget\" data-widget_type=\"image.default\">\n\t\t\t\t<div class=\"elementor-widget-container\">\n\t\t\t\t\t\t\t\t\t\t<figure class=\"wp-caption\">\n\t\t\t\t\t\t\t\t\t\t\t<a href=\"https:\/\/bremen.deutscher-schifffahrtstag.de\/wp-content\/uploads\/2022\/08\/72-Tobi-8.jpg\" data-elementor-open-lightbox=\"yes\" data-elementor-lightbox-title=\"Tobi 8\" data-elementor-lightbox-description=\"Schiffstyp: Motorboot Jeaunneau \/ Eigner: Thorsten Westphal \/ L\u00e4nge: 8,33 m \/ Breite: 3 m\" data-e-action-hash=\"#elementor-action%3Aaction%3Dlightbox%26settings%3DeyJpZCI6NTcyOSwidXJsIjoiaHR0cHM6XC9cL2JyZW1lbi5kZXV0c2NoZXItc2NoaWZmZmFocnRzdGFnLmRlXC93cC1jb250ZW50XC91cGxvYWRzXC8yMDIyXC8wOFwvNzItVG9iaS04LmpwZyJ9\">\n\t\t\t\t\t\t\t<img loading=\"lazy\" decoding=\"async\" width=\"474\" height=\"324\" src=\"https:\/\/bremen.deutscher-schifffahrtstag.de\/wp-content\/uploads\/2022\/08\/72-Tobi-8-474x324.jpg\" class=\"attachment-meccarouselthumb size-meccarouselthumb wp-image-5729\" alt=\"\" \/>\t\t\t\t\t\t\t\t<\/a>\n\t\t\t\t\t\t\t\t\t\t\t<figcaption class=\"widget-image-caption wp-caption-text\">Tobi 8<\/figcaption>\n\t\t\t\t\t\t\t\t\t\t<\/figure>\n\t\t\t\t\t\t\t<\/div>\n\t\t\t\t<\/div>\n\t\t\t\t<div class=\"elementor-element elementor-element-73da727 elementor-widget elementor-widget-image\" data-id=\"73da727\" data-element_type=\"widget\" data-widget_type=\"image.default\">\n\t\t\t\t<div class=\"elementor-widget-container\">\n\t\t\t\t\t\t\t\t\t\t<figure class=\"wp-caption\">\n\t\t\t\t\t\t\t\t\t\t\t<a href=\"https:\/\/bremen.deutscher-schifffahrtstag.de\/wp-content\/uploads\/2022\/09\/117-lutra-lutra-2-scaled.jpg\" data-elementor-open-lightbox=\"yes\" data-elementor-lightbox-title=\"Lutra Lutra\" data-elementor-lightbox-description=\"Schiffstyp: Gleiter \/ Eigner: Volker Hammerschmidt \/ L\u00e4nge: 4 m \/ Breite: 1,8 m\" data-e-action-hash=\"#elementor-action%3Aaction%3Dlightbox%26settings%3DeyJpZCI6NTk1MSwidXJsIjoiaHR0cHM6XC9cL2JyZW1lbi5kZXV0c2NoZXItc2NoaWZmZmFocnRzdGFnLmRlXC93cC1jb250ZW50XC91cGxvYWRzXC8yMDIyXC8wOVwvMTE3LWx1dHJhLWx1dHJhLTItc2NhbGVkLmpwZyJ9\">\n\t\t\t\t\t\t\t<img loading=\"lazy\" decoding=\"async\" width=\"474\" height=\"324\" src=\"https:\/\/bremen.deutscher-schifffahrtstag.de\/wp-content\/uploads\/2022\/09\/117-lutra-lutra-2-474x324.jpg\" class=\"attachment-meccarouselthumb size-meccarouselthumb wp-image-5951\" alt=\"\" \/>\t\t\t\t\t\t\t\t<\/a>\n\t\t\t\t\t\t\t\t\t\t\t<figcaption class=\"widget-image-caption wp-caption-text\">Lutra Lutra<\/figcaption>\n\t\t\t\t\t\t\t\t\t\t<\/figure>\n\t\t\t\t\t\t\t<\/div>\n\t\t\t\t<\/div>\n\t\t\t\t<div class=\"elementor-element elementor-element-55f64b2 elementor-widget elementor-widget-image\" data-id=\"55f64b2\" data-element_type=\"widget\" data-widget_type=\"image.default\">\n\t\t\t\t<div class=\"elementor-widget-container\">\n\t\t\t\t\t\t\t\t\t\t<figure class=\"wp-caption\">\n\t\t\t\t\t\t\t\t\t\t\t<a href=\"https:\/\/bremen.deutscher-schifffahrtstag.de\/wp-content\/uploads\/2022\/09\/Emden_Josephine_067-scaled.jpg\" data-elementor-open-lightbox=\"yes\" data-elementor-lightbox-title=\"Josephine\" data-elementor-lightbox-description=\"Schiffstyp: Motorboot\/Eigner: Deutsches Zentrum f\u00fcr Luft- und Raumfahrt e.V.\/ L\u00e4nge: 8m \/ Breite: 2m\" data-e-action-hash=\"#elementor-action%3Aaction%3Dlightbox%26settings%3DeyJpZCI6NjE1MywidXJsIjoiaHR0cHM6XC9cL2JyZW1lbi5kZXV0c2NoZXItc2NoaWZmZmFocnRzdGFnLmRlXC93cC1jb250ZW50XC91cGxvYWRzXC8yMDIyXC8wOVwvRW1kZW5fSm9zZXBoaW5lXzA2Ny1zY2FsZWQuanBnIn0%3D\">\n\t\t\t\t\t\t\t<img loading=\"lazy\" decoding=\"async\" width=\"474\" height=\"324\" src=\"https:\/\/bremen.deutscher-schifffahrtstag.de\/wp-content\/uploads\/2022\/09\/Emden_Josephine_067-474x324.jpg\" class=\"attachment-meccarouselthumb size-meccarouselthumb wp-image-6153\" alt=\"\" \/>\t\t\t\t\t\t\t\t<\/a>\n\t\t\t\t\t\t\t\t\t\t\t<figcaption class=\"widget-image-caption wp-caption-text\">Josephine<\/figcaption>\n\t\t\t\t\t\t\t\t\t\t<\/figure>\n\t\t\t\t\t\t\t<\/div>\n\t\t\t\t<\/div>\n\t\t\t\t\t<\/div>\n\t\t<\/div>\n\t\t\t\t<div class=\"elementor-column elementor-col-33 elementor-top-column elementor-element elementor-element-d00d823\" data-id=\"d00d823\" data-element_type=\"column\">\n\t\t\t<div class=\"elementor-widget-wrap elementor-element-populated\">\n\t\t\t\t\t\t<div class=\"elementor-element elementor-element-fdfbf1e elementor-widget elementor-widget-image\" data-id=\"fdfbf1e\" data-element_type=\"widget\" data-widget_type=\"image.default\">\n\t\t\t\t<div class=\"elementor-widget-container\">\n\t\t\t\t\t\t\t\t\t\t<figure class=\"wp-caption\">\n\t\t\t\t\t\t\t\t\t\t\t<a href=\"https:\/\/bremen.deutscher-schifffahrtstag.de\/wp-content\/uploads\/2021\/10\/Alex-2.jpg\" data-elementor-open-lightbox=\"yes\" data-elementor-lightbox-title=\"Alexander von Humboldt II\" data-elementor-lightbox-description=\"Eigner: Deutsche Stiftung Sail Training \/ Schiffstyp: Stahlbark \/ L\u00e4nge 65,05 m \/ Breite: 10m \/ Stapellauf: 2011\" data-e-action-hash=\"#elementor-action%3Aaction%3Dlightbox%26settings%3DeyJpZCI6MTc4MSwidXJsIjoiaHR0cHM6XC9cL2JyZW1lbi5kZXV0c2NoZXItc2NoaWZmZmFocnRzdGFnLmRlXC93cC1jb250ZW50XC91cGxvYWRzXC8yMDIxXC8xMFwvQWxleC0yLmpwZyJ9\">\n\t\t\t\t\t\t\t<img loading=\"lazy\" decoding=\"async\" width=\"474\" height=\"324\" src=\"https:\/\/bremen.deutscher-schifffahrtstag.de\/wp-content\/uploads\/2021\/10\/Alex-2-474x324.jpg\" class=\"attachment-meccarouselthumb size-meccarouselthumb wp-image-1781\" alt=\"\" \/>\t\t\t\t\t\t\t\t<\/a>\n\t\t\t\t\t\t\t\t\t\t\t<figcaption class=\"widget-image-caption wp-caption-text\">Alexander von Humboldt II<\/figcaption>\n\t\t\t\t\t\t\t\t\t\t<\/figure>\n\t\t\t\t\t\t\t<\/div>\n\t\t\t\t<\/div>\n\t\t\t\t<div class=\"elementor-element elementor-element-1252ac5 elementor-widget elementor-widget-image\" data-id=\"1252ac5\" data-element_type=\"widget\" data-widget_type=\"image.default\">\n\t\t\t\t<div class=\"elementor-widget-container\">\n\t\t\t\t\t\t\t\t\t\t<figure class=\"wp-caption\">\n\t\t\t\t\t\t\t\t\t\t\t<a href=\"https:\/\/bremen.deutscher-schifffahrtstag.de\/wp-content\/uploads\/2021\/10\/Atair.jpg\" data-elementor-open-lightbox=\"yes\" data-elementor-lightbox-title=\"Atair\" data-elementor-lightbox-description=\"Eigner: Bundesamt f\u00fcr Seeschifffahrt und Hydrographie \/ Schiffstyp: Forschungsschiff \/ L\u00e4nge 75,01 m \/ Breite: 16,8 m \/ Stapellauf: 2019\" data-e-action-hash=\"#elementor-action%3Aaction%3Dlightbox%26settings%3DeyJpZCI6MTc5NSwidXJsIjoiaHR0cHM6XC9cL2JyZW1lbi5kZXV0c2NoZXItc2NoaWZmZmFocnRzdGFnLmRlXC93cC1jb250ZW50XC91cGxvYWRzXC8yMDIxXC8xMFwvQXRhaXIuanBnIn0%3D\">\n\t\t\t\t\t\t\t<img loading=\"lazy\" decoding=\"async\" width=\"474\" height=\"324\" src=\"https:\/\/bremen.deutscher-schifffahrtstag.de\/wp-content\/uploads\/2021\/10\/Atair-474x324.jpg\" class=\"attachment-meccarouselthumb size-meccarouselthumb wp-image-1795\" alt=\"\" \/>\t\t\t\t\t\t\t\t<\/a>\n\t\t\t\t\t\t\t\t\t\t\t<figcaption class=\"widget-image-caption wp-caption-text\">Forschungsschiff Atair<\/figcaption>\n\t\t\t\t\t\t\t\t\t\t<\/figure>\n\t\t\t\t\t\t\t<\/div>\n\t\t\t\t<\/div>\n\t\t\t\t<div class=\"elementor-element elementor-element-ae3f33d elementor-widget elementor-widget-image\" data-id=\"ae3f33d\" data-element_type=\"widget\" data-widget_type=\"image.default\">\n\t\t\t\t<div class=\"elementor-widget-container\">\n\t\t\t\t\t\t\t\t\t\t<figure class=\"wp-caption\">\n\t\t\t\t\t\t\t\t\t\t\t<a href=\"https:\/\/bremen.deutscher-schifffahrtstag.de\/wp-content\/uploads\/2022\/06\/Ubena-von-Bremen-Kieler-Woche-2018-24.6.-....-5DRs-Nr-1-scaled.jpg\" data-elementor-open-lightbox=\"yes\" data-elementor-lightbox-title=\"Kogge Ubena von Bremen\" data-elementor-lightbox-description=\"igner: Hanse-Koggewerft e.V. \/ Schiffstyp: Hansekogge \/ L\u00e4nge 23,23 m \/ Breite: 7,62 m \/ Stapellauf: 1990\" data-e-action-hash=\"#elementor-action%3Aaction%3Dlightbox%26settings%3DeyJpZCI6NDc4MCwidXJsIjoiaHR0cHM6XC9cL2JyZW1lbi5kZXV0c2NoZXItc2NoaWZmZmFocnRzdGFnLmRlXC93cC1jb250ZW50XC91cGxvYWRzXC8yMDIyXC8wNlwvVWJlbmEtdm9uLUJyZW1lbi1LaWVsZXItV29jaGUtMjAxOC0yNC42Li0uLi4uLTVEUnMtTnItMS1zY2FsZWQuanBnIn0%3D\">\n\t\t\t\t\t\t\t<img loading=\"lazy\" decoding=\"async\" width=\"474\" height=\"324\" src=\"https:\/\/bremen.deutscher-schifffahrtstag.de\/wp-content\/uploads\/2022\/06\/Ubena-von-Bremen-Kieler-Woche-2018-24.6.-....-5DRs-Nr-1-474x324.jpg\" class=\"attachment-meccarouselthumb size-meccarouselthumb wp-image-4780\" alt=\"\" \/>\t\t\t\t\t\t\t\t<\/a>\n\t\t\t\t\t\t\t\t\t\t\t<figcaption class=\"widget-image-caption wp-caption-text\">Kogge Ubena von Bremen<\/figcaption>\n\t\t\t\t\t\t\t\t\t\t<\/figure>\n\t\t\t\t\t\t\t<\/div>\n\t\t\t\t<\/div>\n\t\t\t\t<div class=\"elementor-element elementor-element-24e58e2 elementor-widget elementor-widget-image\" data-id=\"24e58e2\" data-element_type=\"widget\" data-widget_type=\"image.default\">\n\t\t\t\t<div class=\"elementor-widget-container\">\n\t\t\t\t\t\t\t\t\t\t<figure class=\"wp-caption\">\n\t\t\t\t\t\t\t\t\t\t\t<a href=\"https:\/\/bremen.deutscher-schifffahrtstag.de\/wp-content\/uploads\/2022\/02\/bremen.jpg\" data-elementor-open-lightbox=\"yes\" data-elementor-lightbox-title=\"Bremen\" data-elementor-lightbox-description=\"Eigner: \tWasserzolldienstes Bremerhaven \/ Schiffstyp: Zollboot \/ L\u00e4nge: 24 m \/ Breite: 6,5 m \/ Stapellauf: 2019\" data-e-action-hash=\"#elementor-action%3Aaction%3Dlightbox%26settings%3DeyJpZCI6Mjk3NywidXJsIjoiaHR0cHM6XC9cL2JyZW1lbi5kZXV0c2NoZXItc2NoaWZmZmFocnRzdGFnLmRlXC93cC1jb250ZW50XC91cGxvYWRzXC8yMDIyXC8wMlwvYnJlbWVuLmpwZyJ9\">\n\t\t\t\t\t\t\t<img loading=\"lazy\" decoding=\"async\" width=\"474\" height=\"324\" src=\"https:\/\/bremen.deutscher-schifffahrtstag.de\/wp-content\/uploads\/2022\/02\/bremen-474x324.jpg\" class=\"attachment-meccarouselthumb size-meccarouselthumb wp-image-2977\" alt=\"\" \/>\t\t\t\t\t\t\t\t<\/a>\n\t\t\t\t\t\t\t\t\t\t\t<figcaption class=\"widget-image-caption wp-caption-text\">Bremen<\/figcaption>\n\t\t\t\t\t\t\t\t\t\t<\/figure>\n\t\t\t\t\t\t\t<\/div>\n\t\t\t\t<\/div>\n\t\t\t\t<div class=\"elementor-element elementor-element-6877ab2 elementor-widget elementor-widget-image\" data-id=\"6877ab2\" data-element_type=\"widget\" data-widget_type=\"image.default\">\n\t\t\t\t<div class=\"elementor-widget-container\">\n\t\t\t\t\t\t\t\t\t\t<figure class=\"wp-caption\">\n\t\t\t\t\t\t\t\t\t\t\t<a href=\"https:\/\/bremen.deutscher-schifffahrtstag.de\/wp-content\/uploads\/2022\/09\/Dione-scaled.jpg\" data-elementor-open-lightbox=\"yes\" data-elementor-lightbox-title=\"Dione\" data-e-action-hash=\"#elementor-action%3Aaction%3Dlightbox%26settings%3DeyJpZCI6NjM5NCwidXJsIjoiaHR0cHM6XC9cL2JyZW1lbi5kZXV0c2NoZXItc2NoaWZmZmFocnRzdGFnLmRlXC93cC1jb250ZW50XC91cGxvYWRzXC8yMDIyXC8wOVwvRGlvbmUtc2NhbGVkLmpwZyJ9\">\n\t\t\t\t\t\t\t<img loading=\"lazy\" decoding=\"async\" width=\"474\" height=\"324\" src=\"https:\/\/bremen.deutscher-schifffahrtstag.de\/wp-content\/uploads\/2022\/09\/Dione-474x324.jpg\" class=\"attachment-meccarouselthumb size-meccarouselthumb wp-image-6394\" alt=\"\" \/>\t\t\t\t\t\t\t\t<\/a>\n\t\t\t\t\t\t\t\t\t\t\t<figcaption class=\"widget-image-caption wp-caption-text\">Dione<\/figcaption>\n\t\t\t\t\t\t\t\t\t\t<\/figure>\n\t\t\t\t\t\t\t<\/div>\n\t\t\t\t<\/div>\n\t\t\t\t<div class=\"elementor-element elementor-element-7e78910 elementor-widget elementor-widget-image\" data-id=\"7e78910\" data-element_type=\"widget\" data-widget_type=\"image.default\">\n\t\t\t\t<div class=\"elementor-widget-container\">\n\t\t\t\t\t\t\t\t\t\t<figure class=\"wp-caption\">\n\t\t\t\t\t\t\t\t\t\t\t<a href=\"https:\/\/bremen.deutscher-schifffahrtstag.de\/wp-content\/uploads\/2021\/10\/Joh-Wichern.jpg\" data-elementor-open-lightbox=\"yes\" data-elementor-lightbox-title=\"Kirchenboot Johann-Hinrich-Wichern\" data-elementor-lightbox-description=\"Eigner: Deutsche Seemannsmission Duisburg \/ Schiffstyp: Kirchenschiff \/ L\u00e4nge 14,8 m \/ Breite: 4,2m \/ Stapellauf: 1962\" data-e-action-hash=\"#elementor-action%3Aaction%3Dlightbox%26settings%3DeyJpZCI6MTc5NywidXJsIjoiaHR0cHM6XC9cL2JyZW1lbi5kZXV0c2NoZXItc2NoaWZmZmFocnRzdGFnLmRlXC93cC1jb250ZW50XC91cGxvYWRzXC8yMDIxXC8xMFwvSm9oLVdpY2hlcm4uanBnIn0%3D\">\n\t\t\t\t\t\t\t<img loading=\"lazy\" decoding=\"async\" width=\"474\" height=\"324\" src=\"https:\/\/bremen.deutscher-schifffahrtstag.de\/wp-content\/uploads\/2021\/10\/Joh-Wichern-474x324.jpg\" class=\"attachment-meccarouselthumb size-meccarouselthumb wp-image-1797\" alt=\"\" \/>\t\t\t\t\t\t\t\t<\/a>\n\t\t\t\t\t\t\t\t\t\t\t<figcaption class=\"widget-image-caption wp-caption-text\">Kirchenboot Johann-Hinrich-Wichern <\/figcaption>\n\t\t\t\t\t\t\t\t\t\t<\/figure>\n\t\t\t\t\t\t\t<\/div>\n\t\t\t\t<\/div>\n\t\t\t\t<div class=\"elementor-element elementor-element-72e9d5c elementor-widget elementor-widget-image\" data-id=\"72e9d5c\" data-element_type=\"widget\" data-widget_type=\"image.default\">\n\t\t\t\t<div class=\"elementor-widget-container\">\n\t\t\t\t\t\t\t\t\t\t<figure class=\"wp-caption\">\n\t\t\t\t\t\t\t\t\t\t\t<a href=\"https:\/\/bremen.deutscher-schifffahrtstag.de\/wp-content\/uploads\/2022\/04\/IMG_8248-scaled.jpg\" data-elementor-open-lightbox=\"yes\" data-elementor-lightbox-title=\"Aviso 1\" data-elementor-lightbox-description=\"Eigner: Christiane &amp; Manfred Deymann KG \/ Schiffstyp: Binnenschiff \/ L\u00e4nge 110 m \/ Breite: 11,45 m \/ Stapellauf: 2008\" data-e-action-hash=\"#elementor-action%3Aaction%3Dlightbox%26settings%3DeyJpZCI6NDQzMiwidXJsIjoiaHR0cHM6XC9cL2JyZW1lbi5kZXV0c2NoZXItc2NoaWZmZmFocnRzdGFnLmRlXC93cC1jb250ZW50XC91cGxvYWRzXC8yMDIyXC8wNFwvSU1HXzgyNDgtc2NhbGVkLmpwZyJ9\">\n\t\t\t\t\t\t\t<img loading=\"lazy\" decoding=\"async\" width=\"474\" height=\"324\" src=\"https:\/\/bremen.deutscher-schifffahrtstag.de\/wp-content\/uploads\/2022\/04\/IMG_8248-474x324.jpg\" class=\"attachment-meccarouselthumb size-meccarouselthumb wp-image-4432\" alt=\"\" \/>\t\t\t\t\t\t\t\t<\/a>\n\t\t\t\t\t\t\t\t\t\t\t<figcaption class=\"widget-image-caption wp-caption-text\">Aviso 1<\/figcaption>\n\t\t\t\t\t\t\t\t\t\t<\/figure>\n\t\t\t\t\t\t\t<\/div>\n\t\t\t\t<\/div>\n\t\t\t\t<div class=\"elementor-element elementor-element-9bdfe64 elementor-widget elementor-widget-image\" data-id=\"9bdfe64\" data-element_type=\"widget\" data-widget_type=\"image.default\">\n\t\t\t\t<div class=\"elementor-widget-container\">\n\t\t\t\t\t\t\t\t\t\t<figure class=\"wp-caption\">\n\t\t\t\t\t\t\t\t\t\t\t<a href=\"https:\/\/bremen.deutscher-schifffahrtstag.de\/wp-content\/uploads\/2022\/01\/6-Lotte-scaled.jpg\" data-elementor-open-lightbox=\"yes\" data-elementor-lightbox-title=\"Lotte\" data-elementor-lightbox-description=\"Schiffstyp: Verdr\u00e4nger ST \/ L\u00e4nge: 13,8 m \/ Breite: 4,1 m\" data-e-action-hash=\"#elementor-action%3Aaction%3Dlightbox%26settings%3DeyJpZCI6Mjc2MywidXJsIjoiaHR0cHM6XC9cL2JyZW1lbi5kZXV0c2NoZXItc2NoaWZmZmFocnRzdGFnLmRlXC93cC1jb250ZW50XC91cGxvYWRzXC8yMDIyXC8wMVwvNi1Mb3R0ZS1zY2FsZWQuanBnIn0%3D\">\n\t\t\t\t\t\t\t<img loading=\"lazy\" decoding=\"async\" width=\"474\" height=\"324\" src=\"https:\/\/bremen.deutscher-schifffahrtstag.de\/wp-content\/uploads\/2022\/01\/6-Lotte-474x324.jpg\" class=\"attachment-meccarouselthumb size-meccarouselthumb wp-image-2763\" alt=\"\" \/>\t\t\t\t\t\t\t\t<\/a>\n\t\t\t\t\t\t\t\t\t\t\t<figcaption class=\"widget-image-caption wp-caption-text\">Lotte<\/figcaption>\n\t\t\t\t\t\t\t\t\t\t<\/figure>\n\t\t\t\t\t\t\t<\/div>\n\t\t\t\t<\/div>\n\t\t\t\t<div class=\"elementor-element elementor-element-ced11b9 elementor-widget elementor-widget-image\" data-id=\"ced11b9\" data-element_type=\"widget\" data-widget_type=\"image.default\">\n\t\t\t\t<div class=\"elementor-widget-container\">\n\t\t\t\t\t\t\t\t\t\t<figure class=\"wp-caption\">\n\t\t\t\t\t\t\t\t\t\t\t<a href=\"https:\/\/bremen.deutscher-schifffahrtstag.de\/wp-content\/uploads\/2022\/09\/MS-Weserland.jpg\" data-elementor-open-lightbox=\"yes\" data-elementor-lightbox-title=\"MS Weserland\" data-e-action-hash=\"#elementor-action%3Aaction%3Dlightbox%26settings%3DeyJpZCI6NjE2MywidXJsIjoiaHR0cHM6XC9cL2JyZW1lbi5kZXV0c2NoZXItc2NoaWZmZmFocnRzdGFnLmRlXC93cC1jb250ZW50XC91cGxvYWRzXC8yMDIyXC8wOVwvTVMtV2VzZXJsYW5kLmpwZyJ9\">\n\t\t\t\t\t\t\t<img loading=\"lazy\" decoding=\"async\" width=\"474\" height=\"324\" src=\"https:\/\/bremen.deutscher-schifffahrtstag.de\/wp-content\/uploads\/2022\/09\/MS-Weserland-474x324.jpg\" class=\"attachment-meccarouselthumb size-meccarouselthumb wp-image-6163\" alt=\"\" \/>\t\t\t\t\t\t\t\t<\/a>\n\t\t\t\t\t\t\t\t\t\t\t<figcaption class=\"widget-image-caption wp-caption-text\">MS Weserland<\/figcaption>\n\t\t\t\t\t\t\t\t\t\t<\/figure>\n\t\t\t\t\t\t\t<\/div>\n\t\t\t\t<\/div>\n\t\t\t\t<div class=\"elementor-element elementor-element-f4ee127 elementor-widget elementor-widget-image\" data-id=\"f4ee127\" data-element_type=\"widget\" data-widget_type=\"image.default\">\n\t\t\t\t<div class=\"elementor-widget-container\">\n\t\t\t\t\t\t\t\t\t\t<figure class=\"wp-caption\">\n\t\t\t\t\t\t\t\t\t\t\t<a href=\"https:\/\/bremen.deutscher-schifffahrtstag.de\/wp-content\/uploads\/2022\/06\/bv2.jpg\" data-elementor-open-lightbox=\"yes\" data-elementor-lightbox-title=\"Heringslogger Vegesack BV2\" data-elementor-lightbox-description=\"Schiffstyp: Heringslogger\/ Baujahr: 1895 \/ L\u00e4nge: 35.4 m \/ Breite: 5.4 m \" data-e-action-hash=\"#elementor-action%3Aaction%3Dlightbox%26settings%3DeyJpZCI6NTAxMiwidXJsIjoiaHR0cHM6XC9cL2JyZW1lbi5kZXV0c2NoZXItc2NoaWZmZmFocnRzdGFnLmRlXC93cC1jb250ZW50XC91cGxvYWRzXC8yMDIyXC8wNlwvYnYyLmpwZyJ9\">\n\t\t\t\t\t\t\t<img loading=\"lazy\" decoding=\"async\" width=\"474\" height=\"324\" src=\"https:\/\/bremen.deutscher-schifffahrtstag.de\/wp-content\/uploads\/2022\/06\/bv2-474x324.jpg\" class=\"attachment-meccarouselthumb size-meccarouselthumb wp-image-5012\" alt=\"\" \/>\t\t\t\t\t\t\t\t<\/a>\n\t\t\t\t\t\t\t\t\t\t\t<figcaption class=\"widget-image-caption wp-caption-text\">Heringslogger Vegesack BV2<\/figcaption>\n\t\t\t\t\t\t\t\t\t\t<\/figure>\n\t\t\t\t\t\t\t<\/div>\n\t\t\t\t<\/div>\n\t\t\t\t<div class=\"elementor-element elementor-element-94dd515 elementor-widget elementor-widget-image\" data-id=\"94dd515\" data-element_type=\"widget\" data-widget_type=\"image.default\">\n\t\t\t\t<div class=\"elementor-widget-container\">\n\t\t\t\t\t\t\t\t\t\t<figure class=\"wp-caption\">\n\t\t\t\t\t\t\t\t\t\t\t<a href=\"https:\/\/bremen.deutscher-schifffahrtstag.de\/wp-content\/uploads\/2021\/12\/Astondoa1.jpg\" data-elementor-open-lightbox=\"yes\" data-elementor-lightbox-title=\"Sinfonia\" data-elementor-lightbox-description=\"Eigent\u00fcmer: Victor und Susanne Albuquerque \/ Bootsname: Sinfonia \/ L\u00e4nge 14 Meter \/ Breite 4,3 Meter \/ Wir sind beim Deutschen Schifffahrtstag 2022 dabei, weil dies f\u00fcr uns ein unvergessliches Erlebnis darstellt.\n\" data-e-action-hash=\"#elementor-action%3Aaction%3Dlightbox%26settings%3DeyJpZCI6MjQzMCwidXJsIjoiaHR0cHM6XC9cL2JyZW1lbi5kZXV0c2NoZXItc2NoaWZmZmFocnRzdGFnLmRlXC93cC1jb250ZW50XC91cGxvYWRzXC8yMDIxXC8xMlwvQXN0b25kb2ExLmpwZyJ9\">\n\t\t\t\t\t\t\t<img loading=\"lazy\" decoding=\"async\" width=\"474\" height=\"324\" src=\"https:\/\/bremen.deutscher-schifffahrtstag.de\/wp-content\/uploads\/2021\/12\/Astondoa1-474x324.jpg\" class=\"attachment-meccarouselthumb size-meccarouselthumb wp-image-2430\" alt=\"\" \/>\t\t\t\t\t\t\t\t<\/a>\n\t\t\t\t\t\t\t\t\t\t\t<figcaption class=\"widget-image-caption wp-caption-text\">Sinfonia<\/figcaption>\n\t\t\t\t\t\t\t\t\t\t<\/figure>\n\t\t\t\t\t\t\t<\/div>\n\t\t\t\t<\/div>\n\t\t\t\t<div class=\"elementor-element elementor-element-bb305c0 elementor-widget elementor-widget-image\" data-id=\"bb305c0\" data-element_type=\"widget\" data-widget_type=\"image.default\">\n\t\t\t\t<div class=\"elementor-widget-container\">\n\t\t\t\t\t\t\t\t\t\t<figure class=\"wp-caption\">\n\t\t\t\t\t\t\t\t\t\t\t<a href=\"https:\/\/bremen.deutscher-schifffahrtstag.de\/wp-content\/uploads\/2022\/01\/1-Marie-Meyerdierks.jpg\" data-elementor-open-lightbox=\"yes\" data-elementor-lightbox-title=\"Marie\" data-elementor-lightbox-description=\"Eigner: Familie Meyerdierks \/ Schiffstyp: Motorkaj\u00fctboot \/ L\u00e4nge: 7,2 m \/ Breite: 2,2 m\" data-e-action-hash=\"#elementor-action%3Aaction%3Dlightbox%26settings%3DeyJpZCI6MjcxMCwidXJsIjoiaHR0cHM6XC9cL2JyZW1lbi5kZXV0c2NoZXItc2NoaWZmZmFocnRzdGFnLmRlXC93cC1jb250ZW50XC91cGxvYWRzXC8yMDIyXC8wMVwvMS1NYXJpZS1NZXllcmRpZXJrcy5qcGcifQ%3D%3D\">\n\t\t\t\t\t\t\t<img loading=\"lazy\" decoding=\"async\" width=\"474\" height=\"324\" src=\"https:\/\/bremen.deutscher-schifffahrtstag.de\/wp-content\/uploads\/2022\/01\/1-Marie-Meyerdierks-474x324.jpg\" class=\"attachment-meccarouselthumb size-meccarouselthumb wp-image-2710\" alt=\"\" \/>\t\t\t\t\t\t\t\t<\/a>\n\t\t\t\t\t\t\t\t\t\t\t<figcaption class=\"widget-image-caption wp-caption-text\">Marie<\/figcaption>\n\t\t\t\t\t\t\t\t\t\t<\/figure>\n\t\t\t\t\t\t\t<\/div>\n\t\t\t\t<\/div>\n\t\t\t\t<div class=\"elementor-element elementor-element-9018a1d elementor-widget elementor-widget-image\" data-id=\"9018a1d\" data-element_type=\"widget\" data-widget_type=\"image.default\">\n\t\t\t\t<div class=\"elementor-widget-container\">\n\t\t\t\t\t\t\t\t\t\t<figure class=\"wp-caption\">\n\t\t\t\t\t\t\t\t\t\t\t<a href=\"https:\/\/bremen.deutscher-schifffahrtstag.de\/wp-content\/uploads\/2022\/01\/3-Bummler-scaled.jpg\" data-elementor-open-lightbox=\"yes\" data-elementor-lightbox-title=\"Bummler\" data-elementor-lightbox-description=\"Eigner: Thomas Weise \/ Schiffstyp: Verdr\u00e4nger L\u00e4nge: 9,7 m \/ Breite: 3,13 m\" data-e-action-hash=\"#elementor-action%3Aaction%3Dlightbox%26settings%3DeyJpZCI6Mjc2MiwidXJsIjoiaHR0cHM6XC9cL2JyZW1lbi5kZXV0c2NoZXItc2NoaWZmZmFocnRzdGFnLmRlXC93cC1jb250ZW50XC91cGxvYWRzXC8yMDIyXC8wMVwvMy1CdW1tbGVyLXNjYWxlZC5qcGcifQ%3D%3D\">\n\t\t\t\t\t\t\t<img loading=\"lazy\" decoding=\"async\" width=\"474\" height=\"324\" src=\"https:\/\/bremen.deutscher-schifffahrtstag.de\/wp-content\/uploads\/2022\/01\/3-Bummler-474x324.jpg\" class=\"attachment-meccarouselthumb size-meccarouselthumb wp-image-2762\" alt=\"\" \/>\t\t\t\t\t\t\t\t<\/a>\n\t\t\t\t\t\t\t\t\t\t\t<figcaption class=\"widget-image-caption wp-caption-text\">Bummler<\/figcaption>\n\t\t\t\t\t\t\t\t\t\t<\/figure>\n\t\t\t\t\t\t\t<\/div>\n\t\t\t\t<\/div>\n\t\t\t\t<div class=\"elementor-element elementor-element-fd4a0d3 elementor-widget elementor-widget-image\" data-id=\"fd4a0d3\" data-element_type=\"widget\" data-widget_type=\"image.default\">\n\t\t\t\t<div class=\"elementor-widget-container\">\n\t\t\t\t\t\t\t\t\t\t<figure class=\"wp-caption\">\n\t\t\t\t\t\t\t\t\t\t\t<a href=\"https:\/\/bremen.deutscher-schifffahrtstag.de\/wp-content\/uploads\/2022\/02\/13-Slocum6195.jpeg\" data-elementor-open-lightbox=\"yes\" data-elementor-lightbox-title=\"Slocum\" data-elementor-lightbox-description=\"Eigner: Angela &amp; Holger Eckert \/ Schiffstyp: Segelboot 32 \/ L\u00e4nge: 9,8 m \/ Breite: 2,7 m\" data-e-action-hash=\"#elementor-action%3Aaction%3Dlightbox%26settings%3DeyJpZCI6MzQ1MSwidXJsIjoiaHR0cHM6XC9cL2JyZW1lbi5kZXV0c2NoZXItc2NoaWZmZmFocnRzdGFnLmRlXC93cC1jb250ZW50XC91cGxvYWRzXC8yMDIyXC8wMlwvMTMtU2xvY3VtNjE5NS5qcGVnIn0%3D\">\n\t\t\t\t\t\t\t<img loading=\"lazy\" decoding=\"async\" width=\"474\" height=\"324\" src=\"https:\/\/bremen.deutscher-schifffahrtstag.de\/wp-content\/uploads\/2022\/02\/13-Slocum6195-474x324.jpeg\" class=\"attachment-meccarouselthumb size-meccarouselthumb wp-image-3451\" alt=\"\" \/>\t\t\t\t\t\t\t\t<\/a>\n\t\t\t\t\t\t\t\t\t\t\t<figcaption class=\"widget-image-caption wp-caption-text\">Slocum<\/figcaption>\n\t\t\t\t\t\t\t\t\t\t<\/figure>\n\t\t\t\t\t\t\t<\/div>\n\t\t\t\t<\/div>\n\t\t\t\t<div class=\"elementor-element elementor-element-059826a elementor-widget elementor-widget-image\" data-id=\"059826a\" data-element_type=\"widget\" data-widget_type=\"image.default\">\n\t\t\t\t<div class=\"elementor-widget-container\">\n\t\t\t\t\t\t\t\t\t\t<figure class=\"wp-caption\">\n\t\t\t\t\t\t\t\t\t\t\t<a href=\"https:\/\/bremen.deutscher-schifffahrtstag.de\/wp-content\/uploads\/2022\/02\/17-Lilo-scaled.jpg\" data-elementor-open-lightbox=\"yes\" data-elementor-lightbox-title=\"Lilo\" data-elementor-lightbox-description=\"Eigner: John F. Remitz \/ Schiffstyp: Kaj\u00fct-Motorboot \/ L\u00e4nge: 6,2 m \/ Breite: 2,48 m\" data-e-action-hash=\"#elementor-action%3Aaction%3Dlightbox%26settings%3DeyJpZCI6MzQ1MywidXJsIjoiaHR0cHM6XC9cL2JyZW1lbi5kZXV0c2NoZXItc2NoaWZmZmFocnRzdGFnLmRlXC93cC1jb250ZW50XC91cGxvYWRzXC8yMDIyXC8wMlwvMTctTGlsby1zY2FsZWQuanBnIn0%3D\">\n\t\t\t\t\t\t\t<img loading=\"lazy\" decoding=\"async\" width=\"474\" height=\"324\" src=\"https:\/\/bremen.deutscher-schifffahrtstag.de\/wp-content\/uploads\/2022\/02\/17-Lilo-474x324.jpg\" class=\"attachment-meccarouselthumb size-meccarouselthumb wp-image-3453\" alt=\"\" \/>\t\t\t\t\t\t\t\t<\/a>\n\t\t\t\t\t\t\t\t\t\t\t<figcaption class=\"widget-image-caption wp-caption-text\">Lilo<\/figcaption>\n\t\t\t\t\t\t\t\t\t\t<\/figure>\n\t\t\t\t\t\t\t<\/div>\n\t\t\t\t<\/div>\n\t\t\t\t<div class=\"elementor-element elementor-element-a742eb6 elementor-widget elementor-widget-image\" data-id=\"a742eb6\" data-element_type=\"widget\" data-widget_type=\"image.default\">\n\t\t\t\t<div class=\"elementor-widget-container\">\n\t\t\t\t\t\t\t\t\t\t<figure class=\"wp-caption\">\n\t\t\t\t\t\t\t\t\t\t\t<a href=\"https:\/\/bremen.deutscher-schifffahrtstag.de\/wp-content\/uploads\/2022\/02\/22-Kalamoun.jpg\" data-elementor-open-lightbox=\"yes\" data-elementor-lightbox-title=\"Kalamoun\" data-elementor-lightbox-description=\"Eigner: Johannes Reismann \/ Schiffstyp: Gleiter \/ L\u00e4nge: 6 m \/ Breite: 2 m\" data-e-action-hash=\"#elementor-action%3Aaction%3Dlightbox%26settings%3DeyJpZCI6MzY4NiwidXJsIjoiaHR0cHM6XC9cL2JyZW1lbi5kZXV0c2NoZXItc2NoaWZmZmFocnRzdGFnLmRlXC93cC1jb250ZW50XC91cGxvYWRzXC8yMDIyXC8wMlwvMjItS2FsYW1vdW4uanBnIn0%3D\">\n\t\t\t\t\t\t\t<img loading=\"lazy\" decoding=\"async\" width=\"474\" height=\"324\" src=\"https:\/\/bremen.deutscher-schifffahrtstag.de\/wp-content\/uploads\/2022\/02\/22-Kalamoun-474x324.jpg\" class=\"attachment-meccarouselthumb size-meccarouselthumb wp-image-3686\" alt=\"\" \/>\t\t\t\t\t\t\t\t<\/a>\n\t\t\t\t\t\t\t\t\t\t\t<figcaption class=\"widget-image-caption wp-caption-text\">Kalamoun<\/figcaption>\n\t\t\t\t\t\t\t\t\t\t<\/figure>\n\t\t\t\t\t\t\t<\/div>\n\t\t\t\t<\/div>\n\t\t\t\t<div class=\"elementor-element elementor-element-321b24b elementor-widget elementor-widget-image\" data-id=\"321b24b\" data-element_type=\"widget\" data-widget_type=\"image.default\">\n\t\t\t\t<div class=\"elementor-widget-container\">\n\t\t\t\t\t\t\t\t\t\t<figure class=\"wp-caption\">\n\t\t\t\t\t\t\t\t\t\t\t<a href=\"https:\/\/bremen.deutscher-schifffahrtstag.de\/wp-content\/uploads\/2022\/02\/26-Akka-scaled.jpg\" data-elementor-open-lightbox=\"yes\" data-elementor-lightbox-title=\"Akka\" data-elementor-lightbox-description=\"Eigner: Friedhelm Seifen \/ Schiffstyp: Kleiner Kreuzer 1970 \/ L\u00e4nge: 6,4 m \/ Breite: 2,2 m\" data-e-action-hash=\"#elementor-action%3Aaction%3Dlightbox%26settings%3DeyJpZCI6MzY4OSwidXJsIjoiaHR0cHM6XC9cL2JyZW1lbi5kZXV0c2NoZXItc2NoaWZmZmFocnRzdGFnLmRlXC93cC1jb250ZW50XC91cGxvYWRzXC8yMDIyXC8wMlwvMjYtQWtrYS1zY2FsZWQuanBnIn0%3D\">\n\t\t\t\t\t\t\t<img loading=\"lazy\" decoding=\"async\" width=\"474\" height=\"324\" src=\"https:\/\/bremen.deutscher-schifffahrtstag.de\/wp-content\/uploads\/2022\/02\/26-Akka-474x324.jpg\" class=\"attachment-meccarouselthumb size-meccarouselthumb wp-image-3689\" alt=\"\" \/>\t\t\t\t\t\t\t\t<\/a>\n\t\t\t\t\t\t\t\t\t\t\t<figcaption class=\"widget-image-caption wp-caption-text\">Akka<\/figcaption>\n\t\t\t\t\t\t\t\t\t\t<\/figure>\n\t\t\t\t\t\t\t<\/div>\n\t\t\t\t<\/div>\n\t\t\t\t<div class=\"elementor-element elementor-element-8d402c4 elementor-widget elementor-widget-image\" data-id=\"8d402c4\" data-element_type=\"widget\" data-widget_type=\"image.default\">\n\t\t\t\t<div class=\"elementor-widget-container\">\n\t\t\t\t\t\t\t\t\t\t<figure class=\"wp-caption\">\n\t\t\t\t\t\t\t\t\t\t\t<a href=\"https:\/\/bremen.deutscher-schifffahrtstag.de\/wp-content\/uploads\/2022\/04\/34-Spille.jpg\" data-elementor-open-lightbox=\"yes\" data-elementor-lightbox-title=\"Fidelitas\" data-elementor-lightbox-description=\"Eigner: J\u00fcrgen Spille \/ Schiffstyp: Verdr\u00e4nger \/ L\u00e4nge: 10,7 m \/ Breite: 3,4 m\" data-e-action-hash=\"#elementor-action%3Aaction%3Dlightbox%26settings%3DeyJpZCI6NDI0NywidXJsIjoiaHR0cHM6XC9cL2JyZW1lbi5kZXV0c2NoZXItc2NoaWZmZmFocnRzdGFnLmRlXC93cC1jb250ZW50XC91cGxvYWRzXC8yMDIyXC8wNFwvMzQtU3BpbGxlLmpwZyJ9\">\n\t\t\t\t\t\t\t<img loading=\"lazy\" decoding=\"async\" width=\"474\" height=\"324\" src=\"https:\/\/bremen.deutscher-schifffahrtstag.de\/wp-content\/uploads\/2022\/04\/34-Spille-474x324.jpg\" class=\"attachment-meccarouselthumb size-meccarouselthumb wp-image-4247\" alt=\"\" \/>\t\t\t\t\t\t\t\t<\/a>\n\t\t\t\t\t\t\t\t\t\t\t<figcaption class=\"widget-image-caption wp-caption-text\">Fidelitas<\/figcaption>\n\t\t\t\t\t\t\t\t\t\t<\/figure>\n\t\t\t\t\t\t\t<\/div>\n\t\t\t\t<\/div>\n\t\t\t\t<div class=\"elementor-element elementor-element-d1ba6e7 elementor-widget elementor-widget-image\" data-id=\"d1ba6e7\" data-element_type=\"widget\" data-widget_type=\"image.default\">\n\t\t\t\t<div class=\"elementor-widget-container\">\n\t\t\t\t\t\t\t\t\t\t<figure class=\"wp-caption\">\n\t\t\t\t\t\t\t\t\t\t\t<a href=\"https:\/\/bremen.deutscher-schifffahrtstag.de\/wp-content\/uploads\/2022\/04\/41-Festus.jpeg\" data-elementor-open-lightbox=\"yes\" data-elementor-lightbox-title=\"Festus\" data-elementor-lightbox-description=\"Eigner: Axel Decker \/ Schiffstyp: Trawler \/ L\u00e4nge: 13 m \/ Breite: 4 m\" data-e-action-hash=\"#elementor-action%3Aaction%3Dlightbox%26settings%3DeyJpZCI6NDI0NiwidXJsIjoiaHR0cHM6XC9cL2JyZW1lbi5kZXV0c2NoZXItc2NoaWZmZmFocnRzdGFnLmRlXC93cC1jb250ZW50XC91cGxvYWRzXC8yMDIyXC8wNFwvNDEtRmVzdHVzLmpwZWcifQ%3D%3D\">\n\t\t\t\t\t\t\t<img loading=\"lazy\" decoding=\"async\" width=\"474\" height=\"324\" src=\"https:\/\/bremen.deutscher-schifffahrtstag.de\/wp-content\/uploads\/2022\/04\/41-Festus-474x324.jpeg\" class=\"attachment-meccarouselthumb size-meccarouselthumb wp-image-4246\" alt=\"\" \/>\t\t\t\t\t\t\t\t<\/a>\n\t\t\t\t\t\t\t\t\t\t\t<figcaption class=\"widget-image-caption wp-caption-text\">Festus<\/figcaption>\n\t\t\t\t\t\t\t\t\t\t<\/figure>\n\t\t\t\t\t\t\t<\/div>\n\t\t\t\t<\/div>\n\t\t\t\t<div class=\"elementor-element elementor-element-35bb58d elementor-widget elementor-widget-image\" data-id=\"35bb58d\" data-element_type=\"widget\" data-widget_type=\"image.default\">\n\t\t\t\t<div class=\"elementor-widget-container\">\n\t\t\t\t\t\t\t\t\t\t<figure class=\"wp-caption\">\n\t\t\t\t\t\t\t\t\t\t\t<a href=\"https:\/\/bremen.deutscher-schifffahrtstag.de\/wp-content\/uploads\/2022\/05\/47-Grand-Lady.jpg\" data-elementor-open-lightbox=\"yes\" data-elementor-lightbox-title=\"Grand Lady\" data-elementor-lightbox-description=\"Schiffstyp: Motorboot \/ L\u00e4nge: 18 m \/ Breite: 5,2 m\" data-e-action-hash=\"#elementor-action%3Aaction%3Dlightbox%26settings%3DeyJpZCI6NDY2NSwidXJsIjoiaHR0cHM6XC9cL2JyZW1lbi5kZXV0c2NoZXItc2NoaWZmZmFocnRzdGFnLmRlXC93cC1jb250ZW50XC91cGxvYWRzXC8yMDIyXC8wNVwvNDctR3JhbmQtTGFkeS5qcGcifQ%3D%3D\">\n\t\t\t\t\t\t\t<img loading=\"lazy\" decoding=\"async\" width=\"474\" height=\"324\" src=\"https:\/\/bremen.deutscher-schifffahrtstag.de\/wp-content\/uploads\/2022\/05\/47-Grand-Lady-474x324.jpg\" class=\"attachment-meccarouselthumb size-meccarouselthumb wp-image-4665\" alt=\"\" \/>\t\t\t\t\t\t\t\t<\/a>\n\t\t\t\t\t\t\t\t\t\t\t<figcaption class=\"widget-image-caption wp-caption-text\">Grand Lady<\/figcaption>\n\t\t\t\t\t\t\t\t\t\t<\/figure>\n\t\t\t\t\t\t\t<\/div>\n\t\t\t\t<\/div>\n\t\t\t\t<div class=\"elementor-element elementor-element-89b018b elementor-widget elementor-widget-image\" data-id=\"89b018b\" data-element_type=\"widget\" data-widget_type=\"image.default\">\n\t\t\t\t<div class=\"elementor-widget-container\">\n\t\t\t\t\t\t\t\t\t\t<figure class=\"wp-caption\">\n\t\t\t\t\t\t\t\t\t\t\t<a href=\"https:\/\/bremen.deutscher-schifffahrtstag.de\/wp-content\/uploads\/2022\/05\/51-Fischer.jpg\" data-elementor-open-lightbox=\"yes\" data-elementor-lightbox-title=\"Helga\" data-e-action-hash=\"#elementor-action%3Aaction%3Dlightbox%26settings%3DeyJpZCI6NDcxNiwidXJsIjoiaHR0cHM6XC9cL2JyZW1lbi5kZXV0c2NoZXItc2NoaWZmZmFocnRzdGFnLmRlXC93cC1jb250ZW50XC91cGxvYWRzXC8yMDIyXC8wNVwvNTEtRmlzY2hlci5qcGcifQ%3D%3D\">\n\t\t\t\t\t\t\t<img loading=\"lazy\" decoding=\"async\" width=\"474\" height=\"324\" src=\"https:\/\/bremen.deutscher-schifffahrtstag.de\/wp-content\/uploads\/2022\/05\/51-Fischer-474x324.jpg\" class=\"attachment-meccarouselthumb size-meccarouselthumb wp-image-4716\" alt=\"\" \/>\t\t\t\t\t\t\t\t<\/a>\n\t\t\t\t\t\t\t\t\t\t\t<figcaption class=\"widget-image-caption wp-caption-text\">Helga<\/figcaption>\n\t\t\t\t\t\t\t\t\t\t<\/figure>\n\t\t\t\t\t\t\t<\/div>\n\t\t\t\t<\/div>\n\t\t\t\t<div class=\"elementor-element elementor-element-267c2f7 elementor-widget elementor-widget-image\" data-id=\"267c2f7\" data-element_type=\"widget\" data-widget_type=\"image.default\">\n\t\t\t\t<div class=\"elementor-widget-container\">\n\t\t\t\t\t\t\t\t\t\t<figure class=\"wp-caption\">\n\t\t\t\t\t\t\t\t\t\t<img loading=\"lazy\" decoding=\"async\" width=\"474\" height=\"324\" src=\"https:\/\/bremen.deutscher-schifffahrtstag.de\/wp-content\/uploads\/2022\/07\/63-Timeless-474x324.jpg\" class=\"attachment-meccarouselthumb size-meccarouselthumb wp-image-5178\" alt=\"\" \/>\t\t\t\t\t\t\t\t\t\t\t<figcaption class=\"widget-image-caption wp-caption-text\">Timeless<\/figcaption>\n\t\t\t\t\t\t\t\t\t\t<\/figure>\n\t\t\t\t\t\t\t<\/div>\n\t\t\t\t<\/div>\n\t\t\t\t<div class=\"elementor-element elementor-element-66890bb elementor-widget elementor-widget-image\" data-id=\"66890bb\" data-element_type=\"widget\" data-widget_type=\"image.default\">\n\t\t\t\t<div class=\"elementor-widget-container\">\n\t\t\t\t\t\t\t\t\t\t<figure class=\"wp-caption\">\n\t\t\t\t\t\t\t\t\t\t\t<a href=\"https:\/\/bremen.deutscher-schifffahrtstag.de\/wp-content\/uploads\/2022\/08\/94-ChrEmiLa.jpg\" data-elementor-open-lightbox=\"yes\" data-elementor-lightbox-title=\"ChrEmiLa\" data-elementor-lightbox-description=\"Schiffstyp: motorisierter Verdr\u00e4nger Inhaberin: Anja Hollstein \/ L\u00e4nge: 8 m \/ Breite: 2.5 m \/ &quot;Gemeinsam ist\u00b4s am sch\u00f6nsten!&quot;\" data-e-action-hash=\"#elementor-action%3Aaction%3Dlightbox%26settings%3DeyJpZCI6NTUyMywidXJsIjoiaHR0cHM6XC9cL2JyZW1lbi5kZXV0c2NoZXItc2NoaWZmZmFocnRzdGFnLmRlXC93cC1jb250ZW50XC91cGxvYWRzXC8yMDIyXC8wOFwvOTQtQ2hyRW1pTGEuanBnIn0%3D\">\n\t\t\t\t\t\t\t<img loading=\"lazy\" decoding=\"async\" width=\"474\" height=\"324\" src=\"https:\/\/bremen.deutscher-schifffahrtstag.de\/wp-content\/uploads\/2022\/08\/94-ChrEmiLa-474x324.jpg\" class=\"attachment-meccarouselthumb size-meccarouselthumb wp-image-5523\" alt=\"\" \/>\t\t\t\t\t\t\t\t<\/a>\n\t\t\t\t\t\t\t\t\t\t\t<figcaption class=\"widget-image-caption wp-caption-text\">ChrEmiLa<\/figcaption>\n\t\t\t\t\t\t\t\t\t\t<\/figure>\n\t\t\t\t\t\t\t<\/div>\n\t\t\t\t<\/div>\n\t\t\t\t<div class=\"elementor-element elementor-element-42e0a2a elementor-widget elementor-widget-image\" data-id=\"42e0a2a\" data-element_type=\"widget\" data-widget_type=\"image.default\">\n\t\t\t\t<div class=\"elementor-widget-container\">\n\t\t\t\t\t\t\t\t\t\t<figure class=\"wp-caption\">\n\t\t\t\t\t\t\t\t\t\t\t<a href=\"https:\/\/bremen.deutscher-schifffahrtstag.de\/wp-content\/uploads\/2022\/08\/99-Lara-Louise.jpg\" data-elementor-open-lightbox=\"yes\" data-elementor-lightbox-title=\"Lara Louise\" data-elementor-lightbox-description=\"Schiffstyp: Sealine Ambassador 310 \/ Eigner: Steffen Viehweg L\u00e4nge: 9,67 m \/ Breite: 3,46 m\" data-e-action-hash=\"#elementor-action%3Aaction%3Dlightbox%26settings%3DeyJpZCI6NTY5NiwidXJsIjoiaHR0cHM6XC9cL2JyZW1lbi5kZXV0c2NoZXItc2NoaWZmZmFocnRzdGFnLmRlXC93cC1jb250ZW50XC91cGxvYWRzXC8yMDIyXC8wOFwvOTktTGFyYS1Mb3Vpc2UuanBnIn0%3D\">\n\t\t\t\t\t\t\t<img loading=\"lazy\" decoding=\"async\" width=\"474\" height=\"324\" src=\"https:\/\/bremen.deutscher-schifffahrtstag.de\/wp-content\/uploads\/2022\/08\/99-Lara-Louise-474x324.jpg\" class=\"attachment-meccarouselthumb size-meccarouselthumb wp-image-5696\" alt=\"\" \/>\t\t\t\t\t\t\t\t<\/a>\n\t\t\t\t\t\t\t\t\t\t\t<figcaption class=\"widget-image-caption wp-caption-text\">Lara Louise<\/figcaption>\n\t\t\t\t\t\t\t\t\t\t<\/figure>\n\t\t\t\t\t\t\t<\/div>\n\t\t\t\t<\/div>\n\t\t\t\t<div class=\"elementor-element elementor-element-d4b998e elementor-widget elementor-widget-image\" data-id=\"d4b998e\" data-element_type=\"widget\" data-widget_type=\"image.default\">\n\t\t\t\t<div class=\"elementor-widget-container\">\n\t\t\t\t\t\t\t\t\t\t<figure class=\"wp-caption\">\n\t\t\t\t\t\t\t\t\t\t\t<a href=\"https:\/\/bremen.deutscher-schifffahrtstag.de\/wp-content\/uploads\/2022\/08\/109-Anoritok-scaled.jpg\" data-elementor-open-lightbox=\"yes\" data-elementor-lightbox-title=\"Anoritok\" data-elementor-lightbox-description=\"Schiffstyp: Sportboot \/ Eigner: Arne Springer \/ L\u00e4nge: 7 m \/ Breite: 2,5 m\" data-e-action-hash=\"#elementor-action%3Aaction%3Dlightbox%26settings%3DeyJpZCI6NTczMCwidXJsIjoiaHR0cHM6XC9cL2JyZW1lbi5kZXV0c2NoZXItc2NoaWZmZmFocnRzdGFnLmRlXC93cC1jb250ZW50XC91cGxvYWRzXC8yMDIyXC8wOFwvMTA5LUFub3JpdG9rLXNjYWxlZC5qcGcifQ%3D%3D\">\n\t\t\t\t\t\t\t<img loading=\"lazy\" decoding=\"async\" width=\"474\" height=\"324\" src=\"https:\/\/bremen.deutscher-schifffahrtstag.de\/wp-content\/uploads\/2022\/08\/109-Anoritok-474x324.jpg\" class=\"attachment-meccarouselthumb size-meccarouselthumb wp-image-5730\" alt=\"\" \/>\t\t\t\t\t\t\t\t<\/a>\n\t\t\t\t\t\t\t\t\t\t\t<figcaption class=\"widget-image-caption wp-caption-text\">Anoritok<\/figcaption>\n\t\t\t\t\t\t\t\t\t\t<\/figure>\n\t\t\t\t\t\t\t<\/div>\n\t\t\t\t<\/div>\n\t\t\t\t<div class=\"elementor-element elementor-element-6c94b45 elementor-widget elementor-widget-image\" data-id=\"6c94b45\" data-element_type=\"widget\" data-widget_type=\"image.default\">\n\t\t\t\t<div class=\"elementor-widget-container\">\n\t\t\t\t\t\t\t\t\t\t<figure class=\"wp-caption\">\n\t\t\t\t\t\t\t\t\t\t\t<a href=\"https:\/\/bremen.deutscher-schifffahrtstag.de\/wp-content\/uploads\/2022\/09\/Walvis-scaled.jpeg\" data-elementor-open-lightbox=\"yes\" data-elementor-lightbox-title=\"Walvis\" data-e-action-hash=\"#elementor-action%3Aaction%3Dlightbox%26settings%3DeyJpZCI6NjM5MCwidXJsIjoiaHR0cHM6XC9cL2JyZW1lbi5kZXV0c2NoZXItc2NoaWZmZmFocnRzdGFnLmRlXC93cC1jb250ZW50XC91cGxvYWRzXC8yMDIyXC8wOVwvV2FsdmlzLXNjYWxlZC5qcGVnIn0%3D\">\n\t\t\t\t\t\t\t<img loading=\"lazy\" decoding=\"async\" width=\"474\" height=\"324\" src=\"https:\/\/bremen.deutscher-schifffahrtstag.de\/wp-content\/uploads\/2022\/09\/Walvis-474x324.jpeg\" class=\"attachment-meccarouselthumb size-meccarouselthumb wp-image-6390\" alt=\"\" \/>\t\t\t\t\t\t\t\t<\/a>\n\t\t\t\t\t\t\t\t\t\t\t<figcaption class=\"widget-image-caption wp-caption-text\">Walvis<\/figcaption>\n\t\t\t\t\t\t\t\t\t\t<\/figure>\n\t\t\t\t\t\t\t<\/div>\n\t\t\t\t<\/div>\n\t\t\t\t\t<\/div>\n\t\t<\/div>\n\t\t\t\t\t<\/div>\n\t\t<\/section>\n\t\t\t\t<section class=\"elementor-section elementor-top-section elementor-element elementor-element-6d81d99 elementor-section-boxed elementor-section-height-default elementor-section-height-default\" data-id=\"6d81d99\" data-element_type=\"section\">\n\t\t\t\t\t\t<div class=\"elementor-container elementor-column-gap-default\">\n\t\t\t\t\t<div class=\"elementor-column elementor-col-100 elementor-top-column elementor-element elementor-element-e5a7f7a\" data-id=\"e5a7f7a\" data-element_type=\"column\">\n\t\t\t<div class=\"elementor-widget-wrap elementor-element-populated\">\n\t\t\t\t\t\t<div class=\"elementor-element elementor-element-af82144 elementor-widget elementor-widget-text-editor\" data-id=\"af82144\" data-element_type=\"widget\" data-widget_type=\"text-editor.default\">\n\t\t\t\t<div class=\"elementor-widget-container\">\n\t\t\t\t\t\t\t<p><u><b>Was, wenn Sie (noch) kein eigenes Boot haben?<\/b><\/u><\/p><p>Das macht nichts, denn gleich mehrere der gro\u00dfen Fahrzeuge bieten die M\u00f6glichkeit der Mitfahrt an. Wenden Sie sich dazu gerne\u00a0 direkt an die jeweiligen Betreibervereine oder bezogen auf die <a href=\"https:\/\/www.sailing-and-more.de\/\">Aventura<\/a> an Frau Beatrice Weber unter beatrice.weber@sailing-and-more.de.\u00a0<\/p><p><u>Informationen zum geplanten <b>Ablauf der Parade<\/b>:<\/u><\/p><p>\u00a0<span style=\"font-size: 1rem;\">Am 30. September 2022 ist in Bremen um 07:25 Uhr\u00a0<\/span><span style=\"font-size: 1rem;\">Sonnenaufgang und in Bremerhaven um 19:04 Sonnenuntergang. Start der Parade ist\u00a0<\/span><span style=\"font-size: 1rem;\">in Bremen um 08:30 Uhr mit dem Ziel, dass die Spitze der Parade Bremerhaven um\u00a0<\/span><span style=\"font-size: 1rem;\">15:00 Uhr erreicht. W\u00e4hrend der Parade wird die Weser f\u00fcr den \u00fcbrigen Verkehr\u00a0<\/span><span style=\"font-size: 1rem;\">gesperrt. Die Paradeaufstellung in Bremen ist im Streckenabschnitt zwischen dem\u00a0<\/span><span style=\"font-size: 1rem;\">ehemaligen Wendebecken Europahafen (Unterweser-km 4,0) und Einfahrt Neust\u00e4dter\u00a0<\/span><span style=\"font-size: 1rem;\">Hafen (Unterweser-km 8,0) vorgesehen. Die Paradeaufstellung mit den\u00a0<\/span><span style=\"font-size: 1rem;\">zugewiesenen Schiffspositionen wird zu einem sp\u00e4teren Zeitpunkt nach\u00a0<\/span><span style=\"font-size: 1rem;\">Anmeldeschluss am 31.08.2022 f\u00fcr alle an der Parade teilnehmenden Fahrzeuge\u00a0<\/span><span style=\"font-size: 1rem;\">festgelegt.\u00a0<\/span><span style=\"font-size: 1rem;\">\u00a0<\/span><span style=\"font-size: 1rem;\">Die Hoch- und Niedrigwasserzeiten der Unterweser werden am\u00a0<\/span><span style=\"font-size: 1rem;\">30.09.2022 wie folgt erwartet: Bremen (HW: 06:34, NW: 13:31, HW: 18:46), Brake (HW:\u00a0<\/span><span style=\"font-size: 1rem;\">05:36, NW:\u00a0<\/span><span style=\"font-size: 1rem;\">12:07, HW: 1<\/span><span style=\"font-size: 1rem;\">7:45) und B<\/span><span style=\"font-size: 1rem;\">remerhaven (HW: 04:48, NW:\u00a0<\/span><span style=\"font-size: 1rem;\">11:04, HW: 1<\/span><span style=\"font-size: 1rem;\">6:57).<\/span><\/p><p><span style=\"font-size: 1rem;\">Die Paradestrecke vom ehemaligen Wendebecken\u00a0<\/span><span style=\"font-size: 1rem;\">Europahafen in Bremen (Unterweser-km 4) bis zur Columbuskaje in Bremerhaven\u00a0<\/span><span style=\"font-size: 1rem;\">(Au\u00dfenweser-km 69) betr\u00e4gt ca. 35 Seemeilen. Die Paradegeschwindigkeit betr\u00e4gt 5,5 kn\u00a0<\/span><span style=\"font-size: 1rem;\">Fahrt durch das Wasser (FdW). Diese f\u00fcr die Gro\u00dfschifffahrt relativ niedrige\u00a0<\/span><span style=\"font-size: 1rem;\">Geschwindigkeit soll es den Sportbooten erm\u00f6glichen, ihre f\u00fcr die\u00a0<\/span><span style=\"font-size: 1rem;\">Startaufstellung zugewiesenen Positionen w\u00e4hrend der Parade beizubehalten.\u00a0\u00a0<\/span><span style=\"font-size: 1rem;\">F\u00fcr die Fahrt mit dem Ebbestrom ab Bremen wird eine\u00a0<\/span><span style=\"font-size: 1rem;\">mittlere Str\u00f6mungsgeschwindigkeit von 1,7 kn angesetzt. Die mittlere Fahrt \u00fcber\u00a0<\/span><span style=\"font-size: 1rem;\">Grund (F\u00fcG) wird bis zum Passieren des ehemaligen Kernkraftwerks Unterweser bei km 52 mit (5,5\u00a0<\/span><span style=\"font-size: 1rem;\">kn FdW + 1,7 kn Strom)\u00a0 mit 7,2 kn ber\u00fccksichtigt. Die Spitze der Parade\u00a0<\/span><span style=\"font-size: 1rem;\">passiert diese Position zur Zeit der Stromkenterung\u00a0 um ca. 12:00\u00a0<\/span><span style=\"font-size: 1rem;\">Uhr.\u00a0 Ab hier wird f\u00fcr die weitere Paradefahrt eine mittlere\u00a0<\/span><span style=\"font-size: 1rem;\">Flutstromgeschwindigkeit von 2,3 kn angesetzt. Die Columbuskaje wird von der\u00a0<\/span><span style=\"font-size: 1rem;\">Paradespitze bei einer mittleren F\u00fcG von nun 3,2 kn um ca. 14:45 Uhr erreicht.\u00a0<\/span><span style=\"font-size: 1rem;\">Mit Passieren der Columbuskaje endet offiziell die Parade. Die sp\u00e4tere R\u00fcckfahrt nach Bremen wird soweit erforderlich individuell bzw. \u00fcber die jeweiligen Schiffe geregelt.<\/span><\/p><p>Paradefahrzeuge, die einen Liegeplatz in Bremerhaven zugewiesen bekommen haben\u00a0und schleusen m\u00fcssen, m\u00fcssen noch bei Flut in die Schleusen einfahren und ihren\u00a0Liegeplatz einnehmen.\u00a0<span style=\"font-size: 1rem;\">Die Sperrung der Weser soll zeitnah nach Ende der\u00a0<\/span><span style=\"font-size: 1rem;\">Parade aufgehoben werden. N\u00e4here Informationen \u00fcber die Regelungen zur\u00a0<\/span><span style=\"font-size: 1rem;\">Aufl\u00f6sung der Paradeaufstellung, werden allen Teilnehmern zu einem sp\u00e4teren\u00a0<\/span><span style=\"font-size: 1rem;\">Zeitpunkt zugehen.<\/span><\/p><p>Als besonderes Highlight erwartet Sie kurz vor dem Ziel in Bremerhaven eine <b>Demonstration der Schiffsbrandbek\u00e4mpfung<\/b> von Bord der <i>Nordergr\u00fcnde<\/i> in Zusammenarbeit des Wasserstra\u00dfen- und Schifffahrtsamtes Weser-Jade-Nordsee und der Schiffsbrandbek\u00e4mpfungseinheit der Feuerwehr Bremerhaven.<span style=\"font-size: 1rem;\">\u00a0<\/span><\/p><p>Zum Abschluss der Schiffs-und Bootsparade auf der\u00a0Weser plant das <b>Marinefliegergeschwader aus\u00a0Nordholz<\/b> gemeinsam mit der Deutschen Gesellschaft zur Rettung Schiffbr\u00fcchiger im Zeitraum von 14.30 bis etwa 15.00 Uhr eine <a style=\"font-weight: bold; text-decoration-line: underline;\" href=\"https:\/\/bremen.deutscher-schifffahrtstag.de\/wp-content\/uploads\/2022\/09\/09_30-Rettungsuebung-MFG-5-mit-DGzRS.pdf\">Luft-Rettungs\u00fcbung<\/a> auf H\u00f6he des Willy-Brandt-Platzes.\u00a0Geplant sind bis zu f\u00fcnf Vorbeifl\u00fcge entlang der\u00a0Schiffs- und Bootsparade und eine\u00a0Rettungsvorf\u00fchrung mit der Bergungswinde des\u00a0Hubschraubers im Zusammenspiel mit dem DGzRS\u00a0Kreuzer &#8222;<i>Herrmann Rudolf Meyer<\/i>.&#8220;<\/p><p><span style=\"font-size: 1rem;\"><u><b>Paradefahrplan f\u00fcr die Zuschauerinnen und Zuschauer an Land<\/b> und all jene, die nur einen Streckenabschnitt befahren m\u00f6chten<\/u>:<\/span><\/p><p><span style=\"font-size: 1rem;\"><img loading=\"lazy\" decoding=\"async\" class=\"alignright wp-image-3529\" src=\"https:\/\/bremen.deutscher-schifffahrtstag.de\/wp-content\/uploads\/2022\/02\/Screenshot-81.png\" alt=\"\" width=\"500\" height=\"481\" srcset=\"https:\/\/bremen.deutscher-schifffahrtstag.de\/wp-content\/uploads\/2022\/02\/Screenshot-81.png 907w, https:\/\/bremen.deutscher-schifffahrtstag.de\/wp-content\/uploads\/2022\/02\/Screenshot-81-300x289.png 300w, https:\/\/bremen.deutscher-schifffahrtstag.de\/wp-content\/uploads\/2022\/02\/Screenshot-81-768x739.png 768w\" sizes=\"(max-width: 500px) 100vw, 500px\" \/><\/span><\/p><ul><li><span style=\"font-size: 1rem;\">B<\/span><span style=\"font-size: 1rem;\">remen &#8211;\u00a0 <\/span><span style=\"font-size: 1rem;\">08:30 \u00a0Beginn der Parade*<\/span><\/li><li><span style=\"font-size: 1rem;\">Vegesack\u00a0 &#8211;\u00a0 ca. 09:15<\/span><\/li><li>Farge &#8211; ca. 09:50<\/li><li>Huntem\u00fcndung &#8211; ca. 10:15<\/li><li>Brake &#8211; ca. 10:45<\/li><li>Rechtenfleth\u00a0 &#8211; ca. 11:15<\/li><li>Nordenham &#8211; ca. 12:20<\/li><li>Bremerhaven Geestem\u00fcndung &#8211; ca. 14:00<\/li><li>Bremerhaven &#8211; Columbuskaje &#8211; ca. 14:45<\/li><\/ul><p><span style=\"font-size: 1rem;\">\u00a0<\/span><\/p><p><span style=\"font-size: 1rem;\">* Um einen p\u00fcnktlichen und geordneten Start der Parade gew\u00e4hrleisten zu k\u00f6nnen, ist es erforderlich, dass alle Teilnehmenden und deren G\u00e4ste\u00a0 rechtzeitig, also zwischen 0730 und 07:45 an Bord sind. Dann erfolgt unter Federf\u00fchrung des Wasserstra\u00dfen- und Schifffahrtsamtes\u00a0 sowie unter Beteiligung der Hafenbeh\u00f6rde und der Wasserschutzpolizei\u00a0 die &#8222;<i>Aufstellung&#8220;\u00a0<\/i>der Parade. Dabei nehmen die Schiffe und Boote ihre jeweilige Position auf der\u00a0Weser<\/span><span style=\"font-size: 1rem;\">\u00a0 ein.\u00a0 Und dann startet sie, die gro\u00dfe Schiffs- und Bootsparade auf der Weser.\u00a0<\/span><\/p><p><span style=\"font-size: 1rem;\">Machen Sie nicht den Fehler, dies zu verpassen, denn Sie werden sich die n\u00e4chsten zwanzig Jahre sehr dar\u00fcber \u00e4rgern!<\/span><\/p>\t\t\t\t\t\t<\/div>\n\t\t\t\t<\/div>\n\t\t\t\t\t<\/div>\n\t\t<\/div>\n\t\t\t\t\t<\/div>\n\t\t<\/section>\n\t\t\t\t<\/div>\n\t\t","protected":false},"excerpt":{"rendered":"<p>Schiffs- und Bootsparade auf der Weser &#8211; 30. September 2022 Der Deutsche Schifffahrtstag 2022 findet nicht nur in einer Stadt, sondern mit Bremerhaven und Bremen gleich an zwei maritimen Standorten statt. Die gemeinsame Lebensader und zugleich das verbindende Element der beiden Schwesterst\u00e4dte war und ist die Weser und was k\u00f6nnte da n\u00e4her liegen, als diese [&hellip;]<\/p>\n","protected":false},"author":1,"featured_media":6099,"parent":0,"menu_order":0,"comment_status":"closed","ping_status":"closed","template":"elementor_header_footer","meta":{"footnotes":""},"class_list":["post-1703","page","type-page","status-publish","has-post-thumbnail","hentry"],"_links":{"self":[{"href":"https:\/\/bremen.deutscher-schifffahrtstag.de\/index.php\/wp-json\/wp\/v2\/pages\/1703","targetHints":{"allow":["GET"]}}],"collection":[{"href":"https:\/\/bremen.deutscher-schifffahrtstag.de\/index.php\/wp-json\/wp\/v2\/pages"}],"about":[{"href":"https:\/\/bremen.deutscher-schifffahrtstag.de\/index.php\/wp-json\/wp\/v2\/types\/page"}],"author":[{"embeddable":true,"href":"https:\/\/bremen.deutscher-schifffahrtstag.de\/index.php\/wp-json\/wp\/v2\/users\/1"}],"replies":[{"embeddable":true,"href":"https:\/\/bremen.deutscher-schifffahrtstag.de\/index.php\/wp-json\/wp\/v2\/comments?post=1703"}],"version-history":[{"count":10,"href":"https:\/\/bremen.deutscher-schifffahrtstag.de\/index.php\/wp-json\/wp\/v2\/pages\/1703\/revisions"}],"predecessor-version":[{"id":6397,"href":"https:\/\/bremen.deutscher-schifffahrtstag.de\/index.php\/wp-json\/wp\/v2\/pages\/1703\/revisions\/6397"}],"wp:featuredmedia":[{"embeddable":true,"href":"https:\/\/bremen.deutscher-schifffahrtstag.de\/index.php\/wp-json\/wp\/v2\/media\/6099"}],"wp:attachment":[{"href":"https:\/\/bremen.deutscher-schifffahrtstag.de\/index.php\/wp-json\/wp\/v2\/media?parent=1703"}],"curies":[{"name":"wp","href":"https:\/\/api.w.org\/{rel}","templated":true}]}}