{"id":1693,"date":"2021-10-26T16:35:42","date_gmt":"2021-10-26T16:35:42","guid":{"rendered":"https:\/\/bremen.deutscher-schifffahrtstag.de\/?page_id=1693"},"modified":"2022-10-06T19:45:49","modified_gmt":"2022-10-06T19:45:49","slug":"fachliche-veranstaltungen","status":"publish","type":"page","link":"https:\/\/bremen.deutscher-schifffahrtstag.de\/index.php\/fachliche-veranstaltungen\/","title":{"rendered":"Fachliche Veranstaltungen"},"content":{"rendered":"\t\t<div data-elementor-type=\"wp-page\" data-elementor-id=\"1693\" class=\"elementor elementor-1693\" data-elementor-post-type=\"page\">\n\t\t\t\t\t\t<section class=\"elementor-section elementor-top-section elementor-element elementor-element-8781091 elementor-section-boxed elementor-section-height-default elementor-section-height-default\" data-id=\"8781091\" data-element_type=\"section\">\n\t\t\t\t\t\t<div class=\"elementor-container elementor-column-gap-default\">\n\t\t\t\t\t<div class=\"elementor-column elementor-col-100 elementor-top-column elementor-element elementor-element-8f773b1\" data-id=\"8f773b1\" data-element_type=\"column\">\n\t\t\t<div class=\"elementor-widget-wrap elementor-element-populated\">\n\t\t\t\t\t\t<div class=\"elementor-element elementor-element-c8e5b18 elementor-widget elementor-widget-heading\" data-id=\"c8e5b18\" data-element_type=\"widget\" data-widget_type=\"heading.default\">\n\t\t\t\t<div class=\"elementor-widget-container\">\n\t\t\t<style>\/*! elementor - v3.19.0 - 07-02-2024 *\/\n.elementor-heading-title{padding:0;margin:0;line-height:1}.elementor-widget-heading .elementor-heading-title[class*=elementor-size-]>a{color:inherit;font-size:inherit;line-height:inherit}.elementor-widget-heading .elementor-heading-title.elementor-size-small{font-size:15px}.elementor-widget-heading .elementor-heading-title.elementor-size-medium{font-size:19px}.elementor-widget-heading .elementor-heading-title.elementor-size-large{font-size:29px}.elementor-widget-heading .elementor-heading-title.elementor-size-xl{font-size:39px}.elementor-widget-heading .elementor-heading-title.elementor-size-xxl{font-size:59px}<\/style><h2 class=\"elementor-heading-title elementor-size-default\">Fachkonferenzen zu den zentralen Zukunftsfragen der Schifffahrt<\/h2>\t\t<\/div>\n\t\t\t\t<\/div>\n\t\t\t\t<div class=\"elementor-element elementor-element-2f7f1ed elementor-widget elementor-widget-text-editor\" data-id=\"2f7f1ed\" data-element_type=\"widget\" data-widget_type=\"text-editor.default\">\n\t\t\t\t<div class=\"elementor-widget-container\">\n\t\t\t<style>\/*! elementor - v3.19.0 - 07-02-2024 *\/\n.elementor-widget-text-editor.elementor-drop-cap-view-stacked .elementor-drop-cap{background-color:#69727d;color:#fff}.elementor-widget-text-editor.elementor-drop-cap-view-framed .elementor-drop-cap{color:#69727d;border:3px solid;background-color:transparent}.elementor-widget-text-editor:not(.elementor-drop-cap-view-default) .elementor-drop-cap{margin-top:8px}.elementor-widget-text-editor:not(.elementor-drop-cap-view-default) .elementor-drop-cap-letter{width:1em;height:1em}.elementor-widget-text-editor .elementor-drop-cap{float:left;text-align:center;line-height:1;font-size:50px}.elementor-widget-text-editor .elementor-drop-cap-letter{display:inline-block}<\/style>\t\t\t\t<p style=\"text-align: justify; line-height: 115%;\"><span style=\"font-size: 11.0pt; line-height: 115%; mso-bidi-font-family: Arial; color: #0f243e; mso-themecolor: text2; mso-themeshade: 128;\">Schifffahrt findet immer statt. Ob Weihnachten, Feiertage, Olympische Spiele, das Endspiel der Champions League, runde Geburtstage oder was auch immer, zu jeder Zeit, zu jeder Stunde sind Seeleute auf den Weltmeeren und genauso auf den Fl\u00fcssen und Kan\u00e4len unterwegs. Genauso haben wir es auch mit dem <b>Deutschen Schifffahrtstag<\/b> 2022 gehalten. Dieser war in fachlicher Hinsicht kein singul\u00e4res Ereignis, sondern vielmehr gab es eine ganze Reihe spannender Veranstaltungen, die allesamt dem Motto des Deutschen Schifffahrtstages 2022 \u201e<b><i>Nachhaltige Schifffahrt: gemeinsam, klar, sauber!<\/i><\/b>\u201c zuzurechnen waren.<\/span><\/p><p style=\"text-align: justify; line-height: 115%;\"><span style=\"color: #0f243e; font-size: 11pt;\">Das fachliche Highlight erfolgte am 29. September, denn dann faden im Zeitraum zwischen 09.00 und 15.00 Uhr zeitgleich drei \u00e4u\u00dferst spannende Fachkonferenzen statt. Die G\u00e4ste hatten dabei die Wahl, an welcher dieser Veranstaltungen, die alle kostenfrei waren, sie teilnehmen mochten. Gew\u00e4hlt werden konnte zwischen:<\/span><\/p><ul><li><span style=\"color: #0f243e; font-size: 11pt;\">\u00a0<\/span><a style=\"font-size: 11pt; text-indent: -17.85pt; font-weight: bold; font-style: italic;\" href=\"https:\/\/www.maritimes-cluster.de\/maritimer-kalender\/deutscher-schifffahrtstag-2022-fachveranstaltung-freiheit-der-meere-nachhaltige-sicherung-der-se\/\">Freiheit der Meere: Nachhaltige Sicherung der Seewege als Grundlage fairen Welthandels und der Versorgungssicherheit<\/a><i style=\"color: #0f243e; font-size: 11pt; text-indent: -17.85pt; background-color: transparent; font-weight: bold;\">\u00a0<\/i><span style=\"color: #0f243e; font-size: 11pt; text-indent: -17.85pt; background-color: transparent;\">(Haus der Wissenschaft)<\/span><\/li><li><span style=\"font-size: 11pt; line-height: 115%; color: #0f243e;\"><a style=\"font-weight: bold; font-style: italic;\" href=\"https:\/\/www.maritimes-cluster.de\/maritimer-kalender\/deutscher-schifffahrtstag-2022-fachveranstaltung-schifffahrt-ein-umweltfreundlicher-verkehrstrae\/\">Schifffahrt &#8211; Ein umweltfreundlicher Verkehrstr\u00e4ger<\/a><i style=\"font-weight: bold;\">\u00a0<\/i>(Atlantic Hotel Bremen, Goldener Saal)<\/span><\/li><li><span style=\"font-size: 11pt; line-height: 115%; color: #0f243e;\"><a style=\"font-weight: bold; font-style: italic;\" href=\"https:\/\/www.maritimes-cluster.de\/maritimer-kalender\/deutscher-schifffahrtstag-2022-fachveranstaltung-nachhaltige-haefen-gemeinsam-klar-sauber\/\">Nachhaltige H\u00e4fen: Gemeinsam, klar, sauber!<\/a><i style=\"font-weight: bold;\">\u00a0<\/i>(Hochschule Bremen, Am Flughafendamm)<\/span><\/li><\/ul><p style=\"text-align: justify; line-height: 115%;\"><span style=\"font-size: 11.0pt; line-height: 115%; mso-bidi-font-family: Arial; color: #0f243e; mso-themecolor: text2; mso-themeshade: 128;\">\u00a0<\/span><\/p><p style=\"text-align: justify; line-height: 115%;\"><span style=\"font-size: 11.0pt; line-height: 115%; mso-bidi-font-family: Arial; color: #0f243e; mso-themecolor: text2; mso-themeshade: 128;\">\u00a0Die detaillierten Programme zu den drei Veranstaltungen mit\u00a0 allen Referentinnen und Referenten finden Sie auch weiterhin zum Nachlesen hier:\u00a0<\/span><\/p><ul><li><a href=\"https:\/\/bremen.deutscher-schifffahrtstag.de\/wp-content\/uploads\/2022\/09\/Feiheit-der-Meere.pdf\">Freiheit der Meere&#8230;<\/a><\/li><li><a href=\"https:\/\/bremen.deutscher-schifffahrtstag.de\/wp-content\/uploads\/2022\/09\/Schifffahrt-ein-umweltfreundlicher-Verkehrstraeger-HANDOUT.pdf\">Schifffahrt &#8211; ein umweltfreundlicher Verkehrstr\u00e4ger <\/a><\/li><li><a href=\"https:\/\/bremen.deutscher-schifffahrtstag.de\/wp-content\/uploads\/2022\/09\/Nachhaltige-Haefen-Gemeinsam-klar-sauber.pdf\">Nachhaltige H\u00e4fen &#8211; Gemeinsam klar sauber!<\/a>\u00a0<\/li><\/ul><p>\u00a0<\/p><p>\u00a0<\/p><p style=\"text-align: justify; line-height: 115%;\"><b><u><span style=\"font-size: 11.0pt; line-height: 115%; mso-bidi-font-family: Arial; color: #0f243e; mso-themecolor: text2; mso-themeshade: 128;\">Begleitende Veranstaltungen:<\/span><\/u><\/b><\/p><p style=\"text-align: justify; line-height: 115%;\"><span style=\"font-size: 11.0pt; line-height: 115%; mso-bidi-font-family: Arial; color: #0f243e; mso-themecolor: text2; mso-themeshade: 128;\">In sehr enger zeitlicher wie fachlicher Verbindung zum Deutschen Schifffahrtstag stand der <b>16. Bremer Schifffahrtskongress<\/b>, der am 27. und 28. September 2022 in Bremen in den neuen R\u00e4umlichkeiten der Hochschule Bremen am Flughafen stattfand. N\u00e4here Infos dazu und auch zu den bisherigen Veranstaltungen dieser Reihe gibt es unter: <a href=\"http:\/\/www.deutscher-schifffahrtskongress.de\/\">www.deutscher-schifffahrtskongress.de<\/a>.\u00a0<\/span><\/p><p style=\"text-align: justify; line-height: 115%;\"><span style=\"font-size: 11.0pt; line-height: 115%; mso-bidi-font-family: Arial; color: #0f243e; mso-themecolor: text2; mso-themeshade: 128;\">Eine weitere Veranstaltung, die\u00a0 gemeinsam von der Stadt Bremerhaven, dem Land Bremen und dem <a href=\"https:\/\/www.leibniz-forschungsmuseen.de\/deutsches-schifffahrtsmuseum\">Deutschen Schifffahrtsmuseum<\/a> ausgerichtet wurde, stand unter der \u00dcberschrift: <\/span><strong style=\"color: #0f243e; font-size: 14.6667px;\">\u201e<i>Maritime Cultural Heritage &#8211; What skills are needed for preservation?<\/i>\u201c <\/strong>Veranstalter daf\u00fcr war die <a href=\"https:\/\/bremen.deutscher-schifffahrtstag.de\/wp-content\/uploads\/2022\/09\/CHARTER_e-brochure_GERMAN_Individual.pdf\">Europ\u00e4ische Allianz: Kompetenzen f\u00fcr den Kulturerbe-Erhalt. <\/a>Und genau darum <span style=\"color: #0f243e; font-size: 11pt;\">ging es hier, n\u00e4mlich um den <\/span><span style=\"color: #0f243e; font-size: 11pt;\">Erhalt maritimer Kulturg\u00fcter, \u00fcber den mit Expertinnen und Experten aus ganz Europa diskutiert haben.<\/span><span style=\"color: #0f243e; font-size: 14.6667px;\">\u00a0 Ansprechpartner vor Ort war Herr <a href=\"mailto:Kroeger@dsm.museum\">Dr. Lars Kr\u00f6ger<\/a> vom DSM.\u00a0 Das Programm zur Veranstaltung finden Sie auch weiterhin <i><b>an <a href=\"https:\/\/bremen.deutscher-schifffahrtstag.de\/wp-content\/uploads\/2022\/09\/Full-Agenda-Bremen-Regional-Workshop-Information-booklet.pdf\">dieser Stelle.\u00a0<\/a><\/b><\/i><\/span><\/p><p style=\"text-align: justify; line-height: 115%;\"><span style=\"font-size: 11.0pt; line-height: 115%; mso-bidi-font-family: Arial; color: #0f243e; mso-themecolor: text2; mso-themeshade: 128;\">Und, weil alle guten Dinge bekanntlich drei sind, gab es im Rahmen des Deutschen Schifffahrtstages auch noch die &#8222;<strong>1. Ausbilderkonferenz der Berufsbildungsstelle Seeschifffahrt&#8220;<\/strong> Die BBS hatte dazu erstmals Ausbilder und Ausbilderinnen an Bord, Ausbildungsverantwortliche in<br \/>den Reedereien und Lehrpersonal aus den Schulstandorten nach Bremen eingeladen. Auch das Programm zu dieser Veranstaltung finden Sie noch eine Weile\u00a0<a href=\"https:\/\/bremen.deutscher-schifffahrtstag.de\/wp-content\/uploads\/2022\/09\/BBS-Ausbildungs-Konferenz-mit-Programm-und-Anmeldebogen.pdf\">hier.<\/a><\/span><\/p><h6>Und als weiteres Highlight fand in Bremerhaven in Kooperation mit dem Deutschen Schifffahrtstag die Flaggschiffveranstaltung des <a href=\"https:\/\/vdwt.de\/\">Vereins der Wirtschaftsingenieure f\u00fcr Transportwesen e.V. (VdWT)<\/a> statt, die <b>T<\/b><span style=\"font-size: 1rem;\"><b>WLogistik22<\/b>. Das vollst\u00e4ndige Programm dieser Veranstaltung, die in der\u00a0<\/span><span style=\"font-size: 1rem;\">Eventlocation Klimahaus \u00ae, Am L\u00e4ngengrad 8 erfolgte\u00a0<a href=\"https:\/\/bremen.deutscher-schifffahrtstag.de\/wp-content\/uploads\/2022\/09\/TWLogistik-2022-Final.pdf\">finden Sie hier.<\/a><\/span><span style=\"font-size: 11.0pt; line-height: 115%; mso-bidi-font-family: Arial; color: #0f243e; mso-themecolor: text2; mso-themeshade: 128;\">\u00a0<\/span><\/h6><p><b style=\"font-size: 1rem;\"><u><span style=\"font-size: 11.0pt; line-height: 115%; mso-bidi-font-family: Arial; color: #0f243e; mso-themecolor: text2; mso-themeshade: 128;\">R\u00fcckblick:<\/span><\/u><\/b><span style=\"color: #0f243e; font-size: 11pt; text-align: justify;\">\u00a0<\/span><\/p><p style=\"text-align: justify; line-height: 115%;\"><span style=\"font-size: 11.0pt; line-height: 115%; mso-bidi-font-family: Arial; color: #0f243e; mso-themecolor: text2; mso-themeshade: 128;\">Los ging es mit den fachlichen Veranstaltungen bereits am 8.\/9. November 2021 mit der <i>5. Bremer Konferenz f\u00fcr Nachhaltigkeit in der Schifffahrt \u2013 Sustainable Shipping<\/i> (<a href=\"https:\/\/bremen.deutscher-schifffahrtstag.de\/index.php\/2021\/11\/12\/bremer-kongress-fuer-nachhaltige-schifffahrt-ein-voller-erfolg\/\">https:\/\/bremen.deutscher-schifffahrtstag.de\/index.php\/2021\/11\/12\/bremer-kongress-fuer-nachhaltige-schifffahrt-ein-voller-erfolg\/<\/a>). Weiter ging es am 10. Mai 2022 um 1700 mit einer Veranstaltung der Hochschule Bremen unter Leitung von Prof. Thomas Jung (<a href=\"http:\/\/www.hs-bremen.de\/\">www.hs-bremen.de<\/a>). Dazu waren die neuen R\u00e4umlichkeiten der Hochschule Bremen am Flughafen themenbestimmend, denn die Bremer Seefahrtsschule hatte gerade ihr neues Domizil bezogen. Geboten wurde ein R\u00fcck- und Ausblick auf die Seefahrt &#8211; bezogene Ausbildung am Standort Bremen (<a href=\"https:\/\/bremen.deutscher-schifffahrtstag.de\/index.php\/2022\/05\/02\/nautik-tradition-mit-zukunft-in-bremen-start-der-veranstaltungsreihe-der-hochschule-bremen-hsb-in-vorbereitung-auf-den-deutschen-schifffahrtstag\/\">https:\/\/bremen.deutscher-schifffahrtstag.de\/index.php\/2022\/05\/02\/nautik-tradition-mit-zukunft-in-bremen-start-der-veranstaltungsreihe-der-hochschule-bremen-hsb-in-vorbereitung-auf-den-deutschen-schifffahrtstag\/<\/a>), wobei einige derer zu Wort kamen, die an der Weser ihr Patent erworben und sp\u00e4ter auf den Weltmeeren Anerkennung gefunden haben. Am 12. Juli um 1700 steht die best\u00e4ndige und unaufhaltsame Entwicklung \u00fcber immer mehr automatisierte Systeme bis hin zur autonomen Schifffahrt und der damit verbundenen Forschung und Wissenschaft im Mittelpunkt (<a href=\"https:\/\/bremen.deutscher-schifffahrtstag.de\/index.php\/2022\/06\/29\/autonome-schiffe-alle-mann-von-bord-traum-oder-realitaet\/\">https:\/\/bremen.deutscher-schifffahrtstag.de\/index.php\/2022\/06\/29\/autonome-schiffe-alle-mann-von-bord-traum-oder-realitaet\/<\/a>). Hinzu kommen die regul\u00e4ren Veranstaltungen des Nautischen Vereins zu Bremerhaven (<a href=\"http:\/\/www.nautischer-verein-bremerhaven.de\/\">www.nautischer-verein-bremerhaven.de<\/a>) und des Nautischen Vereins zu Bremen (<a href=\"http:\/\/www.nvzb.de\/\">www.nvzb.de<\/a>). <\/span><\/p><p style=\"text-align: justify; line-height: 115%;\"><span style=\"color: #0f243e; font-size: 11pt;\">Im Mai und auch im Juni wurde dann eine internationale Perspektive eingenommen, denn mit dem weltweiten Day of the Seafarer (<\/span><a style=\"font-size: 11pt; background-color: #ffffff;\" href=\"https:\/\/bremen.deutscher-schifffahrtstag.de\/index.php\/2022\/06\/24\/day-of-the-seafarer-2022\/\">https:\/\/bremen.deutscher-schifffahrtstag.de\/index.php\/2022\/06\/24\/day-of-the-seafarer-2022\/<\/a><span style=\"color: #0f243e; font-size: 11pt;\">) und dem erstmals im Jahr 2022 begangenen International Day for Women in Maritime (<\/span><a style=\"font-size: 11pt; background-color: #ffffff;\" href=\"https:\/\/bremen.deutscher-schifffahrtstag.de\/index.php\/2022\/05\/15\/international-day-for-women-in-maritime-festakt-am-18-mai-in-bremen-vorbereitung-auf-den-deutschen-schifffahrtstag\/\">https:\/\/bremen.deutscher-schifffahrtstag.de\/index.php\/2022\/05\/15\/international-day-for-women-in-maritime-festakt-am-18-mai-in-bremen-vorbereitung-auf-den-deutschen-schifffahrtstag\/<\/a><span style=\"color: #0f243e; font-size: 11pt;\">) wurden zwei Themen aufgegriffen, die kaum besser zum Motto des Deutschen Schifffahrtstages passen k\u00f6nnten. Am Nachmittag des 18. Mai wurde in Bremen unter Beteiligung der Senatorin f\u00fcr Wissenschaft und H\u00e4fen, Frau Dr. Schilling sowie der Pr\u00e4sidentin des Verbandes Deutscher Reeder, Frau Dr. Bornheim ein entsprechender Festakt begangen und am 25. Juni wurden in Bremerhaven Seeleute gefeiert und deren Arbeit f\u00fcr unsere Gesellschaft und unseren Wohlstand gew\u00fcrdigt. Dies stand zugleich in Verbindung mit einer Veranstaltung &#8222;Fair \u00fcbers Meer &#8211; Konferenz zu den Arbeitsbedingungen der Seeleute&#8220; (<\/span><a style=\"font-size: 11pt; background-color: #ffffff;\" href=\"https:\/\/bremen.deutscher-schifffahrtstag.de\/index.php\/2022\/05\/29\/fair-uebers-meer\/\">https:\/\/bremen.deutscher-schifffahrtstag.de\/index.php\/2022\/05\/29\/fair-uebers-meer\/<\/a><span style=\"color: #0f243e; font-size: 11pt;\">).<\/span><\/p><p style=\"text-align: justify; line-height: 115%;\"><span style=\"color: #0f243e; font-size: 11pt;\">Diese vielen Veranstaltungen stimmten und stimmen ein auf den fachlichen H\u00f6hepunkt. Dies ist der Deutsche Schifffahrtstag selbst. Am 29. September 2022 werden dazu unter der fachlichen Leitung des St\u00e4ndigen Fachausschusses des Deutschen Nautischen Vereins (www.dnvev.de) und deren Vorsitzenden, Herrn Kapit\u00e4n Ingo Berger sowie Frau Kapit\u00e4nin Alexandra Pohl, im Bremer Haus der Wissenschaft sowie an weiteren Stellen die vielf\u00e4ltigen Themen der laufenden Maritimen Transformation und der Sicherheit der Seewege als Grundlage fairen Welthandels zur Debatte stehen. Geplant ist, dass die fachlichen Er\u00f6rterungen in konkrete Handlungsempfehlungen f\u00fcr die Weiterentwicklung des Maritimen Standorts Deutschland m\u00fcnden und als inhaltliche Botschaften vom Deutschen Schifffahrtstag 2022 ausgehen.\u00a0<\/span><\/p>\t\t\t\t\t\t<\/div>\n\t\t\t\t<\/div>\n\t\t\t\t\t<\/div>\n\t\t<\/div>\n\t\t\t\t\t<\/div>\n\t\t<\/section>\n\t\t\t\t<section class=\"elementor-section elementor-top-section elementor-element elementor-element-eb747cd elementor-section-boxed elementor-section-height-default elementor-section-height-default\" data-id=\"eb747cd\" data-element_type=\"section\">\n\t\t\t\t\t\t<div class=\"elementor-container elementor-column-gap-default\">\n\t\t\t\t\t<div class=\"elementor-column elementor-col-100 elementor-top-column elementor-element elementor-element-2e125db\" data-id=\"2e125db\" data-element_type=\"column\">\n\t\t\t<div class=\"elementor-widget-wrap elementor-element-populated\">\n\t\t\t\t\t\t<div class=\"elementor-element elementor-element-20d903c elementor-widget elementor-widget-gallery\" data-id=\"20d903c\" data-element_type=\"widget\" data-settings=\"{&quot;lazyload&quot;:&quot;yes&quot;,&quot;gallery_layout&quot;:&quot;grid&quot;,&quot;columns&quot;:4,&quot;columns_tablet&quot;:2,&quot;columns_mobile&quot;:1,&quot;gap&quot;:{&quot;unit&quot;:&quot;px&quot;,&quot;size&quot;:10,&quot;sizes&quot;:[]},&quot;gap_tablet&quot;:{&quot;unit&quot;:&quot;px&quot;,&quot;size&quot;:10,&quot;sizes&quot;:[]},&quot;gap_mobile&quot;:{&quot;unit&quot;:&quot;px&quot;,&quot;size&quot;:10,&quot;sizes&quot;:[]},&quot;link_to&quot;:&quot;file&quot;,&quot;aspect_ratio&quot;:&quot;3:2&quot;,&quot;overlay_background&quot;:&quot;yes&quot;,&quot;content_hover_animation&quot;:&quot;fade-in&quot;}\" data-widget_type=\"gallery.default\">\n\t\t\t\t<div class=\"elementor-widget-container\">\n\t\t\t<style>\/*! elementor-pro - v3.19.0 - 07-02-2024 *\/\n.elementor-gallery__container{min-height:1px}.elementor-gallery-item{position:relative;overflow:hidden;display:block;text-decoration:none;border:solid var(--image-border-width) var(--image-border-color);border-radius:var(--image-border-radius)}.elementor-gallery-item__content,.elementor-gallery-item__overlay{height:100%;width:100%;position:absolute;top:0;left:0}.elementor-gallery-item__overlay{mix-blend-mode:var(--overlay-mix-blend-mode);transition-duration:var(--overlay-transition-duration);transition-property:mix-blend-mode,transform,opacity,background-color}.elementor-gallery-item__image.e-gallery-image{transition-duration:var(--image-transition-duration);transition-property:filter,transform}.elementor-gallery-item__content{display:flex;flex-direction:column;justify-content:var(--content-justify-content,center);align-items:center;text-align:var(--content-text-align);padding:var(--content-padding)}.elementor-gallery-item__content>div{transition-duration:var(--content-transition-duration)}.elementor-gallery-item__content.elementor-gallery--sequenced-animation>div:nth-child(2){transition-delay:calc(var(--content-transition-delay) \/ 3)}.elementor-gallery-item__content.elementor-gallery--sequenced-animation>div:nth-child(3){transition-delay:calc(var(--content-transition-delay) \/ 3 * 2)}.elementor-gallery-item__content.elementor-gallery--sequenced-animation>div:nth-child(4){transition-delay:calc(var(--content-transition-delay) \/ 3 * 3)}.elementor-gallery-item__description{color:var(--description-text-color,#fff);width:100%}.elementor-gallery-item__title{color:var(--title-text-color,#fff);font-weight:700;width:100%}.elementor-gallery__titles-container{display:flex;flex-wrap:wrap;justify-content:var(--titles-container-justify-content,center);margin-bottom:20px}.elementor-gallery__titles-container:not(.e--pointer-framed) .elementor-item:after,.elementor-gallery__titles-container:not(.e--pointer-framed) .elementor-item:before{background-color:var(--galleries-pointer-bg-color-hover)}.elementor-gallery__titles-container:not(.e--pointer-framed) .elementor-item.elementor-item-active:after,.elementor-gallery__titles-container:not(.e--pointer-framed) .elementor-item.elementor-item-active:before{background-color:var(--galleries-pointer-bg-color-active)}.elementor-gallery__titles-container.e--pointer-framed .elementor-item:before{border-color:var(--galleries-pointer-bg-color-hover);border-width:var(--galleries-pointer-border-width)}.elementor-gallery__titles-container.e--pointer-framed .elementor-item:after{border-color:var(--galleries-pointer-bg-color-hover)}.elementor-gallery__titles-container.e--pointer-framed .elementor-item.elementor-item-active:after,.elementor-gallery__titles-container.e--pointer-framed .elementor-item.elementor-item-active:before{border-color:var(--galleries-pointer-bg-color-active)}.elementor-gallery__titles-container.e--pointer-framed.e--animation-draw .elementor-item:before{border-left-width:var(--galleries-pointer-border-width);border-bottom-width:var(--galleries-pointer-border-width);border-right-width:0;border-top-width:0}.elementor-gallery__titles-container.e--pointer-framed.e--animation-draw .elementor-item:after{border-left-width:0;border-bottom-width:0;border-right-width:var(--galleries-pointer-border-width);border-top-width:var(--galleries-pointer-border-width)}.elementor-gallery__titles-container.e--pointer-framed.e--animation-corners .elementor-item:before{border-left-width:var(--galleries-pointer-border-width);border-bottom-width:0;border-right-width:0;border-top-width:var(--galleries-pointer-border-width)}.elementor-gallery__titles-container.e--pointer-framed.e--animation-corners .elementor-item:after{border-left-width:0;border-bottom-width:var(--galleries-pointer-border-width);border-right-width:var(--galleries-pointer-border-width);border-top-width:0}.elementor-gallery__titles-container .e--pointer-double-line .elementor-item:after,.elementor-gallery__titles-container .e--pointer-double-line .elementor-item:before,.elementor-gallery__titles-container .e--pointer-overline .elementor-item:before,.elementor-gallery__titles-container .e--pointer-underline .elementor-item:after{height:var(--galleries-pointer-border-width)}.elementor-gallery-title{--space-between:10px;cursor:pointer;color:#6d7882;font-weight:500;position:relative;padding:7px 14px;transition:all .3s}.elementor-gallery-title--active{color:#495157}.elementor-gallery-title:not(:last-child){margin-right:var(--space-between)}.elementor-gallery-item__title+.elementor-gallery-item__description{margin-top:var(--description-margin-top)}.e-gallery-item.elementor-gallery-item{transition-property:all}.e-gallery-item.elementor-animated-content .elementor-animated-item--enter-from-bottom,.e-gallery-item.elementor-animated-content .elementor-animated-item--enter-from-left,.e-gallery-item.elementor-animated-content .elementor-animated-item--enter-from-right,.e-gallery-item.elementor-animated-content .elementor-animated-item--enter-from-top,.e-gallery-item:focus .elementor-gallery__item-overlay-bg,.e-gallery-item:focus .elementor-gallery__item-overlay-content,.e-gallery-item:focus .elementor-gallery__item-overlay-content__description,.e-gallery-item:focus .elementor-gallery__item-overlay-content__title,.e-gallery-item:hover .elementor-gallery__item-overlay-bg,.e-gallery-item:hover .elementor-gallery__item-overlay-content,.e-gallery-item:hover .elementor-gallery__item-overlay-content__description,.e-gallery-item:hover .elementor-gallery__item-overlay-content__title{opacity:1}a.elementor-item.elementor-gallery-title{color:var(--galleries-title-color-normal)}a.elementor-item.elementor-gallery-title.elementor-item-active,a.elementor-item.elementor-gallery-title.highlighted,a.elementor-item.elementor-gallery-title:focus,a.elementor-item.elementor-gallery-title:hover{color:var(--galleries-title-color-hover)}a.elementor-item.elementor-gallery-title.elementor-item-active{color:var(--gallery-title-color-active)}.e-con-inner>.elementor-widget-gallery,.e-con>.elementor-widget-gallery{width:var(--container-widget-width);--flex-grow:var(--container-widget-flex-grow)}<\/style>\t\t<div class=\"elementor-gallery__container\">\n\t\t\t\t\t\t\t<a class=\"e-gallery-item elementor-gallery-item elementor-animated-content\" href=\"https:\/\/bremen.deutscher-schifffahrtstag.de\/wp-content\/uploads\/2022\/10\/Deutscher-Schifffahrtstag-Fachkonferenz.jpg\" data-elementor-open-lightbox=\"yes\" data-elementor-lightbox-slideshow=\"20d903c\" data-elementor-lightbox-title=\"Deutscher Schifffahrtstag - Fachkonferenz\" data-e-action-hash=\"#elementor-action%3Aaction%3Dlightbox%26settings%3DeyJpZCI6Njc5MywidXJsIjoiaHR0cHM6XC9cL2JyZW1lbi5kZXV0c2NoZXItc2NoaWZmZmFocnRzdGFnLmRlXC93cC1jb250ZW50XC91cGxvYWRzXC8yMDIyXC8xMFwvRGV1dHNjaGVyLVNjaGlmZmZhaHJ0c3RhZy1GYWNoa29uZmVyZW56LmpwZyIsInNsaWRlc2hvdyI6IjIwZDkwM2MifQ%3D%3D\">\n\t\t\t\t\t<div class=\"e-gallery-image elementor-gallery-item__image\" data-thumbnail=\"https:\/\/bremen.deutscher-schifffahrtstag.de\/wp-content\/uploads\/2022\/10\/Deutscher-Schifffahrtstag-Fachkonferenz-300x225.jpg\" data-width=\"300\" data-height=\"225\" aria-label=\"\" role=\"img\" ><\/div>\n\t\t\t\t\t\t\t\t\t\t\t<div class=\"elementor-gallery-item__overlay\"><\/div>\n\t\t\t\t\t\t\t\t\t\t\t\t\t\t<\/a>\n\t\t\t\t\t\t\t<a class=\"e-gallery-item elementor-gallery-item elementor-animated-content\" href=\"https:\/\/bremen.deutscher-schifffahrtstag.de\/wp-content\/uploads\/2022\/10\/Fachkonferenz-Nachhaltige-Haefen-Foto-Igor-Schmakow-4-scaled.jpg\" data-elementor-open-lightbox=\"yes\" data-elementor-lightbox-slideshow=\"20d903c\" data-elementor-lightbox-title=\"Fachkonferenz Nachhaltige H\u00e4fen Foto Igor Schmakow (4)\" data-e-action-hash=\"#elementor-action%3Aaction%3Dlightbox%26settings%3DeyJpZCI6NjgwMCwidXJsIjoiaHR0cHM6XC9cL2JyZW1lbi5kZXV0c2NoZXItc2NoaWZmZmFocnRzdGFnLmRlXC93cC1jb250ZW50XC91cGxvYWRzXC8yMDIyXC8xMFwvRmFjaGtvbmZlcmVuei1OYWNoaGFsdGlnZS1IYWVmZW4tRm90by1JZ29yLVNjaG1ha293LTQtc2NhbGVkLmpwZyIsInNsaWRlc2hvdyI6IjIwZDkwM2MifQ%3D%3D\">\n\t\t\t\t\t<div class=\"e-gallery-image elementor-gallery-item__image\" data-thumbnail=\"https:\/\/bremen.deutscher-schifffahrtstag.de\/wp-content\/uploads\/2022\/10\/Fachkonferenz-Nachhaltige-Haefen-Foto-Igor-Schmakow-4-300x225.jpg\" data-width=\"300\" data-height=\"225\" aria-label=\"\" role=\"img\" ><\/div>\n\t\t\t\t\t\t\t\t\t\t\t<div class=\"elementor-gallery-item__overlay\"><\/div>\n\t\t\t\t\t\t\t\t\t\t\t\t\t\t<\/a>\n\t\t\t\t\t\t\t<a class=\"e-gallery-item elementor-gallery-item elementor-animated-content\" href=\"https:\/\/bremen.deutscher-schifffahrtstag.de\/wp-content\/uploads\/2022\/10\/Fachkonferenz-Nachhaltige-Haefen-Foto-Igor-Schmakow-3-scaled.jpg\" data-elementor-open-lightbox=\"yes\" data-elementor-lightbox-slideshow=\"20d903c\" data-elementor-lightbox-title=\"Fachkonferenz Nachhaltige H\u00e4fen Foto Igor Schmakow (3)\" data-e-action-hash=\"#elementor-action%3Aaction%3Dlightbox%26settings%3DeyJpZCI6Njc5OSwidXJsIjoiaHR0cHM6XC9cL2JyZW1lbi5kZXV0c2NoZXItc2NoaWZmZmFocnRzdGFnLmRlXC93cC1jb250ZW50XC91cGxvYWRzXC8yMDIyXC8xMFwvRmFjaGtvbmZlcmVuei1OYWNoaGFsdGlnZS1IYWVmZW4tRm90by1JZ29yLVNjaG1ha293LTMtc2NhbGVkLmpwZyIsInNsaWRlc2hvdyI6IjIwZDkwM2MifQ%3D%3D\">\n\t\t\t\t\t<div class=\"e-gallery-image elementor-gallery-item__image\" data-thumbnail=\"https:\/\/bremen.deutscher-schifffahrtstag.de\/wp-content\/uploads\/2022\/10\/Fachkonferenz-Nachhaltige-Haefen-Foto-Igor-Schmakow-3-225x300.jpg\" data-width=\"225\" data-height=\"300\" aria-label=\"\" role=\"img\" ><\/div>\n\t\t\t\t\t\t\t\t\t\t\t<div class=\"elementor-gallery-item__overlay\"><\/div>\n\t\t\t\t\t\t\t\t\t\t\t\t\t\t<\/a>\n\t\t\t\t\t\t\t<a class=\"e-gallery-item elementor-gallery-item elementor-animated-content\" href=\"https:\/\/bremen.deutscher-schifffahrtstag.de\/wp-content\/uploads\/2022\/10\/Fachkonferenz-Nachhaltige-Haefen-Foto-Igor-Schmakow-2-scaled.jpg\" data-elementor-open-lightbox=\"yes\" data-elementor-lightbox-slideshow=\"20d903c\" data-elementor-lightbox-title=\"Fachkonferenz Nachhaltige H\u00e4fen Foto Igor Schmakow (2)\" data-e-action-hash=\"#elementor-action%3Aaction%3Dlightbox%26settings%3DeyJpZCI6Njc5OCwidXJsIjoiaHR0cHM6XC9cL2JyZW1lbi5kZXV0c2NoZXItc2NoaWZmZmFocnRzdGFnLmRlXC93cC1jb250ZW50XC91cGxvYWRzXC8yMDIyXC8xMFwvRmFjaGtvbmZlcmVuei1OYWNoaGFsdGlnZS1IYWVmZW4tRm90by1JZ29yLVNjaG1ha293LTItc2NhbGVkLmpwZyIsInNsaWRlc2hvdyI6IjIwZDkwM2MifQ%3D%3D\">\n\t\t\t\t\t<div class=\"e-gallery-image elementor-gallery-item__image\" data-thumbnail=\"https:\/\/bremen.deutscher-schifffahrtstag.de\/wp-content\/uploads\/2022\/10\/Fachkonferenz-Nachhaltige-Haefen-Foto-Igor-Schmakow-2-300x225.jpg\" data-width=\"300\" data-height=\"225\" aria-label=\"\" role=\"img\" ><\/div>\n\t\t\t\t\t\t\t\t\t\t\t<div class=\"elementor-gallery-item__overlay\"><\/div>\n\t\t\t\t\t\t\t\t\t\t\t\t\t\t<\/a>\n\t\t\t\t\t\t\t<a class=\"e-gallery-item elementor-gallery-item elementor-animated-content\" href=\"https:\/\/bremen.deutscher-schifffahrtstag.de\/wp-content\/uploads\/2022\/10\/Fachkonferenz-Nachhaltige-Haefen-Foto-Igor-Schmakow-1-scaled.jpg\" data-elementor-open-lightbox=\"yes\" data-elementor-lightbox-slideshow=\"20d903c\" data-elementor-lightbox-title=\"Fachkonferenz Nachhaltige H\u00e4fen Foto Igor Schmakow (1)\" data-e-action-hash=\"#elementor-action%3Aaction%3Dlightbox%26settings%3DeyJpZCI6Njc5NywidXJsIjoiaHR0cHM6XC9cL2JyZW1lbi5kZXV0c2NoZXItc2NoaWZmZmFocnRzdGFnLmRlXC93cC1jb250ZW50XC91cGxvYWRzXC8yMDIyXC8xMFwvRmFjaGtvbmZlcmVuei1OYWNoaGFsdGlnZS1IYWVmZW4tRm90by1JZ29yLVNjaG1ha293LTEtc2NhbGVkLmpwZyIsInNsaWRlc2hvdyI6IjIwZDkwM2MifQ%3D%3D\">\n\t\t\t\t\t<div class=\"e-gallery-image elementor-gallery-item__image\" data-thumbnail=\"https:\/\/bremen.deutscher-schifffahrtstag.de\/wp-content\/uploads\/2022\/10\/Fachkonferenz-Nachhaltige-Haefen-Foto-Igor-Schmakow-1-300x225.jpg\" data-width=\"300\" data-height=\"225\" aria-label=\"\" role=\"img\" ><\/div>\n\t\t\t\t\t\t\t\t\t\t\t<div class=\"elementor-gallery-item__overlay\"><\/div>\n\t\t\t\t\t\t\t\t\t\t\t\t\t\t<\/a>\n\t\t\t\t\t\t\t<a class=\"e-gallery-item elementor-gallery-item elementor-animated-content\" href=\"https:\/\/bremen.deutscher-schifffahrtstag.de\/wp-content\/uploads\/2022\/10\/Fachkonferenz-Nachhaltige-Haefen-Foto-Igor-Schmakow-5-scaled.jpg\" data-elementor-open-lightbox=\"yes\" data-elementor-lightbox-slideshow=\"20d903c\" data-elementor-lightbox-title=\"Fachkonferenz Nachhaltige H\u00e4fen Foto Igor Schmakow (5)\" data-e-action-hash=\"#elementor-action%3Aaction%3Dlightbox%26settings%3DeyJpZCI6NjgwMSwidXJsIjoiaHR0cHM6XC9cL2JyZW1lbi5kZXV0c2NoZXItc2NoaWZmZmFocnRzdGFnLmRlXC93cC1jb250ZW50XC91cGxvYWRzXC8yMDIyXC8xMFwvRmFjaGtvbmZlcmVuei1OYWNoaGFsdGlnZS1IYWVmZW4tRm90by1JZ29yLVNjaG1ha293LTUtc2NhbGVkLmpwZyIsInNsaWRlc2hvdyI6IjIwZDkwM2MifQ%3D%3D\">\n\t\t\t\t\t<div class=\"e-gallery-image elementor-gallery-item__image\" data-thumbnail=\"https:\/\/bremen.deutscher-schifffahrtstag.de\/wp-content\/uploads\/2022\/10\/Fachkonferenz-Nachhaltige-Haefen-Foto-Igor-Schmakow-5-300x225.jpg\" data-width=\"300\" data-height=\"225\" aria-label=\"\" role=\"img\" ><\/div>\n\t\t\t\t\t\t\t\t\t\t\t<div class=\"elementor-gallery-item__overlay\"><\/div>\n\t\t\t\t\t\t\t\t\t\t\t\t\t\t<\/a>\n\t\t\t\t\t<\/div>\n\t\t\t<\/div>\n\t\t\t\t<\/div>\n\t\t\t\t\t<\/div>\n\t\t<\/div>\n\t\t\t\t\t<\/div>\n\t\t<\/section>\n\t\t\t\t<\/div>\n\t\t","protected":false},"excerpt":{"rendered":"<p>Fachkonferenzen zu den zentralen Zukunftsfragen der Schifffahrt Schifffahrt findet immer statt. Ob Weihnachten, Feiertage, Olympische Spiele, das Endspiel der Champions League, runde Geburtstage oder was auch immer, zu jeder Zeit, zu jeder Stunde sind Seeleute auf den Weltmeeren und genauso auf den Fl\u00fcssen und Kan\u00e4len unterwegs. Genauso haben wir es auch mit dem Deutschen Schifffahrtstag [&hellip;]<\/p>\n","protected":false},"author":1,"featured_media":0,"parent":0,"menu_order":0,"comment_status":"closed","ping_status":"closed","template":"elementor_header_footer","meta":{"footnotes":""},"class_list":["post-1693","page","type-page","status-publish","hentry"],"_links":{"self":[{"href":"https:\/\/bremen.deutscher-schifffahrtstag.de\/index.php\/wp-json\/wp\/v2\/pages\/1693","targetHints":{"allow":["GET"]}}],"collection":[{"href":"https:\/\/bremen.deutscher-schifffahrtstag.de\/index.php\/wp-json\/wp\/v2\/pages"}],"about":[{"href":"https:\/\/bremen.deutscher-schifffahrtstag.de\/index.php\/wp-json\/wp\/v2\/types\/page"}],"author":[{"embeddable":true,"href":"https:\/\/bremen.deutscher-schifffahrtstag.de\/index.php\/wp-json\/wp\/v2\/users\/1"}],"replies":[{"embeddable":true,"href":"https:\/\/bremen.deutscher-schifffahrtstag.de\/index.php\/wp-json\/wp\/v2\/comments?post=1693"}],"version-history":[{"count":10,"href":"https:\/\/bremen.deutscher-schifffahrtstag.de\/index.php\/wp-json\/wp\/v2\/pages\/1693\/revisions"}],"predecessor-version":[{"id":6805,"href":"https:\/\/bremen.deutscher-schifffahrtstag.de\/index.php\/wp-json\/wp\/v2\/pages\/1693\/revisions\/6805"}],"wp:attachment":[{"href":"https:\/\/bremen.deutscher-schifffahrtstag.de\/index.php\/wp-json\/wp\/v2\/media?parent=1693"}],"curies":[{"name":"wp","href":"https:\/\/api.w.org\/{rel}","templated":true}]}}